{"id":14604,"date":"2026-03-04T16:18:55","date_gmt":"2026-03-04T13:18:55","guid":{"rendered":"https:\/\/zeynepmetin.com\/fr\/?page_id=14604"},"modified":"2026-03-04T16:21:48","modified_gmt":"2026-03-04T13:21:48","slug":"greffe-de-cheveux-turquie-faq","status":"publish","type":"page","link":"https:\/\/zeynepmetin.com\/fr\/greffe-de-cheveux-turquie-faq\/","title":{"rendered":"Foire aux questions sur la greffe de cheveux en Turquie"},"content":{"rendered":"<div data-elementor-type=\"wp-page\" data-elementor-id=\"14604\" class=\"elementor elementor-14604\" data-elementor-post-type=\"page\">\n\t\t\t\t\t\t<section class=\"elementor-section elementor-top-section elementor-element elementor-element-2f2973c elementor-section-height-min-height elementor-section-boxed elementor-section-height-default elementor-section-items-middle wpr-particle-no wpr-jarallax-no wpr-parallax-no wpr-sticky-section-no\" data-id=\"2f2973c\" data-element_type=\"section\" data-settings=\"{&quot;background_background&quot;:&quot;classic&quot;}\">\n\t\t\t\t\t\t\t<div class=\"elementor-background-overlay\"><\/div>\n\t\t\t\t\t\t\t<div class=\"elementor-container elementor-column-gap-default\">\n\t\t\t\t\t<div class=\"elementor-column elementor-col-100 elementor-top-column elementor-element elementor-element-b8afe46\" data-id=\"b8afe46\" data-element_type=\"column\">\n\t\t\t<div class=\"elementor-widget-wrap elementor-element-populated\">\n\t\t\t\t\t\t<div class=\"elementor-element elementor-element-1b24bb1 elementor-widget elementor-widget-hub_fancy_heading\" data-id=\"1b24bb1\" data-element_type=\"widget\" data-widget_type=\"hub_fancy_heading.default\">\n\t\t\t\t<div class=\"elementor-widget-container\">\n\t\t\t\n\t\t<div id=\"ld-fancy-heading-69f20b99b81ee\" class=\"ld-fancy-heading pos-rel\">\n\t\t\t<h1 class=\"ld-fh-element d-inline-block pos-rel  elementor-heading-title h1\"  > Greffe de cheveux en Turquie : Questions fr\u00e9quemment pos\u00e9es<\/h1>\t\t<\/div>\n\n\t\t\t\t<\/div>\n\t\t\t\t<\/div>\n\t\t\t\t<div class=\"elementor-element elementor-element-2408370 elementor-widget elementor-widget-spacer\" data-id=\"2408370\" data-element_type=\"widget\" data-widget_type=\"spacer.default\">\n\t\t\t\t<div class=\"elementor-widget-container\">\n\t\t\t\t\t<div class=\"elementor-spacer\">\n\t\t\t<div class=\"elementor-spacer-inner\"><\/div>\n\t\t<\/div>\n\t\t\t\t<\/div>\n\t\t\t\t<\/div>\n\t\t\t\t<div class=\"elementor-element elementor-element-d87929c elementor-widget__width-auto elementor-widget elementor-widget-ld_breadcrumb\" data-id=\"d87929c\" data-element_type=\"widget\" data-widget_type=\"ld_breadcrumb.default\">\n\t\t\t\t<div class=\"elementor-widget-container\">\n\t\t\t<div class=\"lqd-breadcrumb-wrapper\"><nav role=\"navigation\" aria-label=\"Breadcrumbs\" class=\"breadcrumbs\"><ol class=\"breadcrumb reset-ul inline-nav inline-ul comma-sep-li\"><li class=\"breadcrumb-item active\"><a href=\"https:\/\/zeynepmetin.com\/fr\" rel=\"home\"><span>Home<\/span><\/a><\/li><\/ol><\/nav><\/div>\t\t<\/div>\n\t\t\t\t<\/div>\n\t\t\t\t\t<\/div>\n\t\t<\/div>\n\t\t\t\t\t<\/div>\n\t\t<\/section>\n\t\t\t\t<section class=\"elementor-section elementor-top-section elementor-element elementor-element-35a4f66 elementor-section-content-middle elementor-section-boxed elementor-section-height-default elementor-section-height-default wpr-particle-no wpr-jarallax-no wpr-parallax-no wpr-sticky-section-no\" data-id=\"35a4f66\" data-element_type=\"section\" data-settings=\"{&quot;background_background&quot;:&quot;classic&quot;}\">\n\t\t\t\t\t\t<div class=\"elementor-container elementor-column-gap-default\">\n\t\t\t\t\t<div class=\"elementor-column elementor-col-100 elementor-top-column elementor-element elementor-element-afdcff8\" data-id=\"afdcff8\" data-element_type=\"column\">\n\t\t\t<div class=\"elementor-widget-wrap elementor-element-populated\">\n\t\t\t\t\t\t<div class=\"elementor-element elementor-element-91a8601 elementor-widget elementor-widget-toggle\" data-id=\"91a8601\" data-element_type=\"widget\" data-widget_type=\"toggle.default\">\n\t\t\t\t<div class=\"elementor-widget-container\">\n\t\t\t\t\t<div class=\"elementor-toggle\">\n\t\t\t\t\t\t\t<div class=\"elementor-toggle-item\">\n\t\t\t\t\t<h3 id=\"elementor-tab-title-1521\" class=\"elementor-tab-title\" data-tab=\"1\" role=\"button\" aria-controls=\"elementor-tab-content-1521\" aria-expanded=\"false\">\n\t\t\t\t\t\t\t\t\t\t\t\t<span class=\"elementor-toggle-icon elementor-toggle-icon-right\" aria-hidden=\"true\">\n\t\t\t\t\t\t\t\t\t\t\t\t\t\t\t<span class=\"elementor-toggle-icon-closed\"><i class=\"lqd-icn-ess icon-ion-ios-arrow-down\"><\/i><\/span>\n\t\t\t\t\t\t\t\t<span class=\"elementor-toggle-icon-opened\"><i class=\"elementor-toggle-icon-opened lqd-icn-ess icon-ion-ios-arrow-up\"><\/i><\/span>\n\t\t\t\t\t\t\t\t\t\t\t\t\t<\/span>\n\t\t\t\t\t\t\t\t\t\t\t\t<a class=\"elementor-toggle-title\" tabindex=\"0\">Comment savoir si je suis un bon candidat pour une greffe de cheveux ?<\/a>\n\t\t\t\t\t<\/h3>\n\n\t\t\t\t\t<div id=\"elementor-tab-content-1521\" class=\"elementor-tab-content elementor-clearfix\" data-tab=\"1\" role=\"region\" aria-labelledby=\"elementor-tab-title-1521\"><p>L&#8217;ad\u00e9quation est \u00e9valu\u00e9e individuellement en fonction du stade de votre perte de cheveux, de la densit\u00e9 de la zone donneuse, de l&#8217;\u00e9tat de votre cuir chevelu et de vos attentes. Une consultation personnalis\u00e9e est n\u00e9cessaire pour d\u00e9terminer si la proc\u00e9dure vous convient.<\/p><\/div>\n\t\t\t\t<\/div>\n\t\t\t\t\t\t\t<div class=\"elementor-toggle-item\">\n\t\t\t\t\t<h3 id=\"elementor-tab-title-1522\" class=\"elementor-tab-title\" data-tab=\"2\" role=\"button\" aria-controls=\"elementor-tab-content-1522\" aria-expanded=\"false\">\n\t\t\t\t\t\t\t\t\t\t\t\t<span class=\"elementor-toggle-icon elementor-toggle-icon-right\" aria-hidden=\"true\">\n\t\t\t\t\t\t\t\t\t\t\t\t\t\t\t<span class=\"elementor-toggle-icon-closed\"><i class=\"lqd-icn-ess icon-ion-ios-arrow-down\"><\/i><\/span>\n\t\t\t\t\t\t\t\t<span class=\"elementor-toggle-icon-opened\"><i class=\"elementor-toggle-icon-opened lqd-icn-ess icon-ion-ios-arrow-up\"><\/i><\/span>\n\t\t\t\t\t\t\t\t\t\t\t\t\t<\/span>\n\t\t\t\t\t\t\t\t\t\t\t\t<a class=\"elementor-toggle-title\" tabindex=\"0\">Quelles sont les causes de la perte de cheveux chez les hommes ?<\/a>\n\t\t\t\t\t<\/h3>\n\n\t\t\t\t\t<div id=\"elementor-tab-content-1522\" class=\"elementor-tab-content elementor-clearfix\" data-tab=\"2\" role=\"region\" aria-labelledby=\"elementor-tab-title-1522\"><p>La cause la plus fr\u00e9quente de la perte de cheveux chez les hommes est une pr\u00e9disposition g\u00e9n\u00e9tique, connue sous le nom d&#8217;alop\u00e9cie androg\u00e9n\u00e9tique. Cependant, d&#8217;autres facteurs m\u00e9dicaux ou environnementaux peuvent \u00e9galement jouer un r\u00f4le.<\/p><\/div>\n\t\t\t\t<\/div>\n\t\t\t\t\t\t\t<div class=\"elementor-toggle-item\">\n\t\t\t\t\t<h3 id=\"elementor-tab-title-1523\" class=\"elementor-tab-title\" data-tab=\"3\" role=\"button\" aria-controls=\"elementor-tab-content-1523\" aria-expanded=\"false\">\n\t\t\t\t\t\t\t\t\t\t\t\t<span class=\"elementor-toggle-icon elementor-toggle-icon-right\" aria-hidden=\"true\">\n\t\t\t\t\t\t\t\t\t\t\t\t\t\t\t<span class=\"elementor-toggle-icon-closed\"><i class=\"lqd-icn-ess icon-ion-ios-arrow-down\"><\/i><\/span>\n\t\t\t\t\t\t\t\t<span class=\"elementor-toggle-icon-opened\"><i class=\"elementor-toggle-icon-opened lqd-icn-ess icon-ion-ios-arrow-up\"><\/i><\/span>\n\t\t\t\t\t\t\t\t\t\t\t\t\t<\/span>\n\t\t\t\t\t\t\t\t\t\t\t\t<a class=\"elementor-toggle-title\" tabindex=\"0\">La Turquie est-elle vraiment un bon choix pour une greffe de cheveux ?<\/a>\n\t\t\t\t\t<\/h3>\n\n\t\t\t\t\t<div id=\"elementor-tab-content-1523\" class=\"elementor-tab-content elementor-clearfix\" data-tab=\"3\" role=\"region\" aria-labelledby=\"elementor-tab-title-1523\"><p>Les proc\u00e9dures de greffe de cheveux en Turquie sont tr\u00e8s pris\u00e9es car elles donnent d&#8217;excellents r\u00e9sultats lorsqu&#8217;elles sont r\u00e9alis\u00e9es correctement, et elles sont souvent plus abordables que dans beaucoup d&#8217;autres pays.<\/p><\/div>\n\t\t\t\t<\/div>\n\t\t\t\t\t\t\t<div class=\"elementor-toggle-item\">\n\t\t\t\t\t<h3 id=\"elementor-tab-title-1524\" class=\"elementor-tab-title\" data-tab=\"4\" role=\"button\" aria-controls=\"elementor-tab-content-1524\" aria-expanded=\"false\">\n\t\t\t\t\t\t\t\t\t\t\t\t<span class=\"elementor-toggle-icon elementor-toggle-icon-right\" aria-hidden=\"true\">\n\t\t\t\t\t\t\t\t\t\t\t\t\t\t\t<span class=\"elementor-toggle-icon-closed\"><i class=\"lqd-icn-ess icon-ion-ios-arrow-down\"><\/i><\/span>\n\t\t\t\t\t\t\t\t<span class=\"elementor-toggle-icon-opened\"><i class=\"elementor-toggle-icon-opened lqd-icn-ess icon-ion-ios-arrow-up\"><\/i><\/span>\n\t\t\t\t\t\t\t\t\t\t\t\t\t<\/span>\n\t\t\t\t\t\t\t\t\t\t\t\t<a class=\"elementor-toggle-title\" tabindex=\"0\">Pourquoi choisir une clinique en Turquie pour une greffe de cheveux ?<\/a>\n\t\t\t\t\t<\/h3>\n\n\t\t\t\t\t<div id=\"elementor-tab-content-1524\" class=\"elementor-tab-content elementor-clearfix\" data-tab=\"4\" role=\"region\" aria-labelledby=\"elementor-tab-title-1524\"><p>Certaines cliniques en Turquie respectent des normes proc\u00e9durales \u00e9lev\u00e9es et utilisent fr\u00e9quemment des techniques avanc\u00e9es telles que la Sapphire FUE. Dans certains \u00e9tablissements fond\u00e9s par des experts m\u00e9dicaux, les proc\u00e9dures sont r\u00e9alis\u00e9es directement par des sp\u00e9cialistes exp\u00e9riment\u00e9s et des \u00e9quipes m\u00e9dicales qualifi\u00e9es, refl\u00e9tant une approche m\u00e9dicale bien structur\u00e9e et professionnelle.<\/p><\/div>\n\t\t\t\t<\/div>\n\t\t\t\t\t\t\t<div class=\"elementor-toggle-item\">\n\t\t\t\t\t<h3 id=\"elementor-tab-title-1525\" class=\"elementor-tab-title\" data-tab=\"5\" role=\"button\" aria-controls=\"elementor-tab-content-1525\" aria-expanded=\"false\">\n\t\t\t\t\t\t\t\t\t\t\t\t<span class=\"elementor-toggle-icon elementor-toggle-icon-right\" aria-hidden=\"true\">\n\t\t\t\t\t\t\t\t\t\t\t\t\t\t\t<span class=\"elementor-toggle-icon-closed\"><i class=\"lqd-icn-ess icon-ion-ios-arrow-down\"><\/i><\/span>\n\t\t\t\t\t\t\t\t<span class=\"elementor-toggle-icon-opened\"><i class=\"elementor-toggle-icon-opened lqd-icn-ess icon-ion-ios-arrow-up\"><\/i><\/span>\n\t\t\t\t\t\t\t\t\t\t\t\t\t<\/span>\n\t\t\t\t\t\t\t\t\t\t\t\t<a class=\"elementor-toggle-title\" tabindex=\"0\">Combien co\u00fbte une greffe de cheveux ?<\/a>\n\t\t\t\t\t<\/h3>\n\n\t\t\t\t\t<div id=\"elementor-tab-content-1525\" class=\"elementor-tab-content elementor-clearfix\" data-tab=\"5\" role=\"region\" aria-labelledby=\"elementor-tab-title-1525\"><p>Le prix d&#8217;une greffe de cheveux varie selon le pays et la clinique. Les co\u00fbts sont g\u00e9n\u00e9ralement influenc\u00e9s par le nombre de greffons, la technique appliqu\u00e9e (FUE, DHI), la technologie utilis\u00e9e et le niveau d&#8217;exp\u00e9rience du chirurgien. De nombreuses cliniques calculent leurs prix par greffon. Il est conseill\u00e9 de demander un devis \u00e9crit d\u00e9taill\u00e9 pr\u00e9cisant le nombre de greffons pr\u00e9vu et les rendez-vous de suivi inclus.<\/p><\/div>\n\t\t\t\t<\/div>\n\t\t\t\t\t\t\t<div class=\"elementor-toggle-item\">\n\t\t\t\t\t<h3 id=\"elementor-tab-title-1526\" class=\"elementor-tab-title\" data-tab=\"6\" role=\"button\" aria-controls=\"elementor-tab-content-1526\" aria-expanded=\"false\">\n\t\t\t\t\t\t\t\t\t\t\t\t<span class=\"elementor-toggle-icon elementor-toggle-icon-right\" aria-hidden=\"true\">\n\t\t\t\t\t\t\t\t\t\t\t\t\t\t\t<span class=\"elementor-toggle-icon-closed\"><i class=\"lqd-icn-ess icon-ion-ios-arrow-down\"><\/i><\/span>\n\t\t\t\t\t\t\t\t<span class=\"elementor-toggle-icon-opened\"><i class=\"elementor-toggle-icon-opened lqd-icn-ess icon-ion-ios-arrow-up\"><\/i><\/span>\n\t\t\t\t\t\t\t\t\t\t\t\t\t<\/span>\n\t\t\t\t\t\t\t\t\t\t\t\t<a class=\"elementor-toggle-title\" tabindex=\"0\">Quel est le taux de r\u00e9ussite d'une greffe de cheveux ?<\/a>\n\t\t\t\t\t<\/h3>\n\n\t\t\t\t\t<div id=\"elementor-tab-content-1526\" class=\"elementor-tab-content elementor-clearfix\" data-tab=\"6\" role=\"region\" aria-labelledby=\"elementor-tab-title-1526\"><p>Les taux de r\u00e9ussite peuvent varier en fonction de la zone trait\u00e9e. Dans les r\u00e9gions frontales, le taux de r\u00e9ussite est g\u00e9n\u00e9ralement sup\u00e9rieur \u00e0 95 %, tandis que dans la zone du sommet du cr\u00e2ne, il est g\u00e9n\u00e9ralement compris entre 70 et 80 %, en fonction des besoins en greffons.<\/p><\/div>\n\t\t\t\t<\/div>\n\t\t\t\t\t\t\t<div class=\"elementor-toggle-item\">\n\t\t\t\t\t<h3 id=\"elementor-tab-title-1527\" class=\"elementor-tab-title\" data-tab=\"7\" role=\"button\" aria-controls=\"elementor-tab-content-1527\" aria-expanded=\"false\">\n\t\t\t\t\t\t\t\t\t\t\t\t<span class=\"elementor-toggle-icon elementor-toggle-icon-right\" aria-hidden=\"true\">\n\t\t\t\t\t\t\t\t\t\t\t\t\t\t\t<span class=\"elementor-toggle-icon-closed\"><i class=\"lqd-icn-ess icon-ion-ios-arrow-down\"><\/i><\/span>\n\t\t\t\t\t\t\t\t<span class=\"elementor-toggle-icon-opened\"><i class=\"elementor-toggle-icon-opened lqd-icn-ess icon-ion-ios-arrow-up\"><\/i><\/span>\n\t\t\t\t\t\t\t\t\t\t\t\t\t<\/span>\n\t\t\t\t\t\t\t\t\t\t\t\t<a class=\"elementor-toggle-title\" tabindex=\"0\">Comment se d\u00e9roule une greffe de cheveux ?<\/a>\n\t\t\t\t\t<\/h3>\n\n\t\t\t\t\t<div id=\"elementor-tab-content-1527\" class=\"elementor-tab-content elementor-clearfix\" data-tab=\"7\" role=\"region\" aria-labelledby=\"elementor-tab-title-1527\"><p>Une greffe de cheveux est une intervention chirurgicale au cours de laquelle des greffons contenant un ou plusieurs follicules pileux sont transf\u00e9r\u00e9s d&#8217;une zone donneuse vers des zones pr\u00e9sentant un amincissement ou une calvitie. Le chirurgien et l&#8217;\u00e9quipe m\u00e9dicale \u00e9valuent la capacit\u00e9 du donneur, dessinent la ligne capillaire, extraient les greffons (\u00e0 l&#8217;aide des techniques FUE, DHI ou autres), ouvrent les canaux receveurs et implantent les greffons afin d&#8217;obtenir un angle et une densit\u00e9 naturels.<\/p><\/div>\n\t\t\t\t<\/div>\n\t\t\t\t\t\t\t<div class=\"elementor-toggle-item\">\n\t\t\t\t\t<h3 id=\"elementor-tab-title-1528\" class=\"elementor-tab-title\" data-tab=\"8\" role=\"button\" aria-controls=\"elementor-tab-content-1528\" aria-expanded=\"false\">\n\t\t\t\t\t\t\t\t\t\t\t\t<span class=\"elementor-toggle-icon elementor-toggle-icon-right\" aria-hidden=\"true\">\n\t\t\t\t\t\t\t\t\t\t\t\t\t\t\t<span class=\"elementor-toggle-icon-closed\"><i class=\"lqd-icn-ess icon-ion-ios-arrow-down\"><\/i><\/span>\n\t\t\t\t\t\t\t\t<span class=\"elementor-toggle-icon-opened\"><i class=\"elementor-toggle-icon-opened lqd-icn-ess icon-ion-ios-arrow-up\"><\/i><\/span>\n\t\t\t\t\t\t\t\t\t\t\t\t\t<\/span>\n\t\t\t\t\t\t\t\t\t\t\t\t<a class=\"elementor-toggle-title\" tabindex=\"0\">Combien de temps dure une greffe de cheveux ?<\/a>\n\t\t\t\t\t<\/h3>\n\n\t\t\t\t\t<div id=\"elementor-tab-content-1528\" class=\"elementor-tab-content elementor-clearfix\" data-tab=\"8\" role=\"region\" aria-labelledby=\"elementor-tab-title-1528\"><p>La dur\u00e9e de l&#8217;intervention varie en fonction du nombre de greffons et de la technique choisie. La plupart des traitements durent environ 4 \u00e0 6 heures. Les s\u00e9ances plus longues impliquant un nombre plus \u00e9lev\u00e9 de greffons peuvent n\u00e9cessiter plus de temps ou \u00eatre divis\u00e9es en plusieurs s\u00e9ances. Les patients doivent consulter leur chirurgien pour conna\u00eetre la dur\u00e9e estim\u00e9e et le nombre de greffons pr\u00e9vus.<\/p><\/div>\n\t\t\t\t<\/div>\n\t\t\t\t\t\t\t<div class=\"elementor-toggle-item\">\n\t\t\t\t\t<h3 id=\"elementor-tab-title-1529\" class=\"elementor-tab-title\" data-tab=\"9\" role=\"button\" aria-controls=\"elementor-tab-content-1529\" aria-expanded=\"false\">\n\t\t\t\t\t\t\t\t\t\t\t\t<span class=\"elementor-toggle-icon elementor-toggle-icon-right\" aria-hidden=\"true\">\n\t\t\t\t\t\t\t\t\t\t\t\t\t\t\t<span class=\"elementor-toggle-icon-closed\"><i class=\"lqd-icn-ess icon-ion-ios-arrow-down\"><\/i><\/span>\n\t\t\t\t\t\t\t\t<span class=\"elementor-toggle-icon-opened\"><i class=\"elementor-toggle-icon-opened lqd-icn-ess icon-ion-ios-arrow-up\"><\/i><\/span>\n\t\t\t\t\t\t\t\t\t\t\t\t\t<\/span>\n\t\t\t\t\t\t\t\t\t\t\t\t<a class=\"elementor-toggle-title\" tabindex=\"0\">La greffe de cheveux est-elle douloureuse ?<\/a>\n\t\t\t\t\t<\/h3>\n\n\t\t\t\t\t<div id=\"elementor-tab-content-1529\" class=\"elementor-tab-content elementor-clearfix\" data-tab=\"9\" role=\"region\" aria-labelledby=\"elementor-tab-title-1529\"><p>La plupart des interventions sont r\u00e9alis\u00e9es sous anesth\u00e9sie locale, avec une s\u00e9dation facultative si n\u00e9cessaire. Une anesth\u00e9sie ad\u00e9quate garantit votre confort pendant le traitement. Une l\u00e9g\u00e8re sensibilit\u00e9 apr\u00e8s l&#8217;intervention est normale et peut g\u00e9n\u00e9ralement \u00eatre soulag\u00e9e \u00e0 l&#8217;aide d&#8217;analg\u00e9siques classiques recommand\u00e9s par votre m\u00e9decin.<\/p><\/div>\n\t\t\t\t<\/div>\n\t\t\t\t\t\t\t<div class=\"elementor-toggle-item\">\n\t\t\t\t\t<h3 id=\"elementor-tab-title-15210\" class=\"elementor-tab-title\" data-tab=\"10\" role=\"button\" aria-controls=\"elementor-tab-content-15210\" aria-expanded=\"false\">\n\t\t\t\t\t\t\t\t\t\t\t\t<span class=\"elementor-toggle-icon elementor-toggle-icon-right\" aria-hidden=\"true\">\n\t\t\t\t\t\t\t\t\t\t\t\t\t\t\t<span class=\"elementor-toggle-icon-closed\"><i class=\"lqd-icn-ess icon-ion-ios-arrow-down\"><\/i><\/span>\n\t\t\t\t\t\t\t\t<span class=\"elementor-toggle-icon-opened\"><i class=\"elementor-toggle-icon-opened lqd-icn-ess icon-ion-ios-arrow-up\"><\/i><\/span>\n\t\t\t\t\t\t\t\t\t\t\t\t\t<\/span>\n\t\t\t\t\t\t\t\t\t\t\t\t<a class=\"elementor-toggle-title\" tabindex=\"0\">Les patients sont-ils \u00e9veill\u00e9s pendant la proc\u00e9dure de greffe de cheveux ?<\/a>\n\t\t\t\t\t<\/h3>\n\n\t\t\t\t\t<div id=\"elementor-tab-content-15210\" class=\"elementor-tab-content elementor-clearfix\" data-tab=\"10\" role=\"region\" aria-labelledby=\"elementor-tab-title-15210\"><p>Oui. Les traitements de greffe de cheveux sont g\u00e9n\u00e9ralement r\u00e9alis\u00e9s sous anesth\u00e9sie locale, ce qui signifie que les patients restent \u00e9veill\u00e9s mais \u00e0 l&#8217;aise. Une s\u00e9dation peut \u00eatre propos\u00e9e dans certains cas, mais la plupart des patients tol\u00e8rent bien l&#8217;intervention.<\/p><\/div>\n\t\t\t\t<\/div>\n\t\t\t\t\t\t\t<div class=\"elementor-toggle-item\">\n\t\t\t\t\t<h3 id=\"elementor-tab-title-15211\" class=\"elementor-tab-title\" data-tab=\"11\" role=\"button\" aria-controls=\"elementor-tab-content-15211\" aria-expanded=\"false\">\n\t\t\t\t\t\t\t\t\t\t\t\t<span class=\"elementor-toggle-icon elementor-toggle-icon-right\" aria-hidden=\"true\">\n\t\t\t\t\t\t\t\t\t\t\t\t\t\t\t<span class=\"elementor-toggle-icon-closed\"><i class=\"lqd-icn-ess icon-ion-ios-arrow-down\"><\/i><\/span>\n\t\t\t\t\t\t\t\t<span class=\"elementor-toggle-icon-opened\"><i class=\"elementor-toggle-icon-opened lqd-icn-ess icon-ion-ios-arrow-up\"><\/i><\/span>\n\t\t\t\t\t\t\t\t\t\t\t\t\t<\/span>\n\t\t\t\t\t\t\t\t\t\t\t\t<a class=\"elementor-toggle-title\" tabindex=\"0\">Quelle technique de greffe capillaire est la plus efficace ?<\/a>\n\t\t\t\t\t<\/h3>\n\n\t\t\t\t\t<div id=\"elementor-tab-content-15211\" class=\"elementor-tab-content elementor-clearfix\" data-tab=\"11\" role=\"region\" aria-labelledby=\"elementor-tab-title-15211\"><p>Il n&#8217;existe pas de technique unique pouvant \u00eatre consid\u00e9r\u00e9e comme la\u00a0 &#8220;meilleure&#8221; pour tout le monde. Le choix entre diff\u00e9rentes options telles que Sapphire FUE ou DHI est d\u00e9termin\u00e9 en fonction des besoins individuels du patient et des caract\u00e9ristiques de ses cheveux.<\/p><\/div>\n\t\t\t\t<\/div>\n\t\t\t\t\t\t\t<div class=\"elementor-toggle-item\">\n\t\t\t\t\t<h3 id=\"elementor-tab-title-15212\" class=\"elementor-tab-title\" data-tab=\"12\" role=\"button\" aria-controls=\"elementor-tab-content-15212\" aria-expanded=\"false\">\n\t\t\t\t\t\t\t\t\t\t\t\t<span class=\"elementor-toggle-icon elementor-toggle-icon-right\" aria-hidden=\"true\">\n\t\t\t\t\t\t\t\t\t\t\t\t\t\t\t<span class=\"elementor-toggle-icon-closed\"><i class=\"lqd-icn-ess icon-ion-ios-arrow-down\"><\/i><\/span>\n\t\t\t\t\t\t\t\t<span class=\"elementor-toggle-icon-opened\"><i class=\"elementor-toggle-icon-opened lqd-icn-ess icon-ion-ios-arrow-up\"><\/i><\/span>\n\t\t\t\t\t\t\t\t\t\t\t\t\t<\/span>\n\t\t\t\t\t\t\t\t\t\t\t\t<a class=\"elementor-toggle-title\" tabindex=\"0\">Qu'est-ce que la technique Sapphire FUE ?<\/a>\n\t\t\t\t\t<\/h3>\n\n\t\t\t\t\t<div id=\"elementor-tab-content-15212\" class=\"elementor-tab-content elementor-clearfix\" data-tab=\"12\" role=\"region\" aria-labelledby=\"elementor-tab-title-15212\"><p>La m\u00e9thode Sapphire FUE consiste \u00e0 utiliser une micro-lame \u00e0 pointe en saphir pour ouvrir des canaux dans la zone receveuse avant la mise en place des greffons.<\/p><\/div>\n\t\t\t\t<\/div>\n\t\t\t\t\t\t\t<div class=\"elementor-toggle-item\">\n\t\t\t\t\t<h3 id=\"elementor-tab-title-15213\" class=\"elementor-tab-title\" data-tab=\"13\" role=\"button\" aria-controls=\"elementor-tab-content-15213\" aria-expanded=\"false\">\n\t\t\t\t\t\t\t\t\t\t\t\t<span class=\"elementor-toggle-icon elementor-toggle-icon-right\" aria-hidden=\"true\">\n\t\t\t\t\t\t\t\t\t\t\t\t\t\t\t<span class=\"elementor-toggle-icon-closed\"><i class=\"lqd-icn-ess icon-ion-ios-arrow-down\"><\/i><\/span>\n\t\t\t\t\t\t\t\t<span class=\"elementor-toggle-icon-opened\"><i class=\"elementor-toggle-icon-opened lqd-icn-ess icon-ion-ios-arrow-up\"><\/i><\/span>\n\t\t\t\t\t\t\t\t\t\t\t\t\t<\/span>\n\t\t\t\t\t\t\t\t\t\t\t\t<a class=\"elementor-toggle-title\" tabindex=\"0\">Quelle technique est utilis\u00e9e pour la greffe de barbe ?<\/a>\n\t\t\t\t\t<\/h3>\n\n\t\t\t\t\t<div id=\"elementor-tab-content-15213\" class=\"elementor-tab-content elementor-clearfix\" data-tab=\"13\" role=\"region\" aria-labelledby=\"elementor-tab-title-15213\"><p>Aujourd&#8217;hui, la plupart des greffes de barbe sont r\u00e9alis\u00e9es \u00e0 l&#8217;aide de la technique FUE.<\/p><\/div>\n\t\t\t\t<\/div>\n\t\t\t\t\t\t\t<div class=\"elementor-toggle-item\">\n\t\t\t\t\t<h3 id=\"elementor-tab-title-15214\" class=\"elementor-tab-title\" data-tab=\"14\" role=\"button\" aria-controls=\"elementor-tab-content-15214\" aria-expanded=\"false\">\n\t\t\t\t\t\t\t\t\t\t\t\t<span class=\"elementor-toggle-icon elementor-toggle-icon-right\" aria-hidden=\"true\">\n\t\t\t\t\t\t\t\t\t\t\t\t\t\t\t<span class=\"elementor-toggle-icon-closed\"><i class=\"lqd-icn-ess icon-ion-ios-arrow-down\"><\/i><\/span>\n\t\t\t\t\t\t\t\t<span class=\"elementor-toggle-icon-opened\"><i class=\"elementor-toggle-icon-opened lqd-icn-ess icon-ion-ios-arrow-up\"><\/i><\/span>\n\t\t\t\t\t\t\t\t\t\t\t\t\t<\/span>\n\t\t\t\t\t\t\t\t\t\t\t\t<a class=\"elementor-toggle-title\" tabindex=\"0\">Qu'est-ce qu'une greffe de barbe ?<\/a>\n\t\t\t\t\t<\/h3>\n\n\t\t\t\t\t<div id=\"elementor-tab-content-15214\" class=\"elementor-tab-content elementor-clearfix\" data-tab=\"14\" role=\"region\" aria-labelledby=\"elementor-tab-title-15214\"><p>La greffe de barbe est une intervention qui consiste \u00e0 pr\u00e9lever des follicules pileux dans la zone donneuse et \u00e0 les implanter dans la r\u00e9gion faciale afin d&#8217;am\u00e9liorer ou de restaurer la densit\u00e9 de la barbe.<\/p><\/div>\n\t\t\t\t<\/div>\n\t\t\t\t\t\t\t<div class=\"elementor-toggle-item\">\n\t\t\t\t\t<h3 id=\"elementor-tab-title-15215\" class=\"elementor-tab-title\" data-tab=\"15\" role=\"button\" aria-controls=\"elementor-tab-content-15215\" aria-expanded=\"false\">\n\t\t\t\t\t\t\t\t\t\t\t\t<span class=\"elementor-toggle-icon elementor-toggle-icon-right\" aria-hidden=\"true\">\n\t\t\t\t\t\t\t\t\t\t\t\t\t\t\t<span class=\"elementor-toggle-icon-closed\"><i class=\"lqd-icn-ess icon-ion-ios-arrow-down\"><\/i><\/span>\n\t\t\t\t\t\t\t\t<span class=\"elementor-toggle-icon-opened\"><i class=\"elementor-toggle-icon-opened lqd-icn-ess icon-ion-ios-arrow-up\"><\/i><\/span>\n\t\t\t\t\t\t\t\t\t\t\t\t\t<\/span>\n\t\t\t\t\t\t\t\t\t\t\t\t<a class=\"elementor-toggle-title\" tabindex=\"0\">O\u00f9 se trouve la zone de don id\u00e9ale ?<\/a>\n\t\t\t\t\t<\/h3>\n\n\t\t\t\t\t<div id=\"elementor-tab-content-15215\" class=\"elementor-tab-content elementor-clearfix\" data-tab=\"15\" role=\"region\" aria-labelledby=\"elementor-tab-title-15215\"><p>La zone donneuse la plus appropri\u00e9e se trouve \u00e0 l&#8217;arri\u00e8re du cuir chevelu, commun\u00e9ment appel\u00e9e \u00ab zone donneuse s\u00fbre \u00bb. Les follicules pileux de cette zone sont g\u00e9n\u00e9tiquement plus r\u00e9sistants \u00e0 la chute des cheveux, ce qui les rend id\u00e9aux pour la transplantation.<\/p><\/div>\n\t\t\t\t<\/div>\n\t\t\t\t\t\t\t<div class=\"elementor-toggle-item\">\n\t\t\t\t\t<h3 id=\"elementor-tab-title-15216\" class=\"elementor-tab-title\" data-tab=\"16\" role=\"button\" aria-controls=\"elementor-tab-content-15216\" aria-expanded=\"false\">\n\t\t\t\t\t\t\t\t\t\t\t\t<span class=\"elementor-toggle-icon elementor-toggle-icon-right\" aria-hidden=\"true\">\n\t\t\t\t\t\t\t\t\t\t\t\t\t\t\t<span class=\"elementor-toggle-icon-closed\"><i class=\"lqd-icn-ess icon-ion-ios-arrow-down\"><\/i><\/span>\n\t\t\t\t\t\t\t\t<span class=\"elementor-toggle-icon-opened\"><i class=\"elementor-toggle-icon-opened lqd-icn-ess icon-ion-ios-arrow-up\"><\/i><\/span>\n\t\t\t\t\t\t\t\t\t\t\t\t\t<\/span>\n\t\t\t\t\t\t\t\t\t\t\t\t<a class=\"elementor-toggle-title\" tabindex=\"0\">Comment les cheveux existants sont-ils prot\u00e9g\u00e9s pendant l'intervention ?<\/a>\n\t\t\t\t\t<\/h3>\n\n\t\t\t\t\t<div id=\"elementor-tab-content-15216\" class=\"elementor-tab-content elementor-clearfix\" data-tab=\"16\" role=\"region\" aria-labelledby=\"elementor-tab-title-15216\"><p>Au cours du traitement de greffe capillaire, les sp\u00e9cialistes utilisent des outils grossissants et des techniques d&#8217;extraction minutieuses afin de pr\u00e9server les cheveux naturels environnants et de minimiser les traumatismes inutiles.<\/p><\/div>\n\t\t\t\t<\/div>\n\t\t\t\t\t\t\t<div class=\"elementor-toggle-item\">\n\t\t\t\t\t<h3 id=\"elementor-tab-title-15217\" class=\"elementor-tab-title\" data-tab=\"17\" role=\"button\" aria-controls=\"elementor-tab-content-15217\" aria-expanded=\"false\">\n\t\t\t\t\t\t\t\t\t\t\t\t<span class=\"elementor-toggle-icon elementor-toggle-icon-right\" aria-hidden=\"true\">\n\t\t\t\t\t\t\t\t\t\t\t\t\t\t\t<span class=\"elementor-toggle-icon-closed\"><i class=\"lqd-icn-ess icon-ion-ios-arrow-down\"><\/i><\/span>\n\t\t\t\t\t\t\t\t<span class=\"elementor-toggle-icon-opened\"><i class=\"elementor-toggle-icon-opened lqd-icn-ess icon-ion-ios-arrow-up\"><\/i><\/span>\n\t\t\t\t\t\t\t\t\t\t\t\t\t<\/span>\n\t\t\t\t\t\t\t\t\t\t\t\t<a class=\"elementor-toggle-title\" tabindex=\"0\">Puis-je d\u00e9cider de l'apparence de ma ligne capillaire ?<\/a>\n\t\t\t\t\t<\/h3>\n\n\t\t\t\t\t<div id=\"elementor-tab-content-15217\" class=\"elementor-tab-content elementor-clearfix\" data-tab=\"17\" role=\"region\" aria-labelledby=\"elementor-tab-title-15217\"><p>Oui. La conception de la ligne capillaire est planifi\u00e9e en consultation avec votre sp\u00e9cialiste le jour de l&#8217;intervention. Vos pr\u00e9f\u00e9rences sont soigneusement prises en compte, parall\u00e8lement aux recommandations professionnelles, afin d&#8217;obtenir un r\u00e9sultat naturel et \u00e9quilibr\u00e9.<\/p><\/div>\n\t\t\t\t<\/div>\n\t\t\t\t\t\t\t<div class=\"elementor-toggle-item\">\n\t\t\t\t\t<h3 id=\"elementor-tab-title-15218\" class=\"elementor-tab-title\" data-tab=\"18\" role=\"button\" aria-controls=\"elementor-tab-content-15218\" aria-expanded=\"false\">\n\t\t\t\t\t\t\t\t\t\t\t\t<span class=\"elementor-toggle-icon elementor-toggle-icon-right\" aria-hidden=\"true\">\n\t\t\t\t\t\t\t\t\t\t\t\t\t\t\t<span class=\"elementor-toggle-icon-closed\"><i class=\"lqd-icn-ess icon-ion-ios-arrow-down\"><\/i><\/span>\n\t\t\t\t\t\t\t\t<span class=\"elementor-toggle-icon-opened\"><i class=\"elementor-toggle-icon-opened lqd-icn-ess icon-ion-ios-arrow-up\"><\/i><\/span>\n\t\t\t\t\t\t\t\t\t\t\t\t\t<\/span>\n\t\t\t\t\t\t\t\t\t\t\t\t<a class=\"elementor-toggle-title\" tabindex=\"0\">Le rasage est-il n\u00e9cessaire pendant la proc\u00e9dure de greffe de cheveux ?<\/a>\n\t\t\t\t\t<\/h3>\n\n\t\t\t\t\t<div id=\"elementor-tab-content-15218\" class=\"elementor-tab-content elementor-clearfix\" data-tab=\"18\" role=\"region\" aria-labelledby=\"elementor-tab-title-15218\"><p>Dans la plupart des cas, il est recommand\u00e9 de se raser afin de permettre une extraction et une implantation pr\u00e9cises du greffon. Cela am\u00e9liore la visibilit\u00e9 et la pr\u00e9cision pendant l&#8217;intervention.<\/p><\/div>\n\t\t\t\t<\/div>\n\t\t\t\t\t\t\t<div class=\"elementor-toggle-item\">\n\t\t\t\t\t<h3 id=\"elementor-tab-title-15219\" class=\"elementor-tab-title\" data-tab=\"19\" role=\"button\" aria-controls=\"elementor-tab-content-15219\" aria-expanded=\"false\">\n\t\t\t\t\t\t\t\t\t\t\t\t<span class=\"elementor-toggle-icon elementor-toggle-icon-right\" aria-hidden=\"true\">\n\t\t\t\t\t\t\t\t\t\t\t\t\t\t\t<span class=\"elementor-toggle-icon-closed\"><i class=\"lqd-icn-ess icon-ion-ios-arrow-down\"><\/i><\/span>\n\t\t\t\t\t\t\t\t<span class=\"elementor-toggle-icon-opened\"><i class=\"elementor-toggle-icon-opened lqd-icn-ess icon-ion-ios-arrow-up\"><\/i><\/span>\n\t\t\t\t\t\t\t\t\t\t\t\t\t<\/span>\n\t\t\t\t\t\t\t\t\t\t\t\t<a class=\"elementor-toggle-title\" tabindex=\"0\">Dois-je me couper les cheveux avant de me pr\u00e9senter \u00e0 l'intervention ?<\/a>\n\t\t\t\t\t<\/h3>\n\n\t\t\t\t\t<div id=\"elementor-tab-content-15219\" class=\"elementor-tab-content elementor-clearfix\" data-tab=\"19\" role=\"region\" aria-labelledby=\"elementor-tab-title-15219\"><p>Non. Il est pr\u00e9f\u00e9rable de ne pas couper ni raser vos cheveux avant votre rendez-vous. La pr\u00e9paration des cheveux est g\u00e9n\u00e9ralement effectu\u00e9e par l&#8217;\u00e9quipe m\u00e9dicale afin de garantir une planification et un marquage pr\u00e9cis.<\/p><\/div>\n\t\t\t\t<\/div>\n\t\t\t\t\t\t\t<div class=\"elementor-toggle-item\">\n\t\t\t\t\t<h3 id=\"elementor-tab-title-15220\" class=\"elementor-tab-title\" data-tab=\"20\" role=\"button\" aria-controls=\"elementor-tab-content-15220\" aria-expanded=\"false\">\n\t\t\t\t\t\t\t\t\t\t\t\t<span class=\"elementor-toggle-icon elementor-toggle-icon-right\" aria-hidden=\"true\">\n\t\t\t\t\t\t\t\t\t\t\t\t\t\t\t<span class=\"elementor-toggle-icon-closed\"><i class=\"lqd-icn-ess icon-ion-ios-arrow-down\"><\/i><\/span>\n\t\t\t\t\t\t\t\t<span class=\"elementor-toggle-icon-opened\"><i class=\"elementor-toggle-icon-opened lqd-icn-ess icon-ion-ios-arrow-up\"><\/i><\/span>\n\t\t\t\t\t\t\t\t\t\t\t\t\t<\/span>\n\t\t\t\t\t\t\t\t\t\t\t\t<a class=\"elementor-toggle-title\" tabindex=\"0\">Puis-je boire de l'alcool avant une greffe de cheveux ?<\/a>\n\t\t\t\t\t<\/h3>\n\n\t\t\t\t\t<div id=\"elementor-tab-content-15220\" class=\"elementor-tab-content elementor-clearfix\" data-tab=\"20\" role=\"region\" aria-labelledby=\"elementor-tab-title-15220\"><p>Il est recommand\u00e9 d&#8217;\u00e9viter de consommer de l&#8217;alcool pendant au moins 3 \u00e0 5 jours avant votre greffe de cheveux. L&#8217;alcool peut augmenter le risque de saignement et affecter la circulation sanguine, ce qui peut avoir une incidence sur l&#8217;intervention et le processus de gu\u00e9rison.<\/p><\/div>\n\t\t\t\t<\/div>\n\t\t\t\t\t\t\t<div class=\"elementor-toggle-item\">\n\t\t\t\t\t<h3 id=\"elementor-tab-title-15221\" class=\"elementor-tab-title\" data-tab=\"21\" role=\"button\" aria-controls=\"elementor-tab-content-15221\" aria-expanded=\"false\">\n\t\t\t\t\t\t\t\t\t\t\t\t<span class=\"elementor-toggle-icon elementor-toggle-icon-right\" aria-hidden=\"true\">\n\t\t\t\t\t\t\t\t\t\t\t\t\t\t\t<span class=\"elementor-toggle-icon-closed\"><i class=\"lqd-icn-ess icon-ion-ios-arrow-down\"><\/i><\/span>\n\t\t\t\t\t\t\t\t<span class=\"elementor-toggle-icon-opened\"><i class=\"elementor-toggle-icon-opened lqd-icn-ess icon-ion-ios-arrow-up\"><\/i><\/span>\n\t\t\t\t\t\t\t\t\t\t\t\t\t<\/span>\n\t\t\t\t\t\t\t\t\t\t\t\t<a class=\"elementor-toggle-title\" tabindex=\"0\">Quand le pansement est-il retir\u00e9 apr\u00e8s l'intervention ?<\/a>\n\t\t\t\t\t<\/h3>\n\n\t\t\t\t\t<div id=\"elementor-tab-content-15221\" class=\"elementor-tab-content elementor-clearfix\" data-tab=\"21\" role=\"region\" aria-labelledby=\"elementor-tab-title-15221\"><p>Le pansement est g\u00e9n\u00e9ralement retir\u00e9 le deuxi\u00e8me jour avant le premier lavage. Une fois retir\u00e9, il n&#8217;est pas n\u00e9cessaire de le remettre.<\/p><\/div>\n\t\t\t\t<\/div>\n\t\t\t\t\t\t\t<div class=\"elementor-toggle-item\">\n\t\t\t\t\t<h3 id=\"elementor-tab-title-15222\" class=\"elementor-tab-title\" data-tab=\"22\" role=\"button\" aria-controls=\"elementor-tab-content-15222\" aria-expanded=\"false\">\n\t\t\t\t\t\t\t\t\t\t\t\t<span class=\"elementor-toggle-icon elementor-toggle-icon-right\" aria-hidden=\"true\">\n\t\t\t\t\t\t\t\t\t\t\t\t\t\t\t<span class=\"elementor-toggle-icon-closed\"><i class=\"lqd-icn-ess icon-ion-ios-arrow-down\"><\/i><\/span>\n\t\t\t\t\t\t\t\t<span class=\"elementor-toggle-icon-opened\"><i class=\"elementor-toggle-icon-opened lqd-icn-ess icon-ion-ios-arrow-up\"><\/i><\/span>\n\t\t\t\t\t\t\t\t\t\t\t\t\t<\/span>\n\t\t\t\t\t\t\t\t\t\t\t\t<a class=\"elementor-toggle-title\" tabindex=\"0\">Que dois-je faire en cas de gonflement ?<\/a>\n\t\t\t\t\t<\/h3>\n\n\t\t\t\t\t<div id=\"elementor-tab-content-15222\" class=\"elementor-tab-content elementor-clearfix\" data-tab=\"22\" role=\"region\" aria-labelledby=\"elementor-tab-title-15222\"><p>Un l\u00e9ger gonflement est normal dans le cadre du processus de gu\u00e9rison. Vous pouvez appliquer une compresse froide (sans exercer de pression directe sur la zone greff\u00e9e) pendant environ 10 minutes toutes les quelques heures. Garder la t\u00eate sur\u00e9lev\u00e9e peut \u00e9galement aider. Le gonflement dispara\u00eet g\u00e9n\u00e9ralement en quelques jours.<\/p><\/div>\n\t\t\t\t<\/div>\n\t\t\t\t\t\t\t<div class=\"elementor-toggle-item\">\n\t\t\t\t\t<h3 id=\"elementor-tab-title-15223\" class=\"elementor-tab-title\" data-tab=\"23\" role=\"button\" aria-controls=\"elementor-tab-content-15223\" aria-expanded=\"false\">\n\t\t\t\t\t\t\t\t\t\t\t\t<span class=\"elementor-toggle-icon elementor-toggle-icon-right\" aria-hidden=\"true\">\n\t\t\t\t\t\t\t\t\t\t\t\t\t\t\t<span class=\"elementor-toggle-icon-closed\"><i class=\"lqd-icn-ess icon-ion-ios-arrow-down\"><\/i><\/span>\n\t\t\t\t\t\t\t\t<span class=\"elementor-toggle-icon-opened\"><i class=\"elementor-toggle-icon-opened lqd-icn-ess icon-ion-ios-arrow-up\"><\/i><\/span>\n\t\t\t\t\t\t\t\t\t\t\t\t\t<\/span>\n\t\t\t\t\t\t\t\t\t\t\t\t<a class=\"elementor-toggle-title\" tabindex=\"0\">Les saignements apr\u00e8s une greffe de cheveux sont-ils normaux ?<\/a>\n\t\t\t\t\t<\/h3>\n\n\t\t\t\t\t<div id=\"elementor-tab-content-15223\" class=\"elementor-tab-content elementor-clearfix\" data-tab=\"23\" role=\"region\" aria-labelledby=\"elementor-tab-title-15223\"><p>De l\u00e9gers saignements peuvent survenir pendant la premi\u00e8re nuit ou le deuxi\u00e8me jour suivant l&#8217;intervention. Ceux-ci sont g\u00e9n\u00e9ralement minimes.<br \/>Si n\u00e9cessaire, une l\u00e9g\u00e8re pression peut \u00eatre exerc\u00e9e sur la zone.<\/p><\/div>\n\t\t\t\t<\/div>\n\t\t\t\t\t\t\t<div class=\"elementor-toggle-item\">\n\t\t\t\t\t<h3 id=\"elementor-tab-title-15224\" class=\"elementor-tab-title\" data-tab=\"24\" role=\"button\" aria-controls=\"elementor-tab-content-15224\" aria-expanded=\"false\">\n\t\t\t\t\t\t\t\t\t\t\t\t<span class=\"elementor-toggle-icon elementor-toggle-icon-right\" aria-hidden=\"true\">\n\t\t\t\t\t\t\t\t\t\t\t\t\t\t\t<span class=\"elementor-toggle-icon-closed\"><i class=\"lqd-icn-ess icon-ion-ios-arrow-down\"><\/i><\/span>\n\t\t\t\t\t\t\t\t<span class=\"elementor-toggle-icon-opened\"><i class=\"elementor-toggle-icon-opened lqd-icn-ess icon-ion-ios-arrow-up\"><\/i><\/span>\n\t\t\t\t\t\t\t\t\t\t\t\t\t<\/span>\n\t\t\t\t\t\t\t\t\t\t\t\t<a class=\"elementor-toggle-title\" tabindex=\"0\">Quelle doit \u00eatre la temp\u00e9rature de l'eau pour le lavage apr\u00e8s l'intervention ?<\/a>\n\t\t\t\t\t<\/h3>\n\n\t\t\t\t\t<div id=\"elementor-tab-content-15224\" class=\"elementor-tab-content elementor-clearfix\" data-tab=\"24\" role=\"region\" aria-labelledby=\"elementor-tab-title-15224\"><p>L&#8217;eau doit \u00eatre ti\u00e8de et agr\u00e9able, ni trop chaude ni trop froide.<\/p><\/div>\n\t\t\t\t<\/div>\n\t\t\t\t\t\t\t<div class=\"elementor-toggle-item\">\n\t\t\t\t\t<h3 id=\"elementor-tab-title-15225\" class=\"elementor-tab-title\" data-tab=\"25\" role=\"button\" aria-controls=\"elementor-tab-content-15225\" aria-expanded=\"false\">\n\t\t\t\t\t\t\t\t\t\t\t\t<span class=\"elementor-toggle-icon elementor-toggle-icon-right\" aria-hidden=\"true\">\n\t\t\t\t\t\t\t\t\t\t\t\t\t\t\t<span class=\"elementor-toggle-icon-closed\"><i class=\"lqd-icn-ess icon-ion-ios-arrow-down\"><\/i><\/span>\n\t\t\t\t\t\t\t\t<span class=\"elementor-toggle-icon-opened\"><i class=\"elementor-toggle-icon-opened lqd-icn-ess icon-ion-ios-arrow-up\"><\/i><\/span>\n\t\t\t\t\t\t\t\t\t\t\t\t\t<\/span>\n\t\t\t\t\t\t\t\t\t\t\t\t<a class=\"elementor-toggle-title\" tabindex=\"0\">\u00c0 quelle fr\u00e9quence faut-il se laver les cheveux apr\u00e8s une greffe capillaire ?<\/a>\n\t\t\t\t\t<\/h3>\n\n\t\t\t\t\t<div id=\"elementor-tab-content-15225\" class=\"elementor-tab-content elementor-clearfix\" data-tab=\"25\" role=\"region\" aria-labelledby=\"elementor-tab-title-15225\"><p>Les cheveux doivent \u00eatre lav\u00e9s une fois par jour pendant les 30 premiers jours, en suivant strictement les instructions fournies par la clinique.<\/p><\/div>\n\t\t\t\t<\/div>\n\t\t\t\t\t\t\t<div class=\"elementor-toggle-item\">\n\t\t\t\t\t<h3 id=\"elementor-tab-title-15226\" class=\"elementor-tab-title\" data-tab=\"26\" role=\"button\" aria-controls=\"elementor-tab-content-15226\" aria-expanded=\"false\">\n\t\t\t\t\t\t\t\t\t\t\t\t<span class=\"elementor-toggle-icon elementor-toggle-icon-right\" aria-hidden=\"true\">\n\t\t\t\t\t\t\t\t\t\t\t\t\t\t\t<span class=\"elementor-toggle-icon-closed\"><i class=\"lqd-icn-ess icon-ion-ios-arrow-down\"><\/i><\/span>\n\t\t\t\t\t\t\t\t<span class=\"elementor-toggle-icon-opened\"><i class=\"elementor-toggle-icon-opened lqd-icn-ess icon-ion-ios-arrow-up\"><\/i><\/span>\n\t\t\t\t\t\t\t\t\t\t\t\t\t<\/span>\n\t\t\t\t\t\t\t\t\t\t\t\t<a class=\"elementor-toggle-title\" tabindex=\"0\">Puis-je prendre une douche le jour de la greffe de cheveux ?<\/a>\n\t\t\t\t\t<\/h3>\n\n\t\t\t\t\t<div id=\"elementor-tab-content-15226\" class=\"elementor-tab-content elementor-clearfix\" data-tab=\"26\" role=\"region\" aria-labelledby=\"elementor-tab-title-15226\"><p>Oui, vous pouvez prendre une douche le jour m\u00eame. Cependant, l&#8217;eau ne doit pas entrer en contact avec la zone transplant\u00e9e. Le lavage doit \u00eatre limit\u00e9 au corps sous le cou.<\/p><\/div>\n\t\t\t\t<\/div>\n\t\t\t\t\t\t\t<div class=\"elementor-toggle-item\">\n\t\t\t\t\t<h3 id=\"elementor-tab-title-15227\" class=\"elementor-tab-title\" data-tab=\"27\" role=\"button\" aria-controls=\"elementor-tab-content-15227\" aria-expanded=\"false\">\n\t\t\t\t\t\t\t\t\t\t\t\t<span class=\"elementor-toggle-icon elementor-toggle-icon-right\" aria-hidden=\"true\">\n\t\t\t\t\t\t\t\t\t\t\t\t\t\t\t<span class=\"elementor-toggle-icon-closed\"><i class=\"lqd-icn-ess icon-ion-ios-arrow-down\"><\/i><\/span>\n\t\t\t\t\t\t\t\t<span class=\"elementor-toggle-icon-opened\"><i class=\"elementor-toggle-icon-opened lqd-icn-ess icon-ion-ios-arrow-up\"><\/i><\/span>\n\t\t\t\t\t\t\t\t\t\t\t\t\t<\/span>\n\t\t\t\t\t\t\t\t\t\t\t\t<a class=\"elementor-toggle-title\" tabindex=\"0\">Quand puis-je me doucher normalement apr\u00e8s une greffe de cheveux ?<\/a>\n\t\t\t\t\t<\/h3>\n\n\t\t\t\t\t<div id=\"elementor-tab-content-15227\" class=\"elementor-tab-content elementor-clearfix\" data-tab=\"27\" role=\"region\" aria-labelledby=\"elementor-tab-title-15227\"><p>Il est g\u00e9n\u00e9ralement possible de prendre une douche normale avec une pression d&#8217;eau standard apr\u00e8s environ 10 jours, une fois que les greffons se sont bien stabilis\u00e9s.<\/p><\/div>\n\t\t\t\t<\/div>\n\t\t\t\t\t\t\t<div class=\"elementor-toggle-item\">\n\t\t\t\t\t<h3 id=\"elementor-tab-title-15228\" class=\"elementor-tab-title\" data-tab=\"28\" role=\"button\" aria-controls=\"elementor-tab-content-15228\" aria-expanded=\"false\">\n\t\t\t\t\t\t\t\t\t\t\t\t<span class=\"elementor-toggle-icon elementor-toggle-icon-right\" aria-hidden=\"true\">\n\t\t\t\t\t\t\t\t\t\t\t\t\t\t\t<span class=\"elementor-toggle-icon-closed\"><i class=\"lqd-icn-ess icon-ion-ios-arrow-down\"><\/i><\/span>\n\t\t\t\t\t\t\t\t<span class=\"elementor-toggle-icon-opened\"><i class=\"elementor-toggle-icon-opened lqd-icn-ess icon-ion-ios-arrow-up\"><\/i><\/span>\n\t\t\t\t\t\t\t\t\t\t\t\t\t<\/span>\n\t\t\t\t\t\t\t\t\t\t\t\t<a class=\"elementor-toggle-title\" tabindex=\"0\">Quel shampooing utiliser apr\u00e8s une greffe de cheveux ?<\/a>\n\t\t\t\t\t<\/h3>\n\n\t\t\t\t\t<div id=\"elementor-tab-content-15228\" class=\"elementor-tab-content elementor-clearfix\" data-tab=\"28\" role=\"region\" aria-labelledby=\"elementor-tab-title-15228\"><p>Tout shampooing doux et naturel qui ne contient pas de produits chimiques agressifs convient. Les shampooings \u00e0 base d&#8217;huile d&#8217;olive naturelle sont souvent recommand\u00e9s.<\/p><\/div>\n\t\t\t\t<\/div>\n\t\t\t\t\t\t\t<div class=\"elementor-toggle-item\">\n\t\t\t\t\t<h3 id=\"elementor-tab-title-15229\" class=\"elementor-tab-title\" data-tab=\"29\" role=\"button\" aria-controls=\"elementor-tab-content-15229\" aria-expanded=\"false\">\n\t\t\t\t\t\t\t\t\t\t\t\t<span class=\"elementor-toggle-icon elementor-toggle-icon-right\" aria-hidden=\"true\">\n\t\t\t\t\t\t\t\t\t\t\t\t\t\t\t<span class=\"elementor-toggle-icon-closed\"><i class=\"lqd-icn-ess icon-ion-ios-arrow-down\"><\/i><\/span>\n\t\t\t\t\t\t\t\t<span class=\"elementor-toggle-icon-opened\"><i class=\"elementor-toggle-icon-opened lqd-icn-ess icon-ion-ios-arrow-up\"><\/i><\/span>\n\t\t\t\t\t\t\t\t\t\t\t\t\t<\/span>\n\t\t\t\t\t\t\t\t\t\t\t\t<a class=\"elementor-toggle-title\" tabindex=\"0\">Y a-t-il des recommandations alimentaires \u00e0 suivre apr\u00e8s une greffe de cheveux ?<\/a>\n\t\t\t\t\t<\/h3>\n\n\t\t\t\t\t<div id=\"elementor-tab-content-15229\" class=\"elementor-tab-content elementor-clearfix\" data-tab=\"29\" role=\"region\" aria-labelledby=\"elementor-tab-title-15229\"><p>Les restrictions alimentaires sont minimes apr\u00e8s une greffe de cheveux. Cependant, il est fortement recommand\u00e9 d&#8217;\u00e9viter la consommation d&#8217;alcool pendant les 10 premiers jours. De plus, r\u00e9duire la consommation d&#8217;aliments tr\u00e8s \u00e9pic\u00e9s et sal\u00e9s pendant environ 3 \u00e0 5 jours peut favoriser le processus de gu\u00e9rison.<\/p><\/div>\n\t\t\t\t<\/div>\n\t\t\t\t\t\t\t<div class=\"elementor-toggle-item\">\n\t\t\t\t\t<h3 id=\"elementor-tab-title-15230\" class=\"elementor-tab-title\" data-tab=\"30\" role=\"button\" aria-controls=\"elementor-tab-content-15230\" aria-expanded=\"false\">\n\t\t\t\t\t\t\t\t\t\t\t\t<span class=\"elementor-toggle-icon elementor-toggle-icon-right\" aria-hidden=\"true\">\n\t\t\t\t\t\t\t\t\t\t\t\t\t\t\t<span class=\"elementor-toggle-icon-closed\"><i class=\"lqd-icn-ess icon-ion-ios-arrow-down\"><\/i><\/span>\n\t\t\t\t\t\t\t\t<span class=\"elementor-toggle-icon-opened\"><i class=\"elementor-toggle-icon-opened lqd-icn-ess icon-ion-ios-arrow-up\"><\/i><\/span>\n\t\t\t\t\t\t\t\t\t\t\t\t\t<\/span>\n\t\t\t\t\t\t\t\t\t\t\t\t<a class=\"elementor-toggle-title\" tabindex=\"0\">Dois-je prendre des m\u00e9dicaments apr\u00e8s l'intervention ?<\/a>\n\t\t\t\t\t<\/h3>\n\n\t\t\t\t\t<div id=\"elementor-tab-content-15230\" class=\"elementor-tab-content elementor-clearfix\" data-tab=\"30\" role=\"region\" aria-labelledby=\"elementor-tab-title-15230\"><p>Un ensemble standard de m\u00e9dicaments postop\u00e9ratoires est g\u00e9n\u00e9ralement fourni, pouvant inclure des antibiotiques, des analg\u00e9siques et des anti-inflammatoires. Des prescriptions suppl\u00e9mentaires peuvent \u00eatre recommand\u00e9es en fonction de l&#8217;\u00e9tat de sant\u00e9 et du processus de gu\u00e9rison de chaque patient.<\/p><\/div>\n\t\t\t\t<\/div>\n\t\t\t\t\t\t\t<div class=\"elementor-toggle-item\">\n\t\t\t\t\t<h3 id=\"elementor-tab-title-15231\" class=\"elementor-tab-title\" data-tab=\"31\" role=\"button\" aria-controls=\"elementor-tab-content-15231\" aria-expanded=\"false\">\n\t\t\t\t\t\t\t\t\t\t\t\t<span class=\"elementor-toggle-icon elementor-toggle-icon-right\" aria-hidden=\"true\">\n\t\t\t\t\t\t\t\t\t\t\t\t\t\t\t<span class=\"elementor-toggle-icon-closed\"><i class=\"lqd-icn-ess icon-ion-ios-arrow-down\"><\/i><\/span>\n\t\t\t\t\t\t\t\t<span class=\"elementor-toggle-icon-opened\"><i class=\"elementor-toggle-icon-opened lqd-icn-ess icon-ion-ios-arrow-up\"><\/i><\/span>\n\t\t\t\t\t\t\t\t\t\t\t\t\t<\/span>\n\t\t\t\t\t\t\t\t\t\t\t\t<a class=\"elementor-toggle-title\" tabindex=\"0\">Le PRP doit-il \u00eatre utilis\u00e9 avant ou apr\u00e8s l'intervention ?<\/a>\n\t\t\t\t\t<\/h3>\n\n\t\t\t\t\t<div id=\"elementor-tab-content-15231\" class=\"elementor-tab-content elementor-clearfix\" data-tab=\"31\" role=\"region\" aria-labelledby=\"elementor-tab-title-15231\"><p>Le traitement PRP n&#8217;est pas obligatoire, mais il peut favoriser le processus de gu\u00e9rison et am\u00e9liorer la repousse des cheveux lorsqu&#8217;il est appliqu\u00e9 en plusieurs s\u00e9ances.<\/p><\/div>\n\t\t\t\t<\/div>\n\t\t\t\t\t\t\t<div class=\"elementor-toggle-item\">\n\t\t\t\t\t<h3 id=\"elementor-tab-title-15232\" class=\"elementor-tab-title\" data-tab=\"32\" role=\"button\" aria-controls=\"elementor-tab-content-15232\" aria-expanded=\"false\">\n\t\t\t\t\t\t\t\t\t\t\t\t<span class=\"elementor-toggle-icon elementor-toggle-icon-right\" aria-hidden=\"true\">\n\t\t\t\t\t\t\t\t\t\t\t\t\t\t\t<span class=\"elementor-toggle-icon-closed\"><i class=\"lqd-icn-ess icon-ion-ios-arrow-down\"><\/i><\/span>\n\t\t\t\t\t\t\t\t<span class=\"elementor-toggle-icon-opened\"><i class=\"elementor-toggle-icon-opened lqd-icn-ess icon-ion-ios-arrow-up\"><\/i><\/span>\n\t\t\t\t\t\t\t\t\t\t\t\t\t<\/span>\n\t\t\t\t\t\t\t\t\t\t\t\t<a class=\"elementor-toggle-title\" tabindex=\"0\">Combien de temps dois-je me reposer apr\u00e8s une greffe de cheveux ?<\/a>\n\t\t\t\t\t<\/h3>\n\n\t\t\t\t\t<div id=\"elementor-tab-content-15232\" class=\"elementor-tab-content elementor-clearfix\" data-tab=\"32\" role=\"region\" aria-labelledby=\"elementor-tab-title-15232\"><p>La p\u00e9riode de repos recommand\u00e9e d\u00e9pend de la nature de votre travail.<br \/>Si votre travail implique une activit\u00e9 physique ou une exposition \u00e0 la poussi\u00e8re, vous devriez \u00e9viter de reprendre le travail pendant 10 \u00e0 14 jours. Pour les emplois de bureau, de nombreux patients peuvent reprendre leurs activit\u00e9s habituelles dans les 2 \u00e0 3 jours.<\/p><\/div>\n\t\t\t\t<\/div>\n\t\t\t\t\t\t\t<div class=\"elementor-toggle-item\">\n\t\t\t\t\t<h3 id=\"elementor-tab-title-15233\" class=\"elementor-tab-title\" data-tab=\"33\" role=\"button\" aria-controls=\"elementor-tab-content-15233\" aria-expanded=\"false\">\n\t\t\t\t\t\t\t\t\t\t\t\t<span class=\"elementor-toggle-icon elementor-toggle-icon-right\" aria-hidden=\"true\">\n\t\t\t\t\t\t\t\t\t\t\t\t\t\t\t<span class=\"elementor-toggle-icon-closed\"><i class=\"lqd-icn-ess icon-ion-ios-arrow-down\"><\/i><\/span>\n\t\t\t\t\t\t\t\t<span class=\"elementor-toggle-icon-opened\"><i class=\"elementor-toggle-icon-opened lqd-icn-ess icon-ion-ios-arrow-up\"><\/i><\/span>\n\t\t\t\t\t\t\t\t\t\t\t\t\t<\/span>\n\t\t\t\t\t\t\t\t\t\t\t\t<a class=\"elementor-toggle-title\" tabindex=\"0\">Quand puis-je recommencer \u00e0 faire de l'exercice apr\u00e8s une greffe de cheveux ?<\/a>\n\t\t\t\t\t<\/h3>\n\n\t\t\t\t\t<div id=\"elementor-tab-content-15233\" class=\"elementor-tab-content elementor-clearfix\" data-tab=\"33\" role=\"region\" aria-labelledby=\"elementor-tab-title-15233\"><p>Il est recommand\u00e9 d&#8217;\u00e9viter toute activit\u00e9 physique intense pendant au moins quatre semaines apr\u00e8s votre greffe de cheveux. Vous pouvez reprendre rapidement une activit\u00e9 physique l\u00e9g\u00e8re, comme la marche, mais les s\u00e9ances de sport, le port de charges lourdes et les sports de contact doivent \u00eatre report\u00e9s afin de prot\u00e9ger les greffons.<\/p><\/div>\n\t\t\t\t<\/div>\n\t\t\t\t\t\t\t<div class=\"elementor-toggle-item\">\n\t\t\t\t\t<h3 id=\"elementor-tab-title-15234\" class=\"elementor-tab-title\" data-tab=\"34\" role=\"button\" aria-controls=\"elementor-tab-content-15234\" aria-expanded=\"false\">\n\t\t\t\t\t\t\t\t\t\t\t\t<span class=\"elementor-toggle-icon elementor-toggle-icon-right\" aria-hidden=\"true\">\n\t\t\t\t\t\t\t\t\t\t\t\t\t\t\t<span class=\"elementor-toggle-icon-closed\"><i class=\"lqd-icn-ess icon-ion-ios-arrow-down\"><\/i><\/span>\n\t\t\t\t\t\t\t\t<span class=\"elementor-toggle-icon-opened\"><i class=\"elementor-toggle-icon-opened lqd-icn-ess icon-ion-ios-arrow-up\"><\/i><\/span>\n\t\t\t\t\t\t\t\t\t\t\t\t\t<\/span>\n\t\t\t\t\t\t\t\t\t\t\t\t<a class=\"elementor-toggle-title\" tabindex=\"0\">Comment dois-je dormir apr\u00e8s une greffe de cheveux ?<\/a>\n\t\t\t\t\t<\/h3>\n\n\t\t\t\t\t<div id=\"elementor-tab-content-15234\" class=\"elementor-tab-content elementor-clearfix\" data-tab=\"34\" role=\"region\" aria-labelledby=\"elementor-tab-title-15234\"><p>Pendant les 7 \u00e0 10 premiers jours, vous devriez dormir avec la zone donneuse tourn\u00e9e vers le bas. \u00c9vitez de vous tourner sur le c\u00f4t\u00e9 pendant la p\u00e9riode de convalescence initiale afin de prot\u00e9ger les greffons nouvellement implant\u00e9s.<\/p><\/div>\n\t\t\t\t<\/div>\n\t\t\t\t\t\t\t<div class=\"elementor-toggle-item\">\n\t\t\t\t\t<h3 id=\"elementor-tab-title-15235\" class=\"elementor-tab-title\" data-tab=\"35\" role=\"button\" aria-controls=\"elementor-tab-content-15235\" aria-expanded=\"false\">\n\t\t\t\t\t\t\t\t\t\t\t\t<span class=\"elementor-toggle-icon elementor-toggle-icon-right\" aria-hidden=\"true\">\n\t\t\t\t\t\t\t\t\t\t\t\t\t\t\t<span class=\"elementor-toggle-icon-closed\"><i class=\"lqd-icn-ess icon-ion-ios-arrow-down\"><\/i><\/span>\n\t\t\t\t\t\t\t\t<span class=\"elementor-toggle-icon-opened\"><i class=\"elementor-toggle-icon-opened lqd-icn-ess icon-ion-ios-arrow-up\"><\/i><\/span>\n\t\t\t\t\t\t\t\t\t\t\t\t\t<\/span>\n\t\t\t\t\t\t\t\t\t\t\t\t<a class=\"elementor-toggle-title\" tabindex=\"0\">Puis-je porter un chapeau apr\u00e8s une greffe de cheveux ?<\/a>\n\t\t\t\t\t<\/h3>\n\n\t\t\t\t\t<div id=\"elementor-tab-content-15235\" class=\"elementor-tab-content elementor-clearfix\" data-tab=\"35\" role=\"region\" aria-labelledby=\"elementor-tab-title-15235\"><p>Oui, le port d&#8217;un chapeau, d&#8217;une \u00e9charpe ou d&#8217;un bandana ample est g\u00e9n\u00e9ralement sans danger apr\u00e8s les 10 premiers jours, \u00e0 condition qu&#8217;il n&#8217;exerce aucune pression sur la zone greff\u00e9e.<\/p><\/div>\n\t\t\t\t<\/div>\n\t\t\t\t\t\t\t<div class=\"elementor-toggle-item\">\n\t\t\t\t\t<h3 id=\"elementor-tab-title-15236\" class=\"elementor-tab-title\" data-tab=\"36\" role=\"button\" aria-controls=\"elementor-tab-content-15236\" aria-expanded=\"false\">\n\t\t\t\t\t\t\t\t\t\t\t\t<span class=\"elementor-toggle-icon elementor-toggle-icon-right\" aria-hidden=\"true\">\n\t\t\t\t\t\t\t\t\t\t\t\t\t\t\t<span class=\"elementor-toggle-icon-closed\"><i class=\"lqd-icn-ess icon-ion-ios-arrow-down\"><\/i><\/span>\n\t\t\t\t\t\t\t\t<span class=\"elementor-toggle-icon-opened\"><i class=\"elementor-toggle-icon-opened lqd-icn-ess icon-ion-ios-arrow-up\"><\/i><\/span>\n\t\t\t\t\t\t\t\t\t\t\t\t\t<\/span>\n\t\t\t\t\t\t\t\t\t\t\t\t<a class=\"elementor-toggle-title\" tabindex=\"0\">Peut-on s'exposer au soleil apr\u00e8s une greffe de cheveux ?<\/a>\n\t\t\t\t\t<\/h3>\n\n\t\t\t\t\t<div id=\"elementor-tab-content-15236\" class=\"elementor-tab-content elementor-clearfix\" data-tab=\"36\" role=\"region\" aria-labelledby=\"elementor-tab-title-15236\"><p>Il n&#8217;y a pas de restrictions strictes concernant les sorties \u00e0 l&#8217;ext\u00e9rieur. Cependant, il convient d&#8217;\u00e9viter toute exposition prolong\u00e9e au soleil et aux rayons UV pendant les 6 premiers mois. Si n\u00e9cessaire, il est recommand\u00e9 de prendre des mesures de protection telles que l&#8217;application d&#8217;un \u00e9cran solaire ou le port d&#8217;un chapeau.<\/p><\/div>\n\t\t\t\t<\/div>\n\t\t\t\t\t\t\t<div class=\"elementor-toggle-item\">\n\t\t\t\t\t<h3 id=\"elementor-tab-title-15237\" class=\"elementor-tab-title\" data-tab=\"37\" role=\"button\" aria-controls=\"elementor-tab-content-15237\" aria-expanded=\"false\">\n\t\t\t\t\t\t\t\t\t\t\t\t<span class=\"elementor-toggle-icon elementor-toggle-icon-right\" aria-hidden=\"true\">\n\t\t\t\t\t\t\t\t\t\t\t\t\t\t\t<span class=\"elementor-toggle-icon-closed\"><i class=\"lqd-icn-ess icon-ion-ios-arrow-down\"><\/i><\/span>\n\t\t\t\t\t\t\t\t<span class=\"elementor-toggle-icon-opened\"><i class=\"elementor-toggle-icon-opened lqd-icn-ess icon-ion-ios-arrow-up\"><\/i><\/span>\n\t\t\t\t\t\t\t\t\t\t\t\t\t<\/span>\n\t\t\t\t\t\t\t\t\t\t\t\t<a class=\"elementor-toggle-title\" tabindex=\"0\">Quand puis-je couper ou raser mes cheveux transplant\u00e9s ?<\/a>\n\t\t\t\t\t<\/h3>\n\n\t\t\t\t\t<div id=\"elementor-tab-content-15237\" class=\"elementor-tab-content elementor-clearfix\" data-tab=\"37\" role=\"region\" aria-labelledby=\"elementor-tab-title-15237\"><p>Il convient d&#8217;\u00e9viter de se couper les cheveux ou de se raser pendant au moins un mois apr\u00e8s l&#8217;intervention.<br \/>Apr\u00e8s cette p\u00e9riode :<br \/>\u2022 Des ciseaux peuvent \u00eatre utilis\u00e9s avec pr\u00e9caution dans la zone receveuse.<br \/>\u2022 Une tondeuse peut \u00eatre utilis\u00e9e dans la zone donneuse.<br \/>Pour la zone receveuse, il est pr\u00e9f\u00e9rable d&#8217;attendre 2 \u00e0 3 mois avant d&#8217;utiliser une tondeuse.<\/p><\/div>\n\t\t\t\t<\/div>\n\t\t\t\t\t\t\t<div class=\"elementor-toggle-item\">\n\t\t\t\t\t<h3 id=\"elementor-tab-title-15238\" class=\"elementor-tab-title\" data-tab=\"38\" role=\"button\" aria-controls=\"elementor-tab-content-15238\" aria-expanded=\"false\">\n\t\t\t\t\t\t\t\t\t\t\t\t<span class=\"elementor-toggle-icon elementor-toggle-icon-right\" aria-hidden=\"true\">\n\t\t\t\t\t\t\t\t\t\t\t\t\t\t\t<span class=\"elementor-toggle-icon-closed\"><i class=\"lqd-icn-ess icon-ion-ios-arrow-down\"><\/i><\/span>\n\t\t\t\t\t\t\t\t<span class=\"elementor-toggle-icon-opened\"><i class=\"elementor-toggle-icon-opened lqd-icn-ess icon-ion-ios-arrow-up\"><\/i><\/span>\n\t\t\t\t\t\t\t\t\t\t\t\t\t<\/span>\n\t\t\t\t\t\t\t\t\t\t\t\t<a class=\"elementor-toggle-title\" tabindex=\"0\">Quand puis-je teindre ou colorer mes cheveux apr\u00e8s l'intervention ?<\/a>\n\t\t\t\t\t<\/h3>\n\n\t\t\t\t\t<div id=\"elementor-tab-content-15238\" class=\"elementor-tab-content elementor-clearfix\" data-tab=\"38\" role=\"region\" aria-labelledby=\"elementor-tab-title-15238\"><p>La coloration des cheveux est autoris\u00e9e, mais il est conseill\u00e9 d&#8217;attendre environ 6 \u00e0 8 semaines. Cela permet aux follicules nouvellement transplant\u00e9s de s&#8217;implanter et \u00e0 la repousse pr\u00e9coce de commencer avant d&#8217;appliquer des produits chimiques.<\/p><\/div>\n\t\t\t\t<\/div>\n\t\t\t\t\t\t\t<div class=\"elementor-toggle-item\">\n\t\t\t\t\t<h3 id=\"elementor-tab-title-15239\" class=\"elementor-tab-title\" data-tab=\"39\" role=\"button\" aria-controls=\"elementor-tab-content-15239\" aria-expanded=\"false\">\n\t\t\t\t\t\t\t\t\t\t\t\t<span class=\"elementor-toggle-icon elementor-toggle-icon-right\" aria-hidden=\"true\">\n\t\t\t\t\t\t\t\t\t\t\t\t\t\t\t<span class=\"elementor-toggle-icon-closed\"><i class=\"lqd-icn-ess icon-ion-ios-arrow-down\"><\/i><\/span>\n\t\t\t\t\t\t\t\t<span class=\"elementor-toggle-icon-opened\"><i class=\"elementor-toggle-icon-opened lqd-icn-ess icon-ion-ios-arrow-up\"><\/i><\/span>\n\t\t\t\t\t\t\t\t\t\t\t\t\t<\/span>\n\t\t\t\t\t\t\t\t\t\t\t\t<a class=\"elementor-toggle-title\" tabindex=\"0\">Quand puis-je sortir apr\u00e8s une greffe de cheveux ?<\/a>\n\t\t\t\t\t<\/h3>\n\n\t\t\t\t\t<div id=\"elementor-tab-content-15239\" class=\"elementor-tab-content elementor-clearfix\" data-tab=\"39\" role=\"region\" aria-labelledby=\"elementor-tab-title-15239\"><p>Dans la plupart des cas, les patients peuvent sortir le jour m\u00eame ou le lendemain. De petites marques roses ou des cro\u00fbtes peuvent \u00eatre visibles pendant la premi\u00e8re semaine. Elles s&#8217;estompent progressivement et les cro\u00fbtes tombent g\u00e9n\u00e9ralement au bout de 7 \u00e0 10 jours.<\/p><\/div>\n\t\t\t\t<\/div>\n\t\t\t\t\t\t\t<div class=\"elementor-toggle-item\">\n\t\t\t\t\t<h3 id=\"elementor-tab-title-15240\" class=\"elementor-tab-title\" data-tab=\"40\" role=\"button\" aria-controls=\"elementor-tab-content-15240\" aria-expanded=\"false\">\n\t\t\t\t\t\t\t\t\t\t\t\t<span class=\"elementor-toggle-icon elementor-toggle-icon-right\" aria-hidden=\"true\">\n\t\t\t\t\t\t\t\t\t\t\t\t\t\t\t<span class=\"elementor-toggle-icon-closed\"><i class=\"lqd-icn-ess icon-ion-ios-arrow-down\"><\/i><\/span>\n\t\t\t\t\t\t\t\t<span class=\"elementor-toggle-icon-opened\"><i class=\"elementor-toggle-icon-opened lqd-icn-ess icon-ion-ios-arrow-up\"><\/i><\/span>\n\t\t\t\t\t\t\t\t\t\t\t\t\t<\/span>\n\t\t\t\t\t\t\t\t\t\t\t\t<a class=\"elementor-toggle-title\" tabindex=\"0\">Quand les cheveux transplant\u00e9s commenceront-ils \u00e0 pousser ?<\/a>\n\t\t\t\t\t<\/h3>\n\n\t\t\t\t\t<div id=\"elementor-tab-content-15240\" class=\"elementor-tab-content elementor-clearfix\" data-tab=\"40\" role=\"region\" aria-labelledby=\"elementor-tab-title-15240\"><p>La repousse des cheveux commence g\u00e9n\u00e9ralement vers le troisi\u00e8me mois. Une am\u00e9lioration esth\u00e9tique notable est g\u00e9n\u00e9ralement observ\u00e9e au bout de six mois, tandis que les r\u00e9sultats finaux sont g\u00e9n\u00e9ralement obtenus entre 9 et 12 mois.<br \/>Les d\u00e9lais de r\u00e9cup\u00e9ration et de repousse peuvent varier en fonction de chaque individu, du nombre de greffons transplant\u00e9s et de la technique utilis\u00e9e.<\/p><\/div>\n\t\t\t\t<\/div>\n\t\t\t\t\t\t\t<div class=\"elementor-toggle-item\">\n\t\t\t\t\t<h3 id=\"elementor-tab-title-15241\" class=\"elementor-tab-title\" data-tab=\"41\" role=\"button\" aria-controls=\"elementor-tab-content-15241\" aria-expanded=\"false\">\n\t\t\t\t\t\t\t\t\t\t\t\t<span class=\"elementor-toggle-icon elementor-toggle-icon-right\" aria-hidden=\"true\">\n\t\t\t\t\t\t\t\t\t\t\t\t\t\t\t<span class=\"elementor-toggle-icon-closed\"><i class=\"lqd-icn-ess icon-ion-ios-arrow-down\"><\/i><\/span>\n\t\t\t\t\t\t\t\t<span class=\"elementor-toggle-icon-opened\"><i class=\"elementor-toggle-icon-opened lqd-icn-ess icon-ion-ios-arrow-up\"><\/i><\/span>\n\t\t\t\t\t\t\t\t\t\t\t\t\t<\/span>\n\t\t\t\t\t\t\t\t\t\t\t\t<a class=\"elementor-toggle-title\" tabindex=\"0\">Les cheveux transplant\u00e9s vont-ils tomber plus tard ?<\/a>\n\t\t\t\t\t<\/h3>\n\n\t\t\t\t\t<div id=\"elementor-tab-content-15241\" class=\"elementor-tab-content elementor-clearfix\" data-tab=\"41\" role=\"region\" aria-labelledby=\"elementor-tab-title-15241\"><p>Les greffons transplant\u00e9s sont g\u00e9n\u00e9ralement pr\u00e9lev\u00e9s dans des zones donneuses g\u00e9n\u00e9tiquement r\u00e9sistantes \u00e0 la perte de cheveux, et ils restent souvent permanents dans leur nouvel emplacement. Cependant, les cheveux naturels existants dans d&#8217;autres zones peuvent continuer \u00e0 s&#8217;affiner avec le temps. Certaines personnes peuvent avoir besoin d&#8217;un traitement m\u00e9dical ou de greffes suppl\u00e9mentaires \u00e0 l&#8217;avenir pour pr\u00e9server la densit\u00e9 et l&#8217;apparence globales de leur chevelure.<\/p><\/div>\n\t\t\t\t<\/div>\n\t\t\t\t\t\t\t<div class=\"elementor-toggle-item\">\n\t\t\t\t\t<h3 id=\"elementor-tab-title-15242\" class=\"elementor-tab-title\" data-tab=\"42\" role=\"button\" aria-controls=\"elementor-tab-content-15242\" aria-expanded=\"false\">\n\t\t\t\t\t\t\t\t\t\t\t\t<span class=\"elementor-toggle-icon elementor-toggle-icon-right\" aria-hidden=\"true\">\n\t\t\t\t\t\t\t\t\t\t\t\t\t\t\t<span class=\"elementor-toggle-icon-closed\"><i class=\"lqd-icn-ess icon-ion-ios-arrow-down\"><\/i><\/span>\n\t\t\t\t\t\t\t\t<span class=\"elementor-toggle-icon-opened\"><i class=\"elementor-toggle-icon-opened lqd-icn-ess icon-ion-ios-arrow-up\"><\/i><\/span>\n\t\t\t\t\t\t\t\t\t\t\t\t\t<\/span>\n\t\t\t\t\t\t\t\t\t\t\t\t<a class=\"elementor-toggle-title\" tabindex=\"0\">Vais-je continuer \u00e0 perdre mes cheveux apr\u00e8s une greffe capillaire ?<\/a>\n\t\t\t\t\t<\/h3>\n\n\t\t\t\t\t<div id=\"elementor-tab-content-15242\" class=\"elementor-tab-content elementor-clearfix\" data-tab=\"42\" role=\"region\" aria-labelledby=\"elementor-tab-title-15242\"><p>Une greffe de cheveux n&#8217;emp\u00eache pas la perte future des cheveux existants. La perte de cheveux continue est principalement influenc\u00e9e par des facteurs g\u00e9n\u00e9tiques.<\/p><\/div>\n\t\t\t\t<\/div>\n\t\t\t\t\t\t\t<div class=\"elementor-toggle-item\">\n\t\t\t\t\t<h3 id=\"elementor-tab-title-15243\" class=\"elementor-tab-title\" data-tab=\"43\" role=\"button\" aria-controls=\"elementor-tab-content-15243\" aria-expanded=\"false\">\n\t\t\t\t\t\t\t\t\t\t\t\t<span class=\"elementor-toggle-icon elementor-toggle-icon-right\" aria-hidden=\"true\">\n\t\t\t\t\t\t\t\t\t\t\t\t\t\t\t<span class=\"elementor-toggle-icon-closed\"><i class=\"lqd-icn-ess icon-ion-ios-arrow-down\"><\/i><\/span>\n\t\t\t\t\t\t\t\t<span class=\"elementor-toggle-icon-opened\"><i class=\"elementor-toggle-icon-opened lqd-icn-ess icon-ion-ios-arrow-up\"><\/i><\/span>\n\t\t\t\t\t\t\t\t\t\t\t\t\t<\/span>\n\t\t\t\t\t\t\t\t\t\t\t\t<a class=\"elementor-toggle-title\" tabindex=\"0\">Est-ce que l'on verra que j'ai subi une greffe de cheveux ?<\/a>\n\t\t\t\t\t<\/h3>\n\n\t\t\t\t\t<div id=\"elementor-tab-content-15243\" class=\"elementor-tab-content elementor-clearfix\" data-tab=\"43\" role=\"region\" aria-labelledby=\"elementor-tab-title-15243\"><p>Lorsqu&#8217;elle est soigneusement planifi\u00e9e et r\u00e9alis\u00e9e par des chirurgiens qualifi\u00e9s et des \u00e9quipes exp\u00e9riment\u00e9es, la greffe de cheveux peut donner des r\u00e9sultats tr\u00e8s naturels et difficiles \u00e0 d\u00e9tecter. La qualit\u00e9 du r\u00e9sultat d\u00e9pend de la conception ad\u00e9quate de la ligne capillaire, du positionnement pr\u00e9cis des greffons et de leur alignement avec la direction et la densit\u00e9 naturelles des cheveux. Le choix d&#8217;un chirurgien qualifi\u00e9 augmente les chances d&#8217;obtenir un r\u00e9sultat naturel.<\/p><\/div>\n\t\t\t\t<\/div>\n\t\t\t\t\t\t\t<div class=\"elementor-toggle-item\">\n\t\t\t\t\t<h3 id=\"elementor-tab-title-15244\" class=\"elementor-tab-title\" data-tab=\"44\" role=\"button\" aria-controls=\"elementor-tab-content-15244\" aria-expanded=\"false\">\n\t\t\t\t\t\t\t\t\t\t\t\t<span class=\"elementor-toggle-icon elementor-toggle-icon-right\" aria-hidden=\"true\">\n\t\t\t\t\t\t\t\t\t\t\t\t\t\t\t<span class=\"elementor-toggle-icon-closed\"><i class=\"lqd-icn-ess icon-ion-ios-arrow-down\"><\/i><\/span>\n\t\t\t\t\t\t\t\t<span class=\"elementor-toggle-icon-opened\"><i class=\"elementor-toggle-icon-opened lqd-icn-ess icon-ion-ios-arrow-up\"><\/i><\/span>\n\t\t\t\t\t\t\t\t\t\t\t\t\t<\/span>\n\t\t\t\t\t\t\t\t\t\t\t\t<a class=\"elementor-toggle-title\" tabindex=\"0\">Combien de greffons sont n\u00e9cessaires pour une couverture compl\u00e8te ?<\/a>\n\t\t\t\t\t<\/h3>\n\n\t\t\t\t\t<div id=\"elementor-tab-content-15244\" class=\"elementor-tab-content elementor-clearfix\" data-tab=\"44\" role=\"region\" aria-labelledby=\"elementor-tab-title-15244\"><p>Le nombre de greffons n\u00e9cessaires varie d&#8217;une personne \u00e0 l&#8217;autre. Des facteurs tels que la taille du cuir chevelu, le stade de la perte de cheveux et la densit\u00e9 de la zone donneuse influencent tous le nombre total de greffons n\u00e9cessaires pour obtenir une couverture \u00e9quilibr\u00e9e.<\/p><\/div>\n\t\t\t\t<\/div>\n\t\t\t\t\t\t\t<div class=\"elementor-toggle-item\">\n\t\t\t\t\t<h3 id=\"elementor-tab-title-15245\" class=\"elementor-tab-title\" data-tab=\"45\" role=\"button\" aria-controls=\"elementor-tab-content-15245\" aria-expanded=\"false\">\n\t\t\t\t\t\t\t\t\t\t\t\t<span class=\"elementor-toggle-icon elementor-toggle-icon-right\" aria-hidden=\"true\">\n\t\t\t\t\t\t\t\t\t\t\t\t\t\t\t<span class=\"elementor-toggle-icon-closed\"><i class=\"lqd-icn-ess icon-ion-ios-arrow-down\"><\/i><\/span>\n\t\t\t\t\t\t\t\t<span class=\"elementor-toggle-icon-opened\"><i class=\"elementor-toggle-icon-opened lqd-icn-ess icon-ion-ios-arrow-up\"><\/i><\/span>\n\t\t\t\t\t\t\t\t\t\t\t\t\t<\/span>\n\t\t\t\t\t\t\t\t\t\t\t\t<a class=\"elementor-toggle-title\" tabindex=\"0\">Combien de temps dois-je attendre avant de subir une deuxi\u00e8me greffe de cheveux ?<\/a>\n\t\t\t\t\t<\/h3>\n\n\t\t\t\t\t<div id=\"elementor-tab-content-15245\" class=\"elementor-tab-content elementor-clearfix\" data-tab=\"45\" role=\"region\" aria-labelledby=\"elementor-tab-title-15245\"><p>Il est g\u00e9n\u00e9ralement recommand\u00e9 d&#8217;attendre au moins 6 mois s&#8217;il n&#8217;y a pas eu d&#8217;incisions ant\u00e9rieures dans la zone trait\u00e9e. Si une greffe ou des incisions chirurgicales ont \u00e9t\u00e9 pratiqu\u00e9es auparavant, il est conseill\u00e9 d&#8217;attendre jusqu&#8217;\u00e0 12 mois.<\/p><\/div>\n\t\t\t\t<\/div>\n\t\t\t\t\t\t\t<div class=\"elementor-toggle-item\">\n\t\t\t\t\t<h3 id=\"elementor-tab-title-15246\" class=\"elementor-tab-title\" data-tab=\"46\" role=\"button\" aria-controls=\"elementor-tab-content-15246\" aria-expanded=\"false\">\n\t\t\t\t\t\t\t\t\t\t\t\t<span class=\"elementor-toggle-icon elementor-toggle-icon-right\" aria-hidden=\"true\">\n\t\t\t\t\t\t\t\t\t\t\t\t\t\t\t<span class=\"elementor-toggle-icon-closed\"><i class=\"lqd-icn-ess icon-ion-ios-arrow-down\"><\/i><\/span>\n\t\t\t\t\t\t\t\t<span class=\"elementor-toggle-icon-opened\"><i class=\"elementor-toggle-icon-opened lqd-icn-ess icon-ion-ios-arrow-up\"><\/i><\/span>\n\t\t\t\t\t\t\t\t\t\t\t\t\t<\/span>\n\t\t\t\t\t\t\t\t\t\t\t\t<a class=\"elementor-toggle-title\" tabindex=\"0\">Combien co\u00fbte une greffe de cheveux pour une femme ?<\/a>\n\t\t\t\t\t<\/h3>\n\n\t\t\t\t\t<div id=\"elementor-tab-content-15246\" class=\"elementor-tab-content elementor-clearfix\" data-tab=\"46\" role=\"region\" aria-labelledby=\"elementor-tab-title-15246\"><p>Le prix d&#8217;une greffe de cheveux chez la femme d\u00e9pend de facteurs tels que la technique choisie et le nombre de greffons n\u00e9cessaires. En moyenne, les co\u00fbts varient entre 1 800 \u20ac et 3 500 \u20ac, mais les cas plus avanc\u00e9s ou plus complexes peuvent augmenter le prix total.<\/p><\/div>\n\t\t\t\t<\/div>\n\t\t\t\t\t\t\t<div class=\"elementor-toggle-item\">\n\t\t\t\t\t<h3 id=\"elementor-tab-title-15247\" class=\"elementor-tab-title\" data-tab=\"47\" role=\"button\" aria-controls=\"elementor-tab-content-15247\" aria-expanded=\"false\">\n\t\t\t\t\t\t\t\t\t\t\t\t<span class=\"elementor-toggle-icon elementor-toggle-icon-right\" aria-hidden=\"true\">\n\t\t\t\t\t\t\t\t\t\t\t\t\t\t\t<span class=\"elementor-toggle-icon-closed\"><i class=\"lqd-icn-ess icon-ion-ios-arrow-down\"><\/i><\/span>\n\t\t\t\t\t\t\t\t<span class=\"elementor-toggle-icon-opened\"><i class=\"elementor-toggle-icon-opened lqd-icn-ess icon-ion-ios-arrow-up\"><\/i><\/span>\n\t\t\t\t\t\t\t\t\t\t\t\t\t<\/span>\n\t\t\t\t\t\t\t\t\t\t\t\t<a class=\"elementor-toggle-title\" tabindex=\"0\">Suis-je une candidate appropri\u00e9e pour une greffe de cheveux pour femmes en Turquie ?<\/a>\n\t\t\t\t\t<\/h3>\n\n\t\t\t\t\t<div id=\"elementor-tab-content-15247\" class=\"elementor-tab-content elementor-clearfix\" data-tab=\"47\" role=\"region\" aria-labelledby=\"elementor-tab-title-15247\"><p>Vous pouvez \u00eatre \u00e9ligible si vous disposez d&#8217;une zone donneuse stable et si votre perte de cheveux est due \u00e0 des facteurs g\u00e9n\u00e9tiques, hormonaux ou \u00e0 la traction. Toute affection sous-jacente, telle qu&#8217;un trouble thyro\u00efdien ou une carence en fer, doit \u00eatre trait\u00e9e avant l&#8217;intervention.<\/p><\/div>\n\t\t\t\t<\/div>\n\t\t\t\t\t\t\t<div class=\"elementor-toggle-item\">\n\t\t\t\t\t<h3 id=\"elementor-tab-title-15248\" class=\"elementor-tab-title\" data-tab=\"48\" role=\"button\" aria-controls=\"elementor-tab-content-15248\" aria-expanded=\"false\">\n\t\t\t\t\t\t\t\t\t\t\t\t<span class=\"elementor-toggle-icon elementor-toggle-icon-right\" aria-hidden=\"true\">\n\t\t\t\t\t\t\t\t\t\t\t\t\t\t\t<span class=\"elementor-toggle-icon-closed\"><i class=\"lqd-icn-ess icon-ion-ios-arrow-down\"><\/i><\/span>\n\t\t\t\t\t\t\t\t<span class=\"elementor-toggle-icon-opened\"><i class=\"elementor-toggle-icon-opened lqd-icn-ess icon-ion-ios-arrow-up\"><\/i><\/span>\n\t\t\t\t\t\t\t\t\t\t\t\t\t<\/span>\n\t\t\t\t\t\t\t\t\t\t\t\t<a class=\"elementor-toggle-title\" tabindex=\"0\">Les femmes peuvent-elles subir une greffe de cheveux ?<\/a>\n\t\t\t\t\t<\/h3>\n\n\t\t\t\t\t<div id=\"elementor-tab-content-15248\" class=\"elementor-tab-content elementor-clearfix\" data-tab=\"48\" role=\"region\" aria-labelledby=\"elementor-tab-title-15248\"><p>Oui. L&#8217;amincissement des cheveux et la perte de cheveux peuvent \u00e9galement toucher les femmes. Les patientes pr\u00e9sentant des zones donneuses appropri\u00e9es peuvent b\u00e9n\u00e9ficier d&#8217;un traitement de greffe capillaire apr\u00e8s une \u00e9valuation ad\u00e9quate.<\/p><\/div>\n\t\t\t\t<\/div>\n\t\t\t\t\t\t\t<div class=\"elementor-toggle-item\">\n\t\t\t\t\t<h3 id=\"elementor-tab-title-15249\" class=\"elementor-tab-title\" data-tab=\"49\" role=\"button\" aria-controls=\"elementor-tab-content-15249\" aria-expanded=\"false\">\n\t\t\t\t\t\t\t\t\t\t\t\t<span class=\"elementor-toggle-icon elementor-toggle-icon-right\" aria-hidden=\"true\">\n\t\t\t\t\t\t\t\t\t\t\t\t\t\t\t<span class=\"elementor-toggle-icon-closed\"><i class=\"lqd-icn-ess icon-ion-ios-arrow-down\"><\/i><\/span>\n\t\t\t\t\t\t\t\t<span class=\"elementor-toggle-icon-opened\"><i class=\"elementor-toggle-icon-opened lqd-icn-ess icon-ion-ios-arrow-up\"><\/i><\/span>\n\t\t\t\t\t\t\t\t\t\t\t\t\t<\/span>\n\t\t\t\t\t\t\t\t\t\t\t\t<a class=\"elementor-toggle-title\" tabindex=\"0\">La greffe de cheveux chez les femmes est-elle diff\u00e9rente de celle chez les hommes ?<\/a>\n\t\t\t\t\t<\/h3>\n\n\t\t\t\t\t<div id=\"elementor-tab-content-15249\" class=\"elementor-tab-content elementor-clearfix\" data-tab=\"49\" role=\"region\" aria-labelledby=\"elementor-tab-title-15249\"><p>Oui, la perte de cheveux chez les femmes se manifeste g\u00e9n\u00e9ralement par un amincissement g\u00e9n\u00e9ral du cuir chevelu plut\u00f4t que par des zones compl\u00e8tement chauves.<\/p><\/div>\n\t\t\t\t<\/div>\n\t\t\t\t\t\t\t<div class=\"elementor-toggle-item\">\n\t\t\t\t\t<h3 id=\"elementor-tab-title-15250\" class=\"elementor-tab-title\" data-tab=\"50\" role=\"button\" aria-controls=\"elementor-tab-content-15250\" aria-expanded=\"false\">\n\t\t\t\t\t\t\t\t\t\t\t\t<span class=\"elementor-toggle-icon elementor-toggle-icon-right\" aria-hidden=\"true\">\n\t\t\t\t\t\t\t\t\t\t\t\t\t\t\t<span class=\"elementor-toggle-icon-closed\"><i class=\"lqd-icn-ess icon-ion-ios-arrow-down\"><\/i><\/span>\n\t\t\t\t\t\t\t\t<span class=\"elementor-toggle-icon-opened\"><i class=\"elementor-toggle-icon-opened lqd-icn-ess icon-ion-ios-arrow-up\"><\/i><\/span>\n\t\t\t\t\t\t\t\t\t\t\t\t\t<\/span>\n\t\t\t\t\t\t\t\t\t\t\t\t<a class=\"elementor-toggle-title\" tabindex=\"0\">La greffe de cheveux est-elle efficace chez les femmes ?<\/a>\n\t\t\t\t\t<\/h3>\n\n\t\t\t\t\t<div id=\"elementor-tab-content-15250\" class=\"elementor-tab-content elementor-clearfix\" data-tab=\"50\" role=\"region\" aria-labelledby=\"elementor-tab-title-15250\"><p>Oui, une greffe de cheveux peut donner des r\u00e9sultats tr\u00e8s satisfaisants chez les femmes, en particulier celles qui souffrent d&#8217;alop\u00e9cie h\u00e9r\u00e9ditaire, d&#8217;alop\u00e9cie de traction ou d&#8217;un amincissement g\u00e9n\u00e9ral des cheveux. Le r\u00e9sultat d\u00e9pend principalement de l&#8217;expertise du chirurgien et de la gravit\u00e9 de la perte de cheveux.<\/p><\/div>\n\t\t\t\t<\/div>\n\t\t\t\t\t\t\t<div class=\"elementor-toggle-item\">\n\t\t\t\t\t<h3 id=\"elementor-tab-title-15251\" class=\"elementor-tab-title\" data-tab=\"51\" role=\"button\" aria-controls=\"elementor-tab-content-15251\" aria-expanded=\"false\">\n\t\t\t\t\t\t\t\t\t\t\t\t<span class=\"elementor-toggle-icon elementor-toggle-icon-right\" aria-hidden=\"true\">\n\t\t\t\t\t\t\t\t\t\t\t\t\t\t\t<span class=\"elementor-toggle-icon-closed\"><i class=\"lqd-icn-ess icon-ion-ios-arrow-down\"><\/i><\/span>\n\t\t\t\t\t\t\t\t<span class=\"elementor-toggle-icon-opened\"><i class=\"elementor-toggle-icon-opened lqd-icn-ess icon-ion-ios-arrow-up\"><\/i><\/span>\n\t\t\t\t\t\t\t\t\t\t\t\t\t<\/span>\n\t\t\t\t\t\t\t\t\t\t\t\t<a class=\"elementor-toggle-title\" tabindex=\"0\">La greffe de cheveux chez la femme est-elle permanente ?<\/a>\n\t\t\t\t\t<\/h3>\n\n\t\t\t\t\t<div id=\"elementor-tab-content-15251\" class=\"elementor-tab-content elementor-clearfix\" data-tab=\"51\" role=\"region\" aria-labelledby=\"elementor-tab-title-15251\"><p>Oui, les greffes de cheveux chez les femmes sont g\u00e9n\u00e9ralement durables. Les follicules implant\u00e9s sont pr\u00e9lev\u00e9s dans des zones donneuses r\u00e9sistantes \u00e0 la chute des cheveux. Cependant, il est important de suivre les soins postop\u00e9ratoires recommand\u00e9s et d&#8217;adopter un mode de vie sain pour pr\u00e9server les r\u00e9sultats.<\/p><\/div>\n\t\t\t\t<\/div>\n\t\t\t\t\t\t\t<div class=\"elementor-toggle-item\">\n\t\t\t\t\t<h3 id=\"elementor-tab-title-15252\" class=\"elementor-tab-title\" data-tab=\"52\" role=\"button\" aria-controls=\"elementor-tab-content-15252\" aria-expanded=\"false\">\n\t\t\t\t\t\t\t\t\t\t\t\t<span class=\"elementor-toggle-icon elementor-toggle-icon-right\" aria-hidden=\"true\">\n\t\t\t\t\t\t\t\t\t\t\t\t\t\t\t<span class=\"elementor-toggle-icon-closed\"><i class=\"lqd-icn-ess icon-ion-ios-arrow-down\"><\/i><\/span>\n\t\t\t\t\t\t\t\t<span class=\"elementor-toggle-icon-opened\"><i class=\"elementor-toggle-icon-opened lqd-icn-ess icon-ion-ios-arrow-up\"><\/i><\/span>\n\t\t\t\t\t\t\t\t\t\t\t\t\t<\/span>\n\t\t\t\t\t\t\t\t\t\t\t\t<a class=\"elementor-toggle-title\" tabindex=\"0\">Qu'est-ce que la greffe de cheveux afro ?<\/a>\n\t\t\t\t\t<\/h3>\n\n\t\t\t\t\t<div id=\"elementor-tab-content-15252\" class=\"elementor-tab-content elementor-clearfix\" data-tab=\"52\" role=\"region\" aria-labelledby=\"elementor-tab-title-15252\"><p>La greffe de cheveux afro est une proc\u00e9dure sp\u00e9cialis\u00e9e de restauration capillaire con\u00e7ue pour les personnes ayant des cheveux de texture africaine. L&#8217;objectif est de pr\u00e9server la boucle naturelle des cheveux et leur apparence g\u00e9n\u00e9rale.<\/p><\/div>\n\t\t\t\t<\/div>\n\t\t\t\t\t\t\t<div class=\"elementor-toggle-item\">\n\t\t\t\t\t<h3 id=\"elementor-tab-title-15253\" class=\"elementor-tab-title\" data-tab=\"53\" role=\"button\" aria-controls=\"elementor-tab-content-15253\" aria-expanded=\"false\">\n\t\t\t\t\t\t\t\t\t\t\t\t<span class=\"elementor-toggle-icon elementor-toggle-icon-right\" aria-hidden=\"true\">\n\t\t\t\t\t\t\t\t\t\t\t\t\t\t\t<span class=\"elementor-toggle-icon-closed\"><i class=\"lqd-icn-ess icon-ion-ios-arrow-down\"><\/i><\/span>\n\t\t\t\t\t\t\t\t<span class=\"elementor-toggle-icon-opened\"><i class=\"elementor-toggle-icon-opened lqd-icn-ess icon-ion-ios-arrow-up\"><\/i><\/span>\n\t\t\t\t\t\t\t\t\t\t\t\t\t<\/span>\n\t\t\t\t\t\t\t\t\t\t\t\t<a class=\"elementor-toggle-title\" tabindex=\"0\">En quoi la greffe de cheveux afro diff\u00e8re-t-elle des autres greffes de cheveux ?<\/a>\n\t\t\t\t\t<\/h3>\n\n\t\t\t\t\t<div id=\"elementor-tab-content-15253\" class=\"elementor-tab-content elementor-clearfix\" data-tab=\"53\" role=\"region\" aria-labelledby=\"elementor-tab-title-15253\"><p>Cette proc\u00e9dure diff\u00e8re en raison de la structure boucl\u00e9e particuli\u00e8re des cheveux afro. Les follicules \u00e9tant courb\u00e9s sous le cuir chevelu, des techniques personnalis\u00e9es sont n\u00e9cessaires pour obtenir un r\u00e9sultat naturel.<\/p><\/div>\n\t\t\t\t<\/div>\n\t\t\t\t\t\t\t<div class=\"elementor-toggle-item\">\n\t\t\t\t\t<h3 id=\"elementor-tab-title-15254\" class=\"elementor-tab-title\" data-tab=\"54\" role=\"button\" aria-controls=\"elementor-tab-content-15254\" aria-expanded=\"false\">\n\t\t\t\t\t\t\t\t\t\t\t\t<span class=\"elementor-toggle-icon elementor-toggle-icon-right\" aria-hidden=\"true\">\n\t\t\t\t\t\t\t\t\t\t\t\t\t\t\t<span class=\"elementor-toggle-icon-closed\"><i class=\"lqd-icn-ess icon-ion-ios-arrow-down\"><\/i><\/span>\n\t\t\t\t\t\t\t\t<span class=\"elementor-toggle-icon-opened\"><i class=\"elementor-toggle-icon-opened lqd-icn-ess icon-ion-ios-arrow-up\"><\/i><\/span>\n\t\t\t\t\t\t\t\t\t\t\t\t\t<\/span>\n\t\t\t\t\t\t\t\t\t\t\t\t<a class=\"elementor-toggle-title\" tabindex=\"0\">Les cheveux afro peuvent-ils \u00eatre transplant\u00e9s avec succ\u00e8s ?<\/a>\n\t\t\t\t\t<\/h3>\n\n\t\t\t\t\t<div id=\"elementor-tab-content-15254\" class=\"elementor-tab-content elementor-clearfix\" data-tab=\"54\" role=\"region\" aria-labelledby=\"elementor-tab-title-15254\"><p>Oui. Les cheveux afro peuvent \u00eatre transplant\u00e9s avec succ\u00e8s lorsque la direction naturelle des boucles est soigneusement respect\u00e9e lors de l&#8217;extraction et de l&#8217;implantation. Les experts doivent suivre la trajectoire courbe du follicule sous la peau afin d&#8217;\u00e9viter d&#8217;endommager la racine. Lorsque la proc\u00e9dure est effectu\u00e9e correctement, le taux de survie des greffons est \u00e9lev\u00e9 et les r\u00e9sultats conservent une texture naturelle.<\/p><\/div>\n\t\t\t\t<\/div>\n\t\t\t\t\t\t\t<div class=\"elementor-toggle-item\">\n\t\t\t\t\t<h3 id=\"elementor-tab-title-15255\" class=\"elementor-tab-title\" data-tab=\"55\" role=\"button\" aria-controls=\"elementor-tab-content-15255\" aria-expanded=\"false\">\n\t\t\t\t\t\t\t\t\t\t\t\t<span class=\"elementor-toggle-icon elementor-toggle-icon-right\" aria-hidden=\"true\">\n\t\t\t\t\t\t\t\t\t\t\t\t\t\t\t<span class=\"elementor-toggle-icon-closed\"><i class=\"lqd-icn-ess icon-ion-ios-arrow-down\"><\/i><\/span>\n\t\t\t\t\t\t\t\t<span class=\"elementor-toggle-icon-opened\"><i class=\"elementor-toggle-icon-opened lqd-icn-ess icon-ion-ios-arrow-up\"><\/i><\/span>\n\t\t\t\t\t\t\t\t\t\t\t\t\t<\/span>\n\t\t\t\t\t\t\t\t\t\t\t\t<a class=\"elementor-toggle-title\" tabindex=\"0\">Combien de greffons les patients afro-am\u00e9ricains ont-ils g\u00e9n\u00e9ralement besoin ?<\/a>\n\t\t\t\t\t<\/h3>\n\n\t\t\t\t\t<div id=\"elementor-tab-content-15255\" class=\"elementor-tab-content elementor-clearfix\" data-tab=\"55\" role=\"region\" aria-labelledby=\"elementor-tab-title-15255\"><p>La plupart des patients ont besoin d&#8217;environ 2 000 \u00e0 3 500 greffons pour obtenir une am\u00e9lioration notable. Le nombre final de greffons d\u00e9pend de la disponibilit\u00e9 du donneur, de la densit\u00e9 des boucles et des attentes individuelles en mati\u00e8re de ligne capillaire.<\/p><\/div>\n\t\t\t\t<\/div>\n\t\t\t\t\t\t\t<div class=\"elementor-toggle-item\">\n\t\t\t\t\t<h3 id=\"elementor-tab-title-15256\" class=\"elementor-tab-title\" data-tab=\"56\" role=\"button\" aria-controls=\"elementor-tab-content-15256\" aria-expanded=\"false\">\n\t\t\t\t\t\t\t\t\t\t\t\t<span class=\"elementor-toggle-icon elementor-toggle-icon-right\" aria-hidden=\"true\">\n\t\t\t\t\t\t\t\t\t\t\t\t\t\t\t<span class=\"elementor-toggle-icon-closed\"><i class=\"lqd-icn-ess icon-ion-ios-arrow-down\"><\/i><\/span>\n\t\t\t\t\t\t\t\t<span class=\"elementor-toggle-icon-opened\"><i class=\"elementor-toggle-icon-opened lqd-icn-ess icon-ion-ios-arrow-up\"><\/i><\/span>\n\t\t\t\t\t\t\t\t\t\t\t\t\t<\/span>\n\t\t\t\t\t\t\t\t\t\t\t\t<a class=\"elementor-toggle-title\" tabindex=\"0\">Une greffe de cheveux afro modifie-t-elle la structure de mes boucles ?<\/a>\n\t\t\t\t\t<\/h3>\n\n\t\t\t\t\t<div id=\"elementor-tab-content-15256\" class=\"elementor-tab-content elementor-clearfix\" data-tab=\"56\" role=\"region\" aria-labelledby=\"elementor-tab-title-15256\"><p>Non, la forme naturelle des boucles reste inchang\u00e9e. Les follicules transplant\u00e9s poussent de la m\u00eame mani\u00e8re que dans la zone donneuse. Au d\u00e9but, les cheveux peuvent sembler l\u00e9g\u00e8rement plus l\u00e2ches, mais les boucles retrouvent g\u00e9n\u00e9ralement leur forme initiale entre douze et dix-huit mois.<\/p><\/div>\n\t\t\t\t<\/div>\n\t\t\t\t\t\t\t<div class=\"elementor-toggle-item\">\n\t\t\t\t\t<h3 id=\"elementor-tab-title-15257\" class=\"elementor-tab-title\" data-tab=\"57\" role=\"button\" aria-controls=\"elementor-tab-content-15257\" aria-expanded=\"false\">\n\t\t\t\t\t\t\t\t\t\t\t\t<span class=\"elementor-toggle-icon elementor-toggle-icon-right\" aria-hidden=\"true\">\n\t\t\t\t\t\t\t\t\t\t\t\t\t\t\t<span class=\"elementor-toggle-icon-closed\"><i class=\"lqd-icn-ess icon-ion-ios-arrow-down\"><\/i><\/span>\n\t\t\t\t\t\t\t\t<span class=\"elementor-toggle-icon-opened\"><i class=\"elementor-toggle-icon-opened lqd-icn-ess icon-ion-ios-arrow-up\"><\/i><\/span>\n\t\t\t\t\t\t\t\t\t\t\t\t\t<\/span>\n\t\t\t\t\t\t\t\t\t\t\t\t<a class=\"elementor-toggle-title\" tabindex=\"0\">Combien de temps dure une greffe de cheveux afro en Turquie ?<\/a>\n\t\t\t\t\t<\/h3>\n\n\t\t\t\t\t<div id=\"elementor-tab-content-15257\" class=\"elementor-tab-content elementor-clearfix\" data-tab=\"57\" role=\"region\" aria-labelledby=\"elementor-tab-title-15257\"><p>La proc\u00e9dure dure g\u00e9n\u00e9ralement entre 6 et 9 heures, selon le nombre de greffons et la technique choisie. L&#8217;extraction peut prendre plus de temps, car chaque follicule suit un trajet courbe sous le cuir chevelu. Certaines cliniques limitent le nombre de cas afro par jour afin de garantir un travail minutieux et contr\u00f4l\u00e9.<\/p><\/div>\n\t\t\t\t<\/div>\n\t\t\t\t\t\t\t<div class=\"elementor-toggle-item\">\n\t\t\t\t\t<h3 id=\"elementor-tab-title-15258\" class=\"elementor-tab-title\" data-tab=\"58\" role=\"button\" aria-controls=\"elementor-tab-content-15258\" aria-expanded=\"false\">\n\t\t\t\t\t\t\t\t\t\t\t\t<span class=\"elementor-toggle-icon elementor-toggle-icon-right\" aria-hidden=\"true\">\n\t\t\t\t\t\t\t\t\t\t\t\t\t\t\t<span class=\"elementor-toggle-icon-closed\"><i class=\"lqd-icn-ess icon-ion-ios-arrow-down\"><\/i><\/span>\n\t\t\t\t\t\t\t\t<span class=\"elementor-toggle-icon-opened\"><i class=\"elementor-toggle-icon-opened lqd-icn-ess icon-ion-ios-arrow-up\"><\/i><\/span>\n\t\t\t\t\t\t\t\t\t\t\t\t\t<\/span>\n\t\t\t\t\t\t\t\t\t\t\t\t<a class=\"elementor-toggle-title\" tabindex=\"0\">La technique FUE ou DHI est-elle plus adapt\u00e9e aux cheveux afro ?<\/a>\n\t\t\t\t\t<\/h3>\n\n\t\t\t\t\t<div id=\"elementor-tab-content-15258\" class=\"elementor-tab-content elementor-clearfix\" data-tab=\"58\" role=\"region\" aria-labelledby=\"elementor-tab-title-15258\"><p>Les deux techniques peuvent \u00eatre efficaces. La technique FUE est g\u00e9n\u00e9ralement pr\u00e9f\u00e9r\u00e9e pour les zones plus \u00e9tendues n\u00e9cessitant une couverture, tandis que la technique DHI est souvent utilis\u00e9e pour les travaux minutieux le long de la ligne capillaire, des bords ou pour corriger l&#8217;alop\u00e9cie de traction. Dans de nombreux cas, la combinaison des deux m\u00e9thodes permet d&#8217;obtenir des r\u00e9sultats optimaux.<\/p><\/div>\n\t\t\t\t<\/div>\n\t\t\t\t\t\t\t<div class=\"elementor-toggle-item\">\n\t\t\t\t\t<h3 id=\"elementor-tab-title-15259\" class=\"elementor-tab-title\" data-tab=\"59\" role=\"button\" aria-controls=\"elementor-tab-content-15259\" aria-expanded=\"false\">\n\t\t\t\t\t\t\t\t\t\t\t\t<span class=\"elementor-toggle-icon elementor-toggle-icon-right\" aria-hidden=\"true\">\n\t\t\t\t\t\t\t\t\t\t\t\t\t\t\t<span class=\"elementor-toggle-icon-closed\"><i class=\"lqd-icn-ess icon-ion-ios-arrow-down\"><\/i><\/span>\n\t\t\t\t\t\t\t\t<span class=\"elementor-toggle-icon-opened\"><i class=\"elementor-toggle-icon-opened lqd-icn-ess icon-ion-ios-arrow-up\"><\/i><\/span>\n\t\t\t\t\t\t\t\t\t\t\t\t\t<\/span>\n\t\t\t\t\t\t\t\t\t\t\t\t<a class=\"elementor-toggle-title\" tabindex=\"0\">La greffe de cheveux afro est-elle douloureuse ?<\/a>\n\t\t\t\t\t<\/h3>\n\n\t\t\t\t\t<div id=\"elementor-tab-content-15259\" class=\"elementor-tab-content elementor-clearfix\" data-tab=\"59\" role=\"region\" aria-labelledby=\"elementor-tab-title-15259\"><p>Pendant la phase d&#8217;engourdissement, une l\u00e9g\u00e8re pression peut \u00eatre ressentie, suivie d&#8217;un confort g\u00e9n\u00e9ral tout au long de l&#8217;intervention. La plupart des patients d\u00e9crivent cette exp\u00e9rience comme inhabituelle mais tol\u00e9rable. Une anesth\u00e9sie locale est g\u00e9n\u00e9ralement suffisante, bien que certaines personnes optent pour une l\u00e9g\u00e8re s\u00e9dation afin d&#8217;\u00eatre davantage d\u00e9tendues.<\/p><\/div>\n\t\t\t\t<\/div>\n\t\t\t\t\t\t\t<div class=\"elementor-toggle-item\">\n\t\t\t\t\t<h3 id=\"elementor-tab-title-15260\" class=\"elementor-tab-title\" data-tab=\"60\" role=\"button\" aria-controls=\"elementor-tab-content-15260\" aria-expanded=\"false\">\n\t\t\t\t\t\t\t\t\t\t\t\t<span class=\"elementor-toggle-icon elementor-toggle-icon-right\" aria-hidden=\"true\">\n\t\t\t\t\t\t\t\t\t\t\t\t\t\t\t<span class=\"elementor-toggle-icon-closed\"><i class=\"lqd-icn-ess icon-ion-ios-arrow-down\"><\/i><\/span>\n\t\t\t\t\t\t\t\t<span class=\"elementor-toggle-icon-opened\"><i class=\"elementor-toggle-icon-opened lqd-icn-ess icon-ion-ios-arrow-up\"><\/i><\/span>\n\t\t\t\t\t\t\t\t\t\t\t\t\t<\/span>\n\t\t\t\t\t\t\t\t\t\t\t\t<a class=\"elementor-toggle-title\" tabindex=\"0\">La greffe de cheveux afro est-elle sans danger pour les peaux fonc\u00e9es ?<\/a>\n\t\t\t\t\t<\/h3>\n\n\t\t\t\t\t<div id=\"elementor-tab-content-15260\" class=\"elementor-tab-content elementor-clearfix\" data-tab=\"60\" role=\"region\" aria-labelledby=\"elementor-tab-title-15260\"><p>Oui, lorsqu&#8217;elle est pratiqu\u00e9e correctement. Les peaux fonc\u00e9es n\u00e9cessitent un contr\u00f4le pr\u00e9cis de la profondeur et de l&#8217;espacement des incisions afin de minimiser le risque d&#8217;hyperpigmentation ou de cicatrices en relief. Les cliniques \u00e9valuent g\u00e9n\u00e9ralement les ant\u00e9c\u00e9dents de ch\u00e9lo\u00efdes et adaptent la technique en fonction des caract\u00e9ristiques de la peau.<\/p><\/div>\n\t\t\t\t<\/div>\n\t\t\t\t\t\t\t<div class=\"elementor-toggle-item\">\n\t\t\t\t\t<h3 id=\"elementor-tab-title-15261\" class=\"elementor-tab-title\" data-tab=\"61\" role=\"button\" aria-controls=\"elementor-tab-content-15261\" aria-expanded=\"false\">\n\t\t\t\t\t\t\t\t\t\t\t\t<span class=\"elementor-toggle-icon elementor-toggle-icon-right\" aria-hidden=\"true\">\n\t\t\t\t\t\t\t\t\t\t\t\t\t\t\t<span class=\"elementor-toggle-icon-closed\"><i class=\"lqd-icn-ess icon-ion-ios-arrow-down\"><\/i><\/span>\n\t\t\t\t\t\t\t\t<span class=\"elementor-toggle-icon-opened\"><i class=\"elementor-toggle-icon-opened lqd-icn-ess icon-ion-ios-arrow-up\"><\/i><\/span>\n\t\t\t\t\t\t\t\t\t\t\t\t\t<\/span>\n\t\t\t\t\t\t\t\t\t\t\t\t<a class=\"elementor-toggle-title\" tabindex=\"0\">Quel est le taux de r\u00e9ussite des greffes de cheveux afro en Turquie ?<\/a>\n\t\t\t\t\t<\/h3>\n\n\t\t\t\t\t<div id=\"elementor-tab-content-15261\" class=\"elementor-tab-content elementor-clearfix\" data-tab=\"61\" role=\"region\" aria-labelledby=\"elementor-tab-title-15261\"><p>Les taux de r\u00e9ussite sont g\u00e9n\u00e9ralement \u00e9lev\u00e9s dans les cliniques exp\u00e9riment\u00e9es. Les r\u00e9sultats en mati\u00e8re de repousse des cheveux d\u00e9pendent d&#8217;une manipulation minutieuse des greffons, d&#8217;une extraction respectueuse des boucles et de soins post-op\u00e9ratoires appropri\u00e9s. Une approche dirig\u00e9e par des sp\u00e9cialistes permet de garantir la coh\u00e9rence et la qualit\u00e9 dans tous les cas.<\/p><\/div>\n\t\t\t\t<\/div>\n\t\t\t\t\t\t\t<div class=\"elementor-toggle-item\">\n\t\t\t\t\t<h3 id=\"elementor-tab-title-15262\" class=\"elementor-tab-title\" data-tab=\"62\" role=\"button\" aria-controls=\"elementor-tab-content-15262\" aria-expanded=\"false\">\n\t\t\t\t\t\t\t\t\t\t\t\t<span class=\"elementor-toggle-icon elementor-toggle-icon-right\" aria-hidden=\"true\">\n\t\t\t\t\t\t\t\t\t\t\t\t\t\t\t<span class=\"elementor-toggle-icon-closed\"><i class=\"lqd-icn-ess icon-ion-ios-arrow-down\"><\/i><\/span>\n\t\t\t\t\t\t\t\t<span class=\"elementor-toggle-icon-opened\"><i class=\"elementor-toggle-icon-opened lqd-icn-ess icon-ion-ios-arrow-up\"><\/i><\/span>\n\t\t\t\t\t\t\t\t\t\t\t\t\t<\/span>\n\t\t\t\t\t\t\t\t\t\t\t\t<a class=\"elementor-toggle-title\" tabindex=\"0\">Les femmes afro-am\u00e9ricaines peuvent-elles b\u00e9n\u00e9ficier d'une greffe de cheveux ?<\/a>\n\t\t\t\t\t<\/h3>\n\n\t\t\t\t\t<div id=\"elementor-tab-content-15262\" class=\"elementor-tab-content elementor-clearfix\" data-tab=\"62\" role=\"region\" aria-labelledby=\"elementor-tab-title-15262\"><p>Oui. De nombreuses femmes afro-am\u00e9ricaines recherchent un traitement pour lutter contre l&#8217;amincissement des contours, des tempes ou l&#8217;\u00e9largissement de la raie. Le plan de traitement tient compte des pratiques de coiffage naturelles et de la pr\u00e9servation \u00e0 long terme des cheveux.<\/p><\/div>\n\t\t\t\t<\/div>\n\t\t\t\t\t\t\t<div class=\"elementor-toggle-item\">\n\t\t\t\t\t<h3 id=\"elementor-tab-title-15263\" class=\"elementor-tab-title\" data-tab=\"63\" role=\"button\" aria-controls=\"elementor-tab-content-15263\" aria-expanded=\"false\">\n\t\t\t\t\t\t\t\t\t\t\t\t<span class=\"elementor-toggle-icon elementor-toggle-icon-right\" aria-hidden=\"true\">\n\t\t\t\t\t\t\t\t\t\t\t\t\t\t\t<span class=\"elementor-toggle-icon-closed\"><i class=\"lqd-icn-ess icon-ion-ios-arrow-down\"><\/i><\/span>\n\t\t\t\t\t\t\t\t<span class=\"elementor-toggle-icon-opened\"><i class=\"elementor-toggle-icon-opened lqd-icn-ess icon-ion-ios-arrow-up\"><\/i><\/span>\n\t\t\t\t\t\t\t\t\t\t\t\t\t<\/span>\n\t\t\t\t\t\t\t\t\t\t\t\t<a class=\"elementor-toggle-title\" tabindex=\"0\">Comment choisir la meilleure clinique de greffe de cheveux afro en Turquie ?<\/a>\n\t\t\t\t\t<\/h3>\n\n\t\t\t\t\t<div id=\"elementor-tab-content-15263\" class=\"elementor-tab-content elementor-clearfix\" data-tab=\"63\" role=\"region\" aria-labelledby=\"elementor-tab-title-15263\"><p>Lorsque vous choisissez une clinique, recherchez une forte implication de sp\u00e9cialistes, des cas avant\/apr\u00e8s document\u00e9s sp\u00e9cifiques aux personnes afro-am\u00e9ricaines, une planification pr\u00e9cise des greffons et une communication claire. M\u00e9fiez-vous des cliniques qui pr\u00e9cipitent le processus d&#8217;extraction ou garantissent des niveaux de densit\u00e9 irr\u00e9alistes.<\/p><\/div>\n\t\t\t\t<\/div>\n\t\t\t\t\t\t\t\t\t\t<script type=\"application\/ld+json\">{\"@context\":\"https:\\\/\\\/schema.org\",\"@type\":\"FAQPage\",\"mainEntity\":[{\"@type\":\"Question\",\"name\":\"Comment savoir si je suis un bon candidat pour une greffe de cheveux ?\",\"acceptedAnswer\":{\"@type\":\"Answer\",\"text\":\"<p>L&#8217;ad\\u00e9quation est \\u00e9valu\\u00e9e individuellement en fonction du stade de votre perte de cheveux, de la densit\\u00e9 de la zone donneuse, de l&#8217;\\u00e9tat de votre cuir chevelu et de vos attentes. Une consultation personnalis\\u00e9e est n\\u00e9cessaire pour d\\u00e9terminer si la proc\\u00e9dure vous convient.<\\\/p>\"}},{\"@type\":\"Question\",\"name\":\"Quelles sont les causes de la perte de cheveux chez les hommes ?\",\"acceptedAnswer\":{\"@type\":\"Answer\",\"text\":\"<p>La cause la plus fr\\u00e9quente de la perte de cheveux chez les hommes est une pr\\u00e9disposition g\\u00e9n\\u00e9tique, connue sous le nom d&#8217;alop\\u00e9cie androg\\u00e9n\\u00e9tique. Cependant, d&#8217;autres facteurs m\\u00e9dicaux ou environnementaux peuvent \\u00e9galement jouer un r\\u00f4le.<\\\/p>\"}},{\"@type\":\"Question\",\"name\":\"La Turquie est-elle vraiment un bon choix pour une greffe de cheveux ?\",\"acceptedAnswer\":{\"@type\":\"Answer\",\"text\":\"<p>Les proc\\u00e9dures de greffe de cheveux en Turquie sont tr\\u00e8s pris\\u00e9es car elles donnent d&#8217;excellents r\\u00e9sultats lorsqu&#8217;elles sont r\\u00e9alis\\u00e9es correctement, et elles sont souvent plus abordables que dans beaucoup d&#8217;autres pays.<\\\/p>\"}},{\"@type\":\"Question\",\"name\":\"Pourquoi choisir une clinique en Turquie pour une greffe de cheveux ?\",\"acceptedAnswer\":{\"@type\":\"Answer\",\"text\":\"<p>Certaines cliniques en Turquie respectent des normes proc\\u00e9durales \\u00e9lev\\u00e9es et utilisent fr\\u00e9quemment des techniques avanc\\u00e9es telles que la Sapphire FUE. Dans certains \\u00e9tablissements fond\\u00e9s par des experts m\\u00e9dicaux, les proc\\u00e9dures sont r\\u00e9alis\\u00e9es directement par des sp\\u00e9cialistes exp\\u00e9riment\\u00e9s et des \\u00e9quipes m\\u00e9dicales qualifi\\u00e9es, refl\\u00e9tant une approche m\\u00e9dicale bien structur\\u00e9e et professionnelle.<\\\/p>\"}},{\"@type\":\"Question\",\"name\":\"Combien co\\u00fbte une greffe de cheveux ?\",\"acceptedAnswer\":{\"@type\":\"Answer\",\"text\":\"<p>Le prix d&#8217;une greffe de cheveux varie selon le pays et la clinique. Les co\\u00fbts sont g\\u00e9n\\u00e9ralement influenc\\u00e9s par le nombre de greffons, la technique appliqu\\u00e9e (FUE, DHI), la technologie utilis\\u00e9e et le niveau d&#8217;exp\\u00e9rience du chirurgien. De nombreuses cliniques calculent leurs prix par greffon. Il est conseill\\u00e9 de demander un devis \\u00e9crit d\\u00e9taill\\u00e9 pr\\u00e9cisant le nombre de greffons pr\\u00e9vu et les rendez-vous de suivi inclus.<\\\/p>\"}},{\"@type\":\"Question\",\"name\":\"Quel est le taux de r\\u00e9ussite d'une greffe de cheveux ?\",\"acceptedAnswer\":{\"@type\":\"Answer\",\"text\":\"<p>Les taux de r\\u00e9ussite peuvent varier en fonction de la zone trait\\u00e9e. Dans les r\\u00e9gions frontales, le taux de r\\u00e9ussite est g\\u00e9n\\u00e9ralement sup\\u00e9rieur \\u00e0 95 %, tandis que dans la zone du sommet du cr\\u00e2ne, il est g\\u00e9n\\u00e9ralement compris entre 70 et 80 %, en fonction des besoins en greffons.<\\\/p>\"}},{\"@type\":\"Question\",\"name\":\"Comment se d\\u00e9roule une greffe de cheveux ?\",\"acceptedAnswer\":{\"@type\":\"Answer\",\"text\":\"<p>Une greffe de cheveux est une intervention chirurgicale au cours de laquelle des greffons contenant un ou plusieurs follicules pileux sont transf\\u00e9r\\u00e9s d&#8217;une zone donneuse vers des zones pr\\u00e9sentant un amincissement ou une calvitie. Le chirurgien et l&#8217;\\u00e9quipe m\\u00e9dicale \\u00e9valuent la capacit\\u00e9 du donneur, dessinent la ligne capillaire, extraient les greffons (\\u00e0 l&#8217;aide des techniques FUE, DHI ou autres), ouvrent les canaux receveurs et implantent les greffons afin d&#8217;obtenir un angle et une densit\\u00e9 naturels.<\\\/p>\"}},{\"@type\":\"Question\",\"name\":\"Combien de temps dure une greffe de cheveux ?\",\"acceptedAnswer\":{\"@type\":\"Answer\",\"text\":\"<p>La dur\\u00e9e de l&#8217;intervention varie en fonction du nombre de greffons et de la technique choisie. La plupart des traitements durent environ 4 \\u00e0 6 heures. Les s\\u00e9ances plus longues impliquant un nombre plus \\u00e9lev\\u00e9 de greffons peuvent n\\u00e9cessiter plus de temps ou \\u00eatre divis\\u00e9es en plusieurs s\\u00e9ances. Les patients doivent consulter leur chirurgien pour conna\\u00eetre la dur\\u00e9e estim\\u00e9e et le nombre de greffons pr\\u00e9vus.<\\\/p>\"}},{\"@type\":\"Question\",\"name\":\"La greffe de cheveux est-elle douloureuse ?\",\"acceptedAnswer\":{\"@type\":\"Answer\",\"text\":\"<p>La plupart des interventions sont r\\u00e9alis\\u00e9es sous anesth\\u00e9sie locale, avec une s\\u00e9dation facultative si n\\u00e9cessaire. Une anesth\\u00e9sie ad\\u00e9quate garantit votre confort pendant le traitement. Une l\\u00e9g\\u00e8re sensibilit\\u00e9 apr\\u00e8s l&#8217;intervention est normale et peut g\\u00e9n\\u00e9ralement \\u00eatre soulag\\u00e9e \\u00e0 l&#8217;aide d&#8217;analg\\u00e9siques classiques recommand\\u00e9s par votre m\\u00e9decin.<\\\/p>\"}},{\"@type\":\"Question\",\"name\":\"Les patients sont-ils \\u00e9veill\\u00e9s pendant la proc\\u00e9dure de greffe de cheveux ?\",\"acceptedAnswer\":{\"@type\":\"Answer\",\"text\":\"<p>Oui. Les traitements de greffe de cheveux sont g\\u00e9n\\u00e9ralement r\\u00e9alis\\u00e9s sous anesth\\u00e9sie locale, ce qui signifie que les patients restent \\u00e9veill\\u00e9s mais \\u00e0 l&#8217;aise. Une s\\u00e9dation peut \\u00eatre propos\\u00e9e dans certains cas, mais la plupart des patients tol\\u00e8rent bien l&#8217;intervention.<\\\/p>\"}},{\"@type\":\"Question\",\"name\":\"Quelle technique de greffe capillaire est la plus efficace ?\",\"acceptedAnswer\":{\"@type\":\"Answer\",\"text\":\"<p>Il n&#8217;existe pas de technique unique pouvant \\u00eatre consid\\u00e9r\\u00e9e comme la\\u00a0 &#8220;meilleure&#8221; pour tout le monde. Le choix entre diff\\u00e9rentes options telles que Sapphire FUE ou DHI est d\\u00e9termin\\u00e9 en fonction des besoins individuels du patient et des caract\\u00e9ristiques de ses cheveux.<\\\/p>\"}},{\"@type\":\"Question\",\"name\":\"Qu'est-ce que la technique Sapphire FUE ?\",\"acceptedAnswer\":{\"@type\":\"Answer\",\"text\":\"<p>La m\\u00e9thode Sapphire FUE consiste \\u00e0 utiliser une micro-lame \\u00e0 pointe en saphir pour ouvrir des canaux dans la zone receveuse avant la mise en place des greffons.<\\\/p>\"}},{\"@type\":\"Question\",\"name\":\"Quelle technique est utilis\\u00e9e pour la greffe de barbe ?\",\"acceptedAnswer\":{\"@type\":\"Answer\",\"text\":\"<p>Aujourd&#8217;hui, la plupart des greffes de barbe sont r\\u00e9alis\\u00e9es \\u00e0 l&#8217;aide de la technique FUE.<\\\/p>\"}},{\"@type\":\"Question\",\"name\":\"Qu'est-ce qu'une greffe de barbe ?\",\"acceptedAnswer\":{\"@type\":\"Answer\",\"text\":\"<p>La greffe de barbe est une intervention qui consiste \\u00e0 pr\\u00e9lever des follicules pileux dans la zone donneuse et \\u00e0 les implanter dans la r\\u00e9gion faciale afin d&#8217;am\\u00e9liorer ou de restaurer la densit\\u00e9 de la barbe.<\\\/p>\"}},{\"@type\":\"Question\",\"name\":\"O\\u00f9 se trouve la zone de don id\\u00e9ale ?\",\"acceptedAnswer\":{\"@type\":\"Answer\",\"text\":\"<p>La zone donneuse la plus appropri\\u00e9e se trouve \\u00e0 l&#8217;arri\\u00e8re du cuir chevelu, commun\\u00e9ment appel\\u00e9e \\u00ab zone donneuse s\\u00fbre \\u00bb. Les follicules pileux de cette zone sont g\\u00e9n\\u00e9tiquement plus r\\u00e9sistants \\u00e0 la chute des cheveux, ce qui les rend id\\u00e9aux pour la transplantation.<\\\/p>\"}},{\"@type\":\"Question\",\"name\":\"Comment les cheveux existants sont-ils prot\\u00e9g\\u00e9s pendant l'intervention ?\",\"acceptedAnswer\":{\"@type\":\"Answer\",\"text\":\"<p>Au cours du traitement de greffe capillaire, les sp\\u00e9cialistes utilisent des outils grossissants et des techniques d&#8217;extraction minutieuses afin de pr\\u00e9server les cheveux naturels environnants et de minimiser les traumatismes inutiles.<\\\/p>\"}},{\"@type\":\"Question\",\"name\":\"Puis-je d\\u00e9cider de l'apparence de ma ligne capillaire ?\",\"acceptedAnswer\":{\"@type\":\"Answer\",\"text\":\"<p>Oui. La conception de la ligne capillaire est planifi\\u00e9e en consultation avec votre sp\\u00e9cialiste le jour de l&#8217;intervention. Vos pr\\u00e9f\\u00e9rences sont soigneusement prises en compte, parall\\u00e8lement aux recommandations professionnelles, afin d&#8217;obtenir un r\\u00e9sultat naturel et \\u00e9quilibr\\u00e9.<\\\/p>\"}},{\"@type\":\"Question\",\"name\":\"Le rasage est-il n\\u00e9cessaire pendant la proc\\u00e9dure de greffe de cheveux ?\",\"acceptedAnswer\":{\"@type\":\"Answer\",\"text\":\"<p>Dans la plupart des cas, il est recommand\\u00e9 de se raser afin de permettre une extraction et une implantation pr\\u00e9cises du greffon. Cela am\\u00e9liore la visibilit\\u00e9 et la pr\\u00e9cision pendant l&#8217;intervention.<\\\/p>\"}},{\"@type\":\"Question\",\"name\":\"Dois-je me couper les cheveux avant de me pr\\u00e9senter \\u00e0 l'intervention ?\",\"acceptedAnswer\":{\"@type\":\"Answer\",\"text\":\"<p>Non. Il est pr\\u00e9f\\u00e9rable de ne pas couper ni raser vos cheveux avant votre rendez-vous. La pr\\u00e9paration des cheveux est g\\u00e9n\\u00e9ralement effectu\\u00e9e par l&#8217;\\u00e9quipe m\\u00e9dicale afin de garantir une planification et un marquage pr\\u00e9cis.<\\\/p>\"}},{\"@type\":\"Question\",\"name\":\"Puis-je boire de l'alcool avant une greffe de cheveux ?\",\"acceptedAnswer\":{\"@type\":\"Answer\",\"text\":\"<p>Il est recommand\\u00e9 d&#8217;\\u00e9viter de consommer de l&#8217;alcool pendant au moins 3 \\u00e0 5 jours avant votre greffe de cheveux. L&#8217;alcool peut augmenter le risque de saignement et affecter la circulation sanguine, ce qui peut avoir une incidence sur l&#8217;intervention et le processus de gu\\u00e9rison.<\\\/p>\"}},{\"@type\":\"Question\",\"name\":\"Quand le pansement est-il retir\\u00e9 apr\\u00e8s l'intervention ?\",\"acceptedAnswer\":{\"@type\":\"Answer\",\"text\":\"<p>Le pansement est g\\u00e9n\\u00e9ralement retir\\u00e9 le deuxi\\u00e8me jour avant le premier lavage. Une fois retir\\u00e9, il n&#8217;est pas n\\u00e9cessaire de le remettre.<\\\/p>\"}},{\"@type\":\"Question\",\"name\":\"Que dois-je faire en cas de gonflement ?\",\"acceptedAnswer\":{\"@type\":\"Answer\",\"text\":\"<p>Un l\\u00e9ger gonflement est normal dans le cadre du processus de gu\\u00e9rison. Vous pouvez appliquer une compresse froide (sans exercer de pression directe sur la zone greff\\u00e9e) pendant environ 10 minutes toutes les quelques heures. Garder la t\\u00eate sur\\u00e9lev\\u00e9e peut \\u00e9galement aider. Le gonflement dispara\\u00eet g\\u00e9n\\u00e9ralement en quelques jours.<\\\/p>\"}},{\"@type\":\"Question\",\"name\":\"Les saignements apr\\u00e8s une greffe de cheveux sont-ils normaux ?\",\"acceptedAnswer\":{\"@type\":\"Answer\",\"text\":\"<p>De l\\u00e9gers saignements peuvent survenir pendant la premi\\u00e8re nuit ou le deuxi\\u00e8me jour suivant l&#8217;intervention. Ceux-ci sont g\\u00e9n\\u00e9ralement minimes.<br \\\/>Si n\\u00e9cessaire, une l\\u00e9g\\u00e8re pression peut \\u00eatre exerc\\u00e9e sur la zone.<\\\/p>\"}},{\"@type\":\"Question\",\"name\":\"Quelle doit \\u00eatre la temp\\u00e9rature de l'eau pour le lavage apr\\u00e8s l'intervention ?\",\"acceptedAnswer\":{\"@type\":\"Answer\",\"text\":\"<p>L&#8217;eau doit \\u00eatre ti\\u00e8de et agr\\u00e9able, ni trop chaude ni trop froide.<\\\/p>\"}},{\"@type\":\"Question\",\"name\":\"\\u00c0 quelle fr\\u00e9quence faut-il se laver les cheveux apr\\u00e8s une greffe capillaire ?\",\"acceptedAnswer\":{\"@type\":\"Answer\",\"text\":\"<p>Les cheveux doivent \\u00eatre lav\\u00e9s une fois par jour pendant les 30 premiers jours, en suivant strictement les instructions fournies par la clinique.<\\\/p>\"}},{\"@type\":\"Question\",\"name\":\"Puis-je prendre une douche le jour de la greffe de cheveux ?\",\"acceptedAnswer\":{\"@type\":\"Answer\",\"text\":\"<p>Oui, vous pouvez prendre une douche le jour m\\u00eame. Cependant, l&#8217;eau ne doit pas entrer en contact avec la zone transplant\\u00e9e. Le lavage doit \\u00eatre limit\\u00e9 au corps sous le cou.<\\\/p>\"}},{\"@type\":\"Question\",\"name\":\"Quand puis-je me doucher normalement apr\\u00e8s une greffe de cheveux ?\",\"acceptedAnswer\":{\"@type\":\"Answer\",\"text\":\"<p>Il est g\\u00e9n\\u00e9ralement possible de prendre une douche normale avec une pression d&#8217;eau standard apr\\u00e8s environ 10 jours, une fois que les greffons se sont bien stabilis\\u00e9s.<\\\/p>\"}},{\"@type\":\"Question\",\"name\":\"Quel shampooing utiliser apr\\u00e8s une greffe de cheveux ?\",\"acceptedAnswer\":{\"@type\":\"Answer\",\"text\":\"<p>Tout shampooing doux et naturel qui ne contient pas de produits chimiques agressifs convient. Les shampooings \\u00e0 base d&#8217;huile d&#8217;olive naturelle sont souvent recommand\\u00e9s.<\\\/p>\"}},{\"@type\":\"Question\",\"name\":\"Y a-t-il des recommandations alimentaires \\u00e0 suivre apr\\u00e8s une greffe de cheveux ?\",\"acceptedAnswer\":{\"@type\":\"Answer\",\"text\":\"<p>Les restrictions alimentaires sont minimes apr\\u00e8s une greffe de cheveux. Cependant, il est fortement recommand\\u00e9 d&#8217;\\u00e9viter la consommation d&#8217;alcool pendant les 10 premiers jours. De plus, r\\u00e9duire la consommation d&#8217;aliments tr\\u00e8s \\u00e9pic\\u00e9s et sal\\u00e9s pendant environ 3 \\u00e0 5 jours peut favoriser le processus de gu\\u00e9rison.<\\\/p>\"}},{\"@type\":\"Question\",\"name\":\"Dois-je prendre des m\\u00e9dicaments apr\\u00e8s l'intervention ?\",\"acceptedAnswer\":{\"@type\":\"Answer\",\"text\":\"<p>Un ensemble standard de m\\u00e9dicaments postop\\u00e9ratoires est g\\u00e9n\\u00e9ralement fourni, pouvant inclure des antibiotiques, des analg\\u00e9siques et des anti-inflammatoires. Des prescriptions suppl\\u00e9mentaires peuvent \\u00eatre recommand\\u00e9es en fonction de l&#8217;\\u00e9tat de sant\\u00e9 et du processus de gu\\u00e9rison de chaque patient.<\\\/p>\"}},{\"@type\":\"Question\",\"name\":\"Le PRP doit-il \\u00eatre utilis\\u00e9 avant ou apr\\u00e8s l'intervention ?\",\"acceptedAnswer\":{\"@type\":\"Answer\",\"text\":\"<p>Le traitement PRP n&#8217;est pas obligatoire, mais il peut favoriser le processus de gu\\u00e9rison et am\\u00e9liorer la repousse des cheveux lorsqu&#8217;il est appliqu\\u00e9 en plusieurs s\\u00e9ances.<\\\/p>\"}},{\"@type\":\"Question\",\"name\":\"Combien de temps dois-je me reposer apr\\u00e8s une greffe de cheveux ?\",\"acceptedAnswer\":{\"@type\":\"Answer\",\"text\":\"<p>La p\\u00e9riode de repos recommand\\u00e9e d\\u00e9pend de la nature de votre travail.<br \\\/>Si votre travail implique une activit\\u00e9 physique ou une exposition \\u00e0 la poussi\\u00e8re, vous devriez \\u00e9viter de reprendre le travail pendant 10 \\u00e0 14 jours. Pour les emplois de bureau, de nombreux patients peuvent reprendre leurs activit\\u00e9s habituelles dans les 2 \\u00e0 3 jours.<\\\/p>\"}},{\"@type\":\"Question\",\"name\":\"Quand puis-je recommencer \\u00e0 faire de l'exercice apr\\u00e8s une greffe de cheveux ?\",\"acceptedAnswer\":{\"@type\":\"Answer\",\"text\":\"<p>Il est recommand\\u00e9 d&#8217;\\u00e9viter toute activit\\u00e9 physique intense pendant au moins quatre semaines apr\\u00e8s votre greffe de cheveux. Vous pouvez reprendre rapidement une activit\\u00e9 physique l\\u00e9g\\u00e8re, comme la marche, mais les s\\u00e9ances de sport, le port de charges lourdes et les sports de contact doivent \\u00eatre report\\u00e9s afin de prot\\u00e9ger les greffons.<\\\/p>\"}},{\"@type\":\"Question\",\"name\":\"Comment dois-je dormir apr\\u00e8s une greffe de cheveux ?\",\"acceptedAnswer\":{\"@type\":\"Answer\",\"text\":\"<p>Pendant les 7 \\u00e0 10 premiers jours, vous devriez dormir avec la zone donneuse tourn\\u00e9e vers le bas. \\u00c9vitez de vous tourner sur le c\\u00f4t\\u00e9 pendant la p\\u00e9riode de convalescence initiale afin de prot\\u00e9ger les greffons nouvellement implant\\u00e9s.<\\\/p>\"}},{\"@type\":\"Question\",\"name\":\"Puis-je porter un chapeau apr\\u00e8s une greffe de cheveux ?\",\"acceptedAnswer\":{\"@type\":\"Answer\",\"text\":\"<p>Oui, le port d&#8217;un chapeau, d&#8217;une \\u00e9charpe ou d&#8217;un bandana ample est g\\u00e9n\\u00e9ralement sans danger apr\\u00e8s les 10 premiers jours, \\u00e0 condition qu&#8217;il n&#8217;exerce aucune pression sur la zone greff\\u00e9e.<\\\/p>\"}},{\"@type\":\"Question\",\"name\":\"Peut-on s'exposer au soleil apr\\u00e8s une greffe de cheveux ?\",\"acceptedAnswer\":{\"@type\":\"Answer\",\"text\":\"<p>Il n&#8217;y a pas de restrictions strictes concernant les sorties \\u00e0 l&#8217;ext\\u00e9rieur. Cependant, il convient d&#8217;\\u00e9viter toute exposition prolong\\u00e9e au soleil et aux rayons UV pendant les 6 premiers mois. Si n\\u00e9cessaire, il est recommand\\u00e9 de prendre des mesures de protection telles que l&#8217;application d&#8217;un \\u00e9cran solaire ou le port d&#8217;un chapeau.<\\\/p>\"}},{\"@type\":\"Question\",\"name\":\"Quand puis-je couper ou raser mes cheveux transplant\\u00e9s ?\",\"acceptedAnswer\":{\"@type\":\"Answer\",\"text\":\"<p>Il convient d&#8217;\\u00e9viter de se couper les cheveux ou de se raser pendant au moins un mois apr\\u00e8s l&#8217;intervention.<br \\\/>Apr\\u00e8s cette p\\u00e9riode :<br \\\/>\\u2022 Des ciseaux peuvent \\u00eatre utilis\\u00e9s avec pr\\u00e9caution dans la zone receveuse.<br \\\/>\\u2022 Une tondeuse peut \\u00eatre utilis\\u00e9e dans la zone donneuse.<br \\\/>Pour la zone receveuse, il est pr\\u00e9f\\u00e9rable d&#8217;attendre 2 \\u00e0 3 mois avant d&#8217;utiliser une tondeuse.<\\\/p>\"}},{\"@type\":\"Question\",\"name\":\"Quand puis-je teindre ou colorer mes cheveux apr\\u00e8s l'intervention ?\",\"acceptedAnswer\":{\"@type\":\"Answer\",\"text\":\"<p>La coloration des cheveux est autoris\\u00e9e, mais il est conseill\\u00e9 d&#8217;attendre environ 6 \\u00e0 8 semaines. Cela permet aux follicules nouvellement transplant\\u00e9s de s&#8217;implanter et \\u00e0 la repousse pr\\u00e9coce de commencer avant d&#8217;appliquer des produits chimiques.<\\\/p>\"}},{\"@type\":\"Question\",\"name\":\"Quand puis-je sortir apr\\u00e8s une greffe de cheveux ?\",\"acceptedAnswer\":{\"@type\":\"Answer\",\"text\":\"<p>Dans la plupart des cas, les patients peuvent sortir le jour m\\u00eame ou le lendemain. De petites marques roses ou des cro\\u00fbtes peuvent \\u00eatre visibles pendant la premi\\u00e8re semaine. Elles s&#8217;estompent progressivement et les cro\\u00fbtes tombent g\\u00e9n\\u00e9ralement au bout de 7 \\u00e0 10 jours.<\\\/p>\"}},{\"@type\":\"Question\",\"name\":\"Quand les cheveux transplant\\u00e9s commenceront-ils \\u00e0 pousser ?\",\"acceptedAnswer\":{\"@type\":\"Answer\",\"text\":\"<p>La repousse des cheveux commence g\\u00e9n\\u00e9ralement vers le troisi\\u00e8me mois. Une am\\u00e9lioration esth\\u00e9tique notable est g\\u00e9n\\u00e9ralement observ\\u00e9e au bout de six mois, tandis que les r\\u00e9sultats finaux sont g\\u00e9n\\u00e9ralement obtenus entre 9 et 12 mois.<br \\\/>Les d\\u00e9lais de r\\u00e9cup\\u00e9ration et de repousse peuvent varier en fonction de chaque individu, du nombre de greffons transplant\\u00e9s et de la technique utilis\\u00e9e.<\\\/p>\"}},{\"@type\":\"Question\",\"name\":\"Les cheveux transplant\\u00e9s vont-ils tomber plus tard ?\",\"acceptedAnswer\":{\"@type\":\"Answer\",\"text\":\"<p>Les greffons transplant\\u00e9s sont g\\u00e9n\\u00e9ralement pr\\u00e9lev\\u00e9s dans des zones donneuses g\\u00e9n\\u00e9tiquement r\\u00e9sistantes \\u00e0 la perte de cheveux, et ils restent souvent permanents dans leur nouvel emplacement. Cependant, les cheveux naturels existants dans d&#8217;autres zones peuvent continuer \\u00e0 s&#8217;affiner avec le temps. Certaines personnes peuvent avoir besoin d&#8217;un traitement m\\u00e9dical ou de greffes suppl\\u00e9mentaires \\u00e0 l&#8217;avenir pour pr\\u00e9server la densit\\u00e9 et l&#8217;apparence globales de leur chevelure.<\\\/p>\"}},{\"@type\":\"Question\",\"name\":\"Vais-je continuer \\u00e0 perdre mes cheveux apr\\u00e8s une greffe capillaire ?\",\"acceptedAnswer\":{\"@type\":\"Answer\",\"text\":\"<p>Une greffe de cheveux n&#8217;emp\\u00eache pas la perte future des cheveux existants. La perte de cheveux continue est principalement influenc\\u00e9e par des facteurs g\\u00e9n\\u00e9tiques.<\\\/p>\"}},{\"@type\":\"Question\",\"name\":\"Est-ce que l'on verra que j'ai subi une greffe de cheveux ?\",\"acceptedAnswer\":{\"@type\":\"Answer\",\"text\":\"<p>Lorsqu&#8217;elle est soigneusement planifi\\u00e9e et r\\u00e9alis\\u00e9e par des chirurgiens qualifi\\u00e9s et des \\u00e9quipes exp\\u00e9riment\\u00e9es, la greffe de cheveux peut donner des r\\u00e9sultats tr\\u00e8s naturels et difficiles \\u00e0 d\\u00e9tecter. La qualit\\u00e9 du r\\u00e9sultat d\\u00e9pend de la conception ad\\u00e9quate de la ligne capillaire, du positionnement pr\\u00e9cis des greffons et de leur alignement avec la direction et la densit\\u00e9 naturelles des cheveux. Le choix d&#8217;un chirurgien qualifi\\u00e9 augmente les chances d&#8217;obtenir un r\\u00e9sultat naturel.<\\\/p>\"}},{\"@type\":\"Question\",\"name\":\"Combien de greffons sont n\\u00e9cessaires pour une couverture compl\\u00e8te ?\",\"acceptedAnswer\":{\"@type\":\"Answer\",\"text\":\"<p>Le nombre de greffons n\\u00e9cessaires varie d&#8217;une personne \\u00e0 l&#8217;autre. Des facteurs tels que la taille du cuir chevelu, le stade de la perte de cheveux et la densit\\u00e9 de la zone donneuse influencent tous le nombre total de greffons n\\u00e9cessaires pour obtenir une couverture \\u00e9quilibr\\u00e9e.<\\\/p>\"}},{\"@type\":\"Question\",\"name\":\"Combien de temps dois-je attendre avant de subir une deuxi\\u00e8me greffe de cheveux ?\",\"acceptedAnswer\":{\"@type\":\"Answer\",\"text\":\"<p>Il est g\\u00e9n\\u00e9ralement recommand\\u00e9 d&#8217;attendre au moins 6 mois s&#8217;il n&#8217;y a pas eu d&#8217;incisions ant\\u00e9rieures dans la zone trait\\u00e9e. Si une greffe ou des incisions chirurgicales ont \\u00e9t\\u00e9 pratiqu\\u00e9es auparavant, il est conseill\\u00e9 d&#8217;attendre jusqu&#8217;\\u00e0 12 mois.<\\\/p>\"}},{\"@type\":\"Question\",\"name\":\"Combien co\\u00fbte une greffe de cheveux pour une femme ?\",\"acceptedAnswer\":{\"@type\":\"Answer\",\"text\":\"<p>Le prix d&#8217;une greffe de cheveux chez la femme d\\u00e9pend de facteurs tels que la technique choisie et le nombre de greffons n\\u00e9cessaires. En moyenne, les co\\u00fbts varient entre 1 800 \\u20ac et 3 500 \\u20ac, mais les cas plus avanc\\u00e9s ou plus complexes peuvent augmenter le prix total.<\\\/p>\"}},{\"@type\":\"Question\",\"name\":\"Suis-je une candidate appropri\\u00e9e pour une greffe de cheveux pour femmes en Turquie ?\",\"acceptedAnswer\":{\"@type\":\"Answer\",\"text\":\"<p>Vous pouvez \\u00eatre \\u00e9ligible si vous disposez d&#8217;une zone donneuse stable et si votre perte de cheveux est due \\u00e0 des facteurs g\\u00e9n\\u00e9tiques, hormonaux ou \\u00e0 la traction. Toute affection sous-jacente, telle qu&#8217;un trouble thyro\\u00efdien ou une carence en fer, doit \\u00eatre trait\\u00e9e avant l&#8217;intervention.<\\\/p>\"}},{\"@type\":\"Question\",\"name\":\"Les femmes peuvent-elles subir une greffe de cheveux ?\",\"acceptedAnswer\":{\"@type\":\"Answer\",\"text\":\"<p>Oui. L&#8217;amincissement des cheveux et la perte de cheveux peuvent \\u00e9galement toucher les femmes. Les patientes pr\\u00e9sentant des zones donneuses appropri\\u00e9es peuvent b\\u00e9n\\u00e9ficier d&#8217;un traitement de greffe capillaire apr\\u00e8s une \\u00e9valuation ad\\u00e9quate.<\\\/p>\"}},{\"@type\":\"Question\",\"name\":\"La greffe de cheveux chez les femmes est-elle diff\\u00e9rente de celle chez les hommes ?\",\"acceptedAnswer\":{\"@type\":\"Answer\",\"text\":\"<p>Oui, la perte de cheveux chez les femmes se manifeste g\\u00e9n\\u00e9ralement par un amincissement g\\u00e9n\\u00e9ral du cuir chevelu plut\\u00f4t que par des zones compl\\u00e8tement chauves.<\\\/p>\"}},{\"@type\":\"Question\",\"name\":\"La greffe de cheveux est-elle efficace chez les femmes ?\",\"acceptedAnswer\":{\"@type\":\"Answer\",\"text\":\"<p>Oui, une greffe de cheveux peut donner des r\\u00e9sultats tr\\u00e8s satisfaisants chez les femmes, en particulier celles qui souffrent d&#8217;alop\\u00e9cie h\\u00e9r\\u00e9ditaire, d&#8217;alop\\u00e9cie de traction ou d&#8217;un amincissement g\\u00e9n\\u00e9ral des cheveux. Le r\\u00e9sultat d\\u00e9pend principalement de l&#8217;expertise du chirurgien et de la gravit\\u00e9 de la perte de cheveux.<\\\/p>\"}},{\"@type\":\"Question\",\"name\":\"La greffe de cheveux chez la femme est-elle permanente ?\",\"acceptedAnswer\":{\"@type\":\"Answer\",\"text\":\"<p>Oui, les greffes de cheveux chez les femmes sont g\\u00e9n\\u00e9ralement durables. Les follicules implant\\u00e9s sont pr\\u00e9lev\\u00e9s dans des zones donneuses r\\u00e9sistantes \\u00e0 la chute des cheveux. Cependant, il est important de suivre les soins postop\\u00e9ratoires recommand\\u00e9s et d&#8217;adopter un mode de vie sain pour pr\\u00e9server les r\\u00e9sultats.<\\\/p>\"}},{\"@type\":\"Question\",\"name\":\"Qu'est-ce que la greffe de cheveux afro ?\",\"acceptedAnswer\":{\"@type\":\"Answer\",\"text\":\"<p>La greffe de cheveux afro est une proc\\u00e9dure sp\\u00e9cialis\\u00e9e de restauration capillaire con\\u00e7ue pour les personnes ayant des cheveux de texture africaine. L&#8217;objectif est de pr\\u00e9server la boucle naturelle des cheveux et leur apparence g\\u00e9n\\u00e9rale.<\\\/p>\"}},{\"@type\":\"Question\",\"name\":\"En quoi la greffe de cheveux afro diff\\u00e8re-t-elle des autres greffes de cheveux ?\",\"acceptedAnswer\":{\"@type\":\"Answer\",\"text\":\"<p>Cette proc\\u00e9dure diff\\u00e8re en raison de la structure boucl\\u00e9e particuli\\u00e8re des cheveux afro. Les follicules \\u00e9tant courb\\u00e9s sous le cuir chevelu, des techniques personnalis\\u00e9es sont n\\u00e9cessaires pour obtenir un r\\u00e9sultat naturel.<\\\/p>\"}},{\"@type\":\"Question\",\"name\":\"Les cheveux afro peuvent-ils \\u00eatre transplant\\u00e9s avec succ\\u00e8s ?\",\"acceptedAnswer\":{\"@type\":\"Answer\",\"text\":\"<p>Oui. Les cheveux afro peuvent \\u00eatre transplant\\u00e9s avec succ\\u00e8s lorsque la direction naturelle des boucles est soigneusement respect\\u00e9e lors de l&#8217;extraction et de l&#8217;implantation. Les experts doivent suivre la trajectoire courbe du follicule sous la peau afin d&#8217;\\u00e9viter d&#8217;endommager la racine. Lorsque la proc\\u00e9dure est effectu\\u00e9e correctement, le taux de survie des greffons est \\u00e9lev\\u00e9 et les r\\u00e9sultats conservent une texture naturelle.<\\\/p>\"}},{\"@type\":\"Question\",\"name\":\"Combien de greffons les patients afro-am\\u00e9ricains ont-ils g\\u00e9n\\u00e9ralement besoin ?\",\"acceptedAnswer\":{\"@type\":\"Answer\",\"text\":\"<p>La plupart des patients ont besoin d&#8217;environ 2 000 \\u00e0 3 500 greffons pour obtenir une am\\u00e9lioration notable. Le nombre final de greffons d\\u00e9pend de la disponibilit\\u00e9 du donneur, de la densit\\u00e9 des boucles et des attentes individuelles en mati\\u00e8re de ligne capillaire.<\\\/p>\"}},{\"@type\":\"Question\",\"name\":\"Une greffe de cheveux afro modifie-t-elle la structure de mes boucles ?\",\"acceptedAnswer\":{\"@type\":\"Answer\",\"text\":\"<p>Non, la forme naturelle des boucles reste inchang\\u00e9e. Les follicules transplant\\u00e9s poussent de la m\\u00eame mani\\u00e8re que dans la zone donneuse. Au d\\u00e9but, les cheveux peuvent sembler l\\u00e9g\\u00e8rement plus l\\u00e2ches, mais les boucles retrouvent g\\u00e9n\\u00e9ralement leur forme initiale entre douze et dix-huit mois.<\\\/p>\"}},{\"@type\":\"Question\",\"name\":\"Combien de temps dure une greffe de cheveux afro en Turquie ?\",\"acceptedAnswer\":{\"@type\":\"Answer\",\"text\":\"<p>La proc\\u00e9dure dure g\\u00e9n\\u00e9ralement entre 6 et 9 heures, selon le nombre de greffons et la technique choisie. L&#8217;extraction peut prendre plus de temps, car chaque follicule suit un trajet courbe sous le cuir chevelu. Certaines cliniques limitent le nombre de cas afro par jour afin de garantir un travail minutieux et contr\\u00f4l\\u00e9.<\\\/p>\"}},{\"@type\":\"Question\",\"name\":\"La technique FUE ou DHI est-elle plus adapt\\u00e9e aux cheveux afro ?\",\"acceptedAnswer\":{\"@type\":\"Answer\",\"text\":\"<p>Les deux techniques peuvent \\u00eatre efficaces. La technique FUE est g\\u00e9n\\u00e9ralement pr\\u00e9f\\u00e9r\\u00e9e pour les zones plus \\u00e9tendues n\\u00e9cessitant une couverture, tandis que la technique DHI est souvent utilis\\u00e9e pour les travaux minutieux le long de la ligne capillaire, des bords ou pour corriger l&#8217;alop\\u00e9cie de traction. Dans de nombreux cas, la combinaison des deux m\\u00e9thodes permet d&#8217;obtenir des r\\u00e9sultats optimaux.<\\\/p>\"}},{\"@type\":\"Question\",\"name\":\"La greffe de cheveux afro est-elle douloureuse ?\",\"acceptedAnswer\":{\"@type\":\"Answer\",\"text\":\"<p>Pendant la phase d&#8217;engourdissement, une l\\u00e9g\\u00e8re pression peut \\u00eatre ressentie, suivie d&#8217;un confort g\\u00e9n\\u00e9ral tout au long de l&#8217;intervention. La plupart des patients d\\u00e9crivent cette exp\\u00e9rience comme inhabituelle mais tol\\u00e9rable. Une anesth\\u00e9sie locale est g\\u00e9n\\u00e9ralement suffisante, bien que certaines personnes optent pour une l\\u00e9g\\u00e8re s\\u00e9dation afin d&#8217;\\u00eatre davantage d\\u00e9tendues.<\\\/p>\"}},{\"@type\":\"Question\",\"name\":\"La greffe de cheveux afro est-elle sans danger pour les peaux fonc\\u00e9es ?\",\"acceptedAnswer\":{\"@type\":\"Answer\",\"text\":\"<p>Oui, lorsqu&#8217;elle est pratiqu\\u00e9e correctement. Les peaux fonc\\u00e9es n\\u00e9cessitent un contr\\u00f4le pr\\u00e9cis de la profondeur et de l&#8217;espacement des incisions afin de minimiser le risque d&#8217;hyperpigmentation ou de cicatrices en relief. Les cliniques \\u00e9valuent g\\u00e9n\\u00e9ralement les ant\\u00e9c\\u00e9dents de ch\\u00e9lo\\u00efdes et adaptent la technique en fonction des caract\\u00e9ristiques de la peau.<\\\/p>\"}},{\"@type\":\"Question\",\"name\":\"Quel est le taux de r\\u00e9ussite des greffes de cheveux afro en Turquie ?\",\"acceptedAnswer\":{\"@type\":\"Answer\",\"text\":\"<p>Les taux de r\\u00e9ussite sont g\\u00e9n\\u00e9ralement \\u00e9lev\\u00e9s dans les cliniques exp\\u00e9riment\\u00e9es. Les r\\u00e9sultats en mati\\u00e8re de repousse des cheveux d\\u00e9pendent d&#8217;une manipulation minutieuse des greffons, d&#8217;une extraction respectueuse des boucles et de soins post-op\\u00e9ratoires appropri\\u00e9s. Une approche dirig\\u00e9e par des sp\\u00e9cialistes permet de garantir la coh\\u00e9rence et la qualit\\u00e9 dans tous les cas.<\\\/p>\"}},{\"@type\":\"Question\",\"name\":\"Les femmes afro-am\\u00e9ricaines peuvent-elles b\\u00e9n\\u00e9ficier d'une greffe de cheveux ?\",\"acceptedAnswer\":{\"@type\":\"Answer\",\"text\":\"<p>Oui. De nombreuses femmes afro-am\\u00e9ricaines recherchent un traitement pour lutter contre l&#8217;amincissement des contours, des tempes ou l&#8217;\\u00e9largissement de la raie. Le plan de traitement tient compte des pratiques de coiffage naturelles et de la pr\\u00e9servation \\u00e0 long terme des cheveux.<\\\/p>\"}},{\"@type\":\"Question\",\"name\":\"Comment choisir la meilleure clinique de greffe de cheveux afro en Turquie ?\",\"acceptedAnswer\":{\"@type\":\"Answer\",\"text\":\"<p>Lorsque vous choisissez une clinique, recherchez une forte implication de sp\\u00e9cialistes, des cas avant\\\/apr\\u00e8s document\\u00e9s sp\\u00e9cifiques aux personnes afro-am\\u00e9ricaines, une planification pr\\u00e9cise des greffons et une communication claire. M\\u00e9fiez-vous des cliniques qui pr\\u00e9cipitent le processus d&#8217;extraction ou garantissent des niveaux de densit\\u00e9 irr\\u00e9alistes.<\\\/p>\"}}]}<\/script>\n\t\t\t\t\t<\/div>\n\t\t\t\t<\/div>\n\t\t\t\t<\/div>\n\t\t\t\t\t<\/div>\n\t\t<\/div>\n\t\t\t\t\t<\/div>\n\t\t<\/section>\n\t\t\t\t<\/div>","protected":false},"excerpt":{"rendered":"<p>Greffe de cheveux en Turquie : Questions fr\u00e9quemment pos\u00e9es Home Comment savoir si je suis un bon candidat pour une greffe de cheveux ? L&#8217;ad\u00e9quation est \u00e9valu\u00e9e individuellement en fonction du stade de votre perte de cheveux, de la densit\u00e9 de la zone donneuse, de l&#8217;\u00e9tat de votre cuir chevelu et de vos attentes. Une consultation personnalis\u00e9e est n\u00e9cessaire pour d\u00e9terminer si la proc\u00e9dure vous convient. Quelles sont les causes de la perte de cheveux chez les hommes ? La cause la plus fr\u00e9quente de la perte de cheveux chez les hommes est une pr\u00e9disposition g\u00e9n\u00e9tique, connue sous le nom d&#8217;alop\u00e9cie androg\u00e9n\u00e9tique. Cependant, d&#8217;autres facteurs m\u00e9dicaux ou environnementaux peuvent \u00e9galement jouer un r\u00f4le. La Turquie est-elle vraiment un bon choix pour une greffe de cheveux ? Les proc\u00e9dures de greffe de cheveux en Turquie sont tr\u00e8s pris\u00e9es car elles donnent d&#8217;excellents r\u00e9sultats lorsqu&#8217;elles sont r\u00e9alis\u00e9es correctement, et elles sont souvent plus abordables que dans beaucoup d&#8217;autres pays. Pourquoi choisir une clinique en Turquie pour une greffe de cheveux ? Certaines cliniques en Turquie respectent des normes proc\u00e9durales \u00e9lev\u00e9es et utilisent fr\u00e9quemment des techniques avanc\u00e9es telles que la Sapphire FUE. Dans certains \u00e9tablissements fond\u00e9s par des experts m\u00e9dicaux, les proc\u00e9dures sont r\u00e9alis\u00e9es directement par des sp\u00e9cialistes exp\u00e9riment\u00e9s et des \u00e9quipes m\u00e9dicales qualifi\u00e9es, refl\u00e9tant une approche m\u00e9dicale bien structur\u00e9e et professionnelle. Combien co\u00fbte une greffe de cheveux ? Le prix d&#8217;une greffe de cheveux varie selon le pays et la clinique. Les co\u00fbts sont g\u00e9n\u00e9ralement influenc\u00e9s par le nombre de greffons, la technique appliqu\u00e9e (FUE, DHI), la technologie utilis\u00e9e et le niveau d&#8217;exp\u00e9rience du chirurgien. De nombreuses cliniques calculent leurs prix par greffon. Il est conseill\u00e9 de demander un devis \u00e9crit d\u00e9taill\u00e9 pr\u00e9cisant le nombre de greffons pr\u00e9vu et les rendez-vous de suivi inclus. Quel est le taux de r\u00e9ussite d&#8217;une greffe de cheveux ? Les taux de r\u00e9ussite peuvent varier en fonction de la zone trait\u00e9e. Dans les r\u00e9gions frontales, le taux de r\u00e9ussite est g\u00e9n\u00e9ralement sup\u00e9rieur \u00e0 95 %, tandis que dans la zone du sommet du cr\u00e2ne, il est g\u00e9n\u00e9ralement compris entre 70 et 80 %, en fonction des besoins en greffons. Comment se d\u00e9roule une greffe de cheveux ? Une greffe de cheveux est une intervention chirurgicale au cours de laquelle des greffons contenant un ou plusieurs follicules pileux sont transf\u00e9r\u00e9s d&#8217;une zone donneuse vers des zones pr\u00e9sentant un amincissement ou une calvitie. Le chirurgien et l&#8217;\u00e9quipe m\u00e9dicale \u00e9valuent la capacit\u00e9 du donneur, dessinent la ligne capillaire, extraient les greffons (\u00e0 l&#8217;aide des techniques FUE, DHI ou autres), ouvrent les canaux receveurs et implantent les greffons afin d&#8217;obtenir un angle et une densit\u00e9 naturels. Combien de temps dure une greffe de cheveux ? La dur\u00e9e de l&#8217;intervention varie en fonction du nombre de greffons et de la technique choisie. La plupart des traitements durent environ 4 \u00e0 6 heures. Les s\u00e9ances plus longues impliquant un nombre plus \u00e9lev\u00e9 de greffons peuvent n\u00e9cessiter plus de temps ou \u00eatre divis\u00e9es en plusieurs s\u00e9ances. Les patients doivent consulter leur chirurgien pour conna\u00eetre la dur\u00e9e estim\u00e9e et le nombre de greffons pr\u00e9vus. La greffe de cheveux est-elle douloureuse ? La plupart des interventions sont r\u00e9alis\u00e9es sous anesth\u00e9sie locale, avec une s\u00e9dation facultative si n\u00e9cessaire. Une anesth\u00e9sie ad\u00e9quate garantit votre confort pendant le traitement. Une l\u00e9g\u00e8re sensibilit\u00e9 apr\u00e8s l&#8217;intervention est normale et peut g\u00e9n\u00e9ralement \u00eatre soulag\u00e9e \u00e0 l&#8217;aide d&#8217;analg\u00e9siques classiques recommand\u00e9s par votre m\u00e9decin. Les patients sont-ils \u00e9veill\u00e9s pendant la proc\u00e9dure de greffe de cheveux ? Oui. Les traitements de greffe de cheveux sont g\u00e9n\u00e9ralement r\u00e9alis\u00e9s sous anesth\u00e9sie locale, ce qui signifie que les patients restent \u00e9veill\u00e9s mais \u00e0 l&#8217;aise. Une s\u00e9dation peut \u00eatre propos\u00e9e dans certains cas, mais la plupart des patients tol\u00e8rent bien l&#8217;intervention. Quelle technique de greffe capillaire est la plus efficace ? Il n&#8217;existe pas de technique unique pouvant \u00eatre consid\u00e9r\u00e9e comme la\u00a0 &#8220;meilleure&#8221; pour tout le monde. Le choix entre diff\u00e9rentes options telles que Sapphire FUE ou DHI est d\u00e9termin\u00e9 en fonction des besoins individuels du patient et des caract\u00e9ristiques de ses cheveux. Qu&#8217;est-ce que la technique Sapphire FUE ? La m\u00e9thode Sapphire FUE consiste \u00e0 utiliser une micro-lame \u00e0 pointe en saphir pour ouvrir des canaux dans la zone receveuse avant la mise en place des greffons. Quelle technique est utilis\u00e9e pour la greffe de barbe ? Aujourd&#8217;hui, la plupart des greffes de barbe sont r\u00e9alis\u00e9es \u00e0 l&#8217;aide de la technique FUE. Qu&#8217;est-ce qu&#8217;une greffe de barbe ? La greffe de barbe est une intervention qui consiste \u00e0 pr\u00e9lever des follicules pileux dans la zone donneuse et \u00e0 les implanter dans la r\u00e9gion faciale afin d&#8217;am\u00e9liorer ou de restaurer la densit\u00e9 de la barbe. O\u00f9 se trouve la zone de don id\u00e9ale ? La zone donneuse la plus appropri\u00e9e se trouve \u00e0 l&#8217;arri\u00e8re du cuir chevelu, commun\u00e9ment appel\u00e9e \u00ab zone donneuse s\u00fbre \u00bb. Les follicules pileux de cette zone sont g\u00e9n\u00e9tiquement plus r\u00e9sistants \u00e0 la chute des cheveux, ce qui les rend id\u00e9aux pour la transplantation. Comment les cheveux existants sont-ils prot\u00e9g\u00e9s pendant l&#8217;intervention ? Au cours du traitement de greffe capillaire, les sp\u00e9cialistes utilisent des outils grossissants et des techniques d&#8217;extraction minutieuses afin de pr\u00e9server les cheveux naturels environnants et de minimiser les traumatismes inutiles. Puis-je d\u00e9cider de l&#8217;apparence de ma ligne capillaire ? Oui. La conception de la ligne capillaire est planifi\u00e9e en consultation avec votre sp\u00e9cialiste le jour de l&#8217;intervention. Vos pr\u00e9f\u00e9rences sont soigneusement prises en compte, parall\u00e8lement aux recommandations professionnelles, afin d&#8217;obtenir un r\u00e9sultat naturel et \u00e9quilibr\u00e9. Le rasage est-il n\u00e9cessaire pendant la proc\u00e9dure de greffe de cheveux ? Dans la plupart des cas, il est recommand\u00e9 de se raser afin de permettre une extraction et une implantation pr\u00e9cises du greffon. Cela am\u00e9liore la visibilit\u00e9 et la pr\u00e9cision pendant l&#8217;intervention. Dois-je me couper les cheveux avant de me pr\u00e9senter \u00e0 l&#8217;intervention ? Non. Il est pr\u00e9f\u00e9rable de ne pas couper ni raser vos cheveux avant votre rendez-vous. La pr\u00e9paration des cheveux est g\u00e9n\u00e9ralement effectu\u00e9e par l&#8217;\u00e9quipe m\u00e9dicale afin de garantir une planification et un marquage pr\u00e9cis. Puis-je boire de l&#8217;alcool avant une<\/p>","protected":false},"author":1,"featured_media":0,"parent":0,"menu_order":0,"comment_status":"closed","ping_status":"closed","template":"","meta":{"footnotes":""},"class_list":["post-14604","page","type-page","status-publish","hentry"],"aioseo_notices":[],"_links":{"self":[{"href":"https:\/\/zeynepmetin.com\/fr\/wp-json\/wp\/v2\/pages\/14604","targetHints":{"allow":["GET"]}}],"collection":[{"href":"https:\/\/zeynepmetin.com\/fr\/wp-json\/wp\/v2\/pages"}],"about":[{"href":"https:\/\/zeynepmetin.com\/fr\/wp-json\/wp\/v2\/types\/page"}],"author":[{"embeddable":true,"href":"https:\/\/zeynepmetin.com\/fr\/wp-json\/wp\/v2\/users\/1"}],"replies":[{"embeddable":true,"href":"https:\/\/zeynepmetin.com\/fr\/wp-json\/wp\/v2\/comments?post=14604"}],"version-history":[{"count":4,"href":"https:\/\/zeynepmetin.com\/fr\/wp-json\/wp\/v2\/pages\/14604\/revisions"}],"predecessor-version":[{"id":14614,"href":"https:\/\/zeynepmetin.com\/fr\/wp-json\/wp\/v2\/pages\/14604\/revisions\/14614"}],"wp:attachment":[{"href":"https:\/\/zeynepmetin.com\/fr\/wp-json\/wp\/v2\/media?parent=14604"}],"curies":[{"name":"wp","href":"https:\/\/api.w.org\/{rel}","templated":true}]}}