{"id":11926,"date":"2022-04-14T02:19:52","date_gmt":"2022-04-13T23:19:52","guid":{"rendered":"https:\/\/zeynepmetin.com\/fr\/?page_id=11926"},"modified":"2025-10-30T13:24:29","modified_gmt":"2025-10-30T10:24:29","slug":"blog","status":"publish","type":"page","link":"https:\/\/zeynepmetin.com\/fr\/blog\/","title":{"rendered":"Blog"},"content":{"rendered":"<div data-elementor-type=\"wp-page\" data-elementor-id=\"11926\" class=\"elementor elementor-11926\" data-elementor-post-type=\"page\">\n\t\t\t\t\t\t<section class=\"elementor-section elementor-top-section elementor-element elementor-element-ca8e967 elementor-section-height-min-height elementor-section-boxed elementor-section-height-default elementor-section-items-middle wpr-particle-no wpr-jarallax-no wpr-parallax-no wpr-sticky-section-no\" data-id=\"ca8e967\" data-element_type=\"section\" data-settings=\"{&quot;background_background&quot;:&quot;classic&quot;}\">\n\t\t\t\t\t\t\t<div class=\"elementor-background-overlay\"><\/div>\n\t\t\t\t\t\t\t<div class=\"elementor-container elementor-column-gap-default\">\n\t\t\t\t\t<div class=\"elementor-column elementor-col-100 elementor-top-column elementor-element elementor-element-78cf270\" data-id=\"78cf270\" data-element_type=\"column\">\n\t\t\t<div class=\"elementor-widget-wrap elementor-element-populated\">\n\t\t\t\t\t\t<div class=\"elementor-element elementor-element-d6d6c2c elementor-widget elementor-widget-hub_fancy_heading\" data-id=\"d6d6c2c\" data-element_type=\"widget\" data-widget_type=\"hub_fancy_heading.default\">\n\t\t\t\t<div class=\"elementor-widget-container\">\n\t\t\t\n\t\t<div id=\"ld-fancy-heading-69f20b827cdec\" class=\"ld-fancy-heading pos-rel\">\n\t\t\t<h1 class=\"ld-fh-element d-inline-block pos-rel  elementor-heading-title h1\"  > ARTICLES DE BLOG<\/h1>\t\t<\/div>\n\n\t\t\t\t<\/div>\n\t\t\t\t<\/div>\n\t\t\t\t<div class=\"elementor-element elementor-element-910fd47 elementor-widget elementor-widget-spacer\" data-id=\"910fd47\" data-element_type=\"widget\" data-widget_type=\"spacer.default\">\n\t\t\t\t<div class=\"elementor-widget-container\">\n\t\t\t\t\t<div class=\"elementor-spacer\">\n\t\t\t<div class=\"elementor-spacer-inner\"><\/div>\n\t\t<\/div>\n\t\t\t\t<\/div>\n\t\t\t\t<\/div>\n\t\t\t\t<div class=\"elementor-element elementor-element-42069c0 elementor-widget__width-auto elementor-widget elementor-widget-ld_breadcrumb\" data-id=\"42069c0\" data-element_type=\"widget\" data-widget_type=\"ld_breadcrumb.default\">\n\t\t\t\t<div class=\"elementor-widget-container\">\n\t\t\t<div class=\"lqd-breadcrumb-wrapper\"><nav role=\"navigation\" aria-label=\"Breadcrumbs\" class=\"breadcrumbs\"><ol class=\"breadcrumb reset-ul inline-nav inline-ul comma-sep-li\"><li class=\"breadcrumb-item active\"><a href=\"https:\/\/zeynepmetin.com\/fr\" rel=\"home\"><span>Home<\/span><\/a><\/li><\/ol><\/nav><\/div>\t\t<\/div>\n\t\t\t\t<\/div>\n\t\t\t\t\t<\/div>\n\t\t<\/div>\n\t\t\t\t\t<\/div>\n\t\t<\/section>\n\t\t\t\t<section class=\"elementor-section elementor-top-section elementor-element elementor-element-6c34c8a elementor-section-boxed elementor-section-height-default elementor-section-height-default wpr-particle-no wpr-jarallax-no wpr-parallax-no wpr-sticky-section-no\" data-id=\"6c34c8a\" data-element_type=\"section\">\n\t\t\t\t\t\t<div class=\"elementor-container elementor-column-gap-default\">\n\t\t\t\t\t<div class=\"elementor-column elementor-col-100 elementor-top-column elementor-element elementor-element-333a31e\" data-id=\"333a31e\" data-element_type=\"column\">\n\t\t\t<div class=\"elementor-widget-wrap elementor-element-populated\">\n\t\t\t\t\t\t<div class=\"elementor-element elementor-element-1970de3 elementor-grid-3 elementor-grid-tablet-2 elementor-grid-mobile-1 elementor-posts--thumbnail-top elementor-card-shadow-yes elementor-posts__hover-gradient elementor-widget elementor-widget-posts\" data-id=\"1970de3\" data-element_type=\"widget\" data-settings=\"{&quot;cards_row_gap&quot;:{&quot;unit&quot;:&quot;px&quot;,&quot;size&quot;:14,&quot;sizes&quot;:[]},&quot;cards_columns&quot;:&quot;3&quot;,&quot;cards_columns_tablet&quot;:&quot;2&quot;,&quot;cards_columns_mobile&quot;:&quot;1&quot;,&quot;cards_row_gap_tablet&quot;:{&quot;unit&quot;:&quot;px&quot;,&quot;size&quot;:&quot;&quot;,&quot;sizes&quot;:[]},&quot;cards_row_gap_mobile&quot;:{&quot;unit&quot;:&quot;px&quot;,&quot;size&quot;:&quot;&quot;,&quot;sizes&quot;:[]}}\" data-widget_type=\"posts.cards\">\n\t\t\t\t<div class=\"elementor-widget-container\">\n\t\t\t\t\t<div class=\"elementor-posts-container elementor-posts elementor-posts--skin-cards elementor-grid\">\n\t\t\t\t<article class=\"elementor-post elementor-grid-item post-14748 post type-post status-publish format-standard has-post-thumbnail hentry category-greffe-de-cheveux\">\n\t\t\t<div class=\"elementor-post__card\">\n\t\t\t\t<a class=\"elementor-post__thumbnail__link\" href=\"https:\/\/zeynepmetin.com\/fr\/la-greffe-de-cheveux-de-elon-musk.html\/\" tabindex=\"-1\" ><div class=\"elementor-post__thumbnail\"><img fetchpriority=\"high\" decoding=\"async\" width=\"1024\" height=\"581\" src=\"https:\/\/zeynepmetin.com\/fr\/wp-content\/uploads\/2026\/04\/elon-musk-hair-transplant-1.jpg\" class=\"attachment-full size-full wp-image-14749\" alt=\"Head-and-shoulders portrait of a smiling man in a dark blazer and white shirt against a light gray background.\" srcset=\"https:\/\/zeynepmetin.com\/fr\/wp-content\/uploads\/2026\/04\/elon-musk-hair-transplant-1.jpg 1024w,  https:\/\/zeynepmetin.com\/fr\/wp-content\/uploads\/2026\/04\/elon-musk-hair-transplant-1-300x170.jpg 300w\" sizes=\"(max-width: 1024px) 100vw, 1024px\" \/><\/div><\/a>\n\t\t\t\t<div class=\"elementor-post__badge\">Greffe de Cheveux<\/div>\n\t\t\t\t<div class=\"elementor-post__text\">\n\t\t\t\t<h3 class=\"elementor-post__title\">\n\t\t\t<a href=\"https:\/\/zeynepmetin.com\/fr\/la-greffe-de-cheveux-de-elon-musk.html\/\" >\n\t\t\t\tLa greffe de cheveux de Elon Musk\t\t\t<\/a>\n\t\t<\/h3>\n\t\t\n\t\t<a class=\"elementor-post__read-more\" href=\"https:\/\/zeynepmetin.com\/fr\/la-greffe-de-cheveux-de-elon-musk.html\/\" aria-label=\"Read more about La greffe de cheveux de Elon Musk\" tabindex=\"-1\" >\n\t\t\tL\u0131re la su\u0131te &gt;\t\t<\/a>\n\n\t\t\t\t<\/div>\n\t\t\t\t<div class=\"elementor-post__meta-data\">\n\t\t\t\t\t<span class=\"elementor-post-date\">\n\t\t\t28\/04\/2026\t\t<\/span>\n\t\t\t\t<\/div>\n\t\t\t\t\t<\/div>\n\t\t<\/article>\n\t\t\t\t<article class=\"elementor-post elementor-grid-item post-14741 post type-post status-publish format-standard has-post-thumbnail hentry category-greffe-de-cheveux\">\n\t\t\t<div class=\"elementor-post__card\">\n\t\t\t\t<a class=\"elementor-post__thumbnail__link\" href=\"https:\/\/zeynepmetin.com\/fr\/quest-ce-que-la-greffe-de-barbe.html\/\" tabindex=\"-1\" ><div class=\"elementor-post__thumbnail\"><img decoding=\"async\" width=\"1024\" height=\"581\" src=\"https:\/\/zeynepmetin.com\/fr\/wp-content\/uploads\/2026\/04\/beard-transplant-1.jpg\" class=\"attachment-full size-full wp-image-14742\" alt=\"Man with eyes closed as a gloved clinician injects his chin\/beard area during a cosmetic procedure of the lower face.\" srcset=\"https:\/\/zeynepmetin.com\/fr\/wp-content\/uploads\/2026\/04\/beard-transplant-1.jpg 1024w,  https:\/\/zeynepmetin.com\/fr\/wp-content\/uploads\/2026\/04\/beard-transplant-1-300x170.jpg 300w\" sizes=\"(max-width: 1024px) 100vw, 1024px\" \/><\/div><\/a>\n\t\t\t\t<div class=\"elementor-post__badge\">Greffe de Cheveux<\/div>\n\t\t\t\t<div class=\"elementor-post__text\">\n\t\t\t\t<h3 class=\"elementor-post__title\">\n\t\t\t<a href=\"https:\/\/zeynepmetin.com\/fr\/quest-ce-que-la-greffe-de-barbe.html\/\" >\n\t\t\t\tQu&#8217;est-ce que la greffe de barbe ?\t\t\t<\/a>\n\t\t<\/h3>\n\t\t\n\t\t<a class=\"elementor-post__read-more\" href=\"https:\/\/zeynepmetin.com\/fr\/quest-ce-que-la-greffe-de-barbe.html\/\" aria-label=\"Read more about Qu&#8217;est-ce que la greffe de barbe ?\" tabindex=\"-1\" >\n\t\t\tL\u0131re la su\u0131te &gt;\t\t<\/a>\n\n\t\t\t\t<\/div>\n\t\t\t\t<div class=\"elementor-post__meta-data\">\n\t\t\t\t\t<span class=\"elementor-post-date\">\n\t\t\t22\/04\/2026\t\t<\/span>\n\t\t\t\t<\/div>\n\t\t\t\t\t<\/div>\n\t\t<\/article>\n\t\t\t\t<article class=\"elementor-post elementor-grid-item post-14735 post type-post status-publish format-standard has-post-thumbnail hentry category-greffe-de-cheveux\">\n\t\t\t<div class=\"elementor-post__card\">\n\t\t\t\t<a class=\"elementor-post__thumbnail__link\" href=\"https:\/\/zeynepmetin.com\/fr\/les-7-facteurs-qui-influencent-les-prix-dune-greffe-de-cheveux.html\/\" tabindex=\"-1\" ><div class=\"elementor-post__thumbnail\"><img decoding=\"async\" width=\"1024\" height=\"581\" src=\"https:\/\/zeynepmetin.com\/fr\/wp-content\/uploads\/2026\/04\/hair-transplant-cost-1.jpg\" class=\"attachment-full size-full wp-image-14736\" alt=\"Clinician in gloves marks a hairline on a man&#039;s scalp with a marker, planning a hair transplant.\" srcset=\"https:\/\/zeynepmetin.com\/fr\/wp-content\/uploads\/2026\/04\/hair-transplant-cost-1.jpg 1024w,  https:\/\/zeynepmetin.com\/fr\/wp-content\/uploads\/2026\/04\/hair-transplant-cost-1-300x170.jpg 300w\" sizes=\"(max-width: 1024px) 100vw, 1024px\" \/><\/div><\/a>\n\t\t\t\t<div class=\"elementor-post__badge\">Greffe de Cheveux<\/div>\n\t\t\t\t<div class=\"elementor-post__text\">\n\t\t\t\t<h3 class=\"elementor-post__title\">\n\t\t\t<a href=\"https:\/\/zeynepmetin.com\/fr\/les-7-facteurs-qui-influencent-les-prix-dune-greffe-de-cheveux.html\/\" >\n\t\t\t\tLes 7 Facteurs Qui Influencent les Prix d&#8217;une Greffe de Cheveux\t\t\t<\/a>\n\t\t<\/h3>\n\t\t\n\t\t<a class=\"elementor-post__read-more\" href=\"https:\/\/zeynepmetin.com\/fr\/les-7-facteurs-qui-influencent-les-prix-dune-greffe-de-cheveux.html\/\" aria-label=\"Read more about Les 7 Facteurs Qui Influencent les Prix d&#8217;une Greffe de Cheveux\" tabindex=\"-1\" >\n\t\t\tL\u0131re la su\u0131te &gt;\t\t<\/a>\n\n\t\t\t\t<\/div>\n\t\t\t\t<div class=\"elementor-post__meta-data\">\n\t\t\t\t\t<span class=\"elementor-post-date\">\n\t\t\t16\/04\/2026\t\t<\/span>\n\t\t\t\t<\/div>\n\t\t\t\t\t<\/div>\n\t\t<\/article>\n\t\t\t\t<article class=\"elementor-post elementor-grid-item post-14727 post type-post status-publish format-standard has-post-thumbnail hentry category-greffe-de-cheveux\">\n\t\t\t<div class=\"elementor-post__card\">\n\t\t\t\t<a class=\"elementor-post__thumbnail__link\" href=\"https:\/\/zeynepmetin.com\/fr\/peut-on-corriger-une-greffe-ratee-solutions.html\/\" tabindex=\"-1\" ><div class=\"elementor-post__thumbnail\"><img loading=\"lazy\" decoding=\"async\" width=\"1024\" height=\"581\" src=\"https:\/\/zeynepmetin.com\/fr\/wp-content\/uploads\/2026\/04\/basarisiz-sac-ekimi-1.jpg\" class=\"attachment-full size-full wp-image-14728\" alt=\"\" srcset=\"https:\/\/zeynepmetin.com\/fr\/wp-content\/uploads\/2026\/04\/basarisiz-sac-ekimi-1.jpg 1024w,  https:\/\/zeynepmetin.com\/fr\/wp-content\/uploads\/2026\/04\/basarisiz-sac-ekimi-1-300x170.jpg 300w\" sizes=\"(max-width: 1024px) 100vw, 1024px\" \/><\/div><\/a>\n\t\t\t\t<div class=\"elementor-post__badge\">Greffe de Cheveux<\/div>\n\t\t\t\t<div class=\"elementor-post__text\">\n\t\t\t\t<h3 class=\"elementor-post__title\">\n\t\t\t<a href=\"https:\/\/zeynepmetin.com\/fr\/peut-on-corriger-une-greffe-ratee-solutions.html\/\" >\n\t\t\t\tPeut-on Corriger une Greffe Rat\u00e9e ? Solutions\t\t\t<\/a>\n\t\t<\/h3>\n\t\t\n\t\t<a class=\"elementor-post__read-more\" href=\"https:\/\/zeynepmetin.com\/fr\/peut-on-corriger-une-greffe-ratee-solutions.html\/\" aria-label=\"Read more about Peut-on Corriger une Greffe Rat\u00e9e ? Solutions\" tabindex=\"-1\" >\n\t\t\tL\u0131re la su\u0131te &gt;\t\t<\/a>\n\n\t\t\t\t<\/div>\n\t\t\t\t<div class=\"elementor-post__meta-data\">\n\t\t\t\t\t<span class=\"elementor-post-date\">\n\t\t\t02\/04\/2026\t\t<\/span>\n\t\t\t\t<\/div>\n\t\t\t\t\t<\/div>\n\t\t<\/article>\n\t\t\t\t<article class=\"elementor-post elementor-grid-item post-14639 post type-post status-publish format-standard has-post-thumbnail hentry category-greffe-de-cheveux\">\n\t\t\t<div class=\"elementor-post__card\">\n\t\t\t\t<a class=\"elementor-post__thumbnail__link\" href=\"https:\/\/zeynepmetin.com\/fr\/causes-courantes-de-la-chute-de-cheveux.html\/\" tabindex=\"-1\" ><div class=\"elementor-post__thumbnail\"><img loading=\"lazy\" decoding=\"async\" width=\"1024\" height=\"581\" src=\"https:\/\/zeynepmetin.com\/fr\/wp-content\/uploads\/2026\/03\/common-causes-of-hair-loss-1.jpg\" class=\"attachment-full size-full wp-image-14640\" alt=\"\" srcset=\"https:\/\/zeynepmetin.com\/fr\/wp-content\/uploads\/2026\/03\/common-causes-of-hair-loss-1.jpg 1024w,  https:\/\/zeynepmetin.com\/fr\/wp-content\/uploads\/2026\/03\/common-causes-of-hair-loss-1-300x170.jpg 300w\" sizes=\"(max-width: 1024px) 100vw, 1024px\" \/><\/div><\/a>\n\t\t\t\t<div class=\"elementor-post__badge\">Greffe de Cheveux<\/div>\n\t\t\t\t<div class=\"elementor-post__text\">\n\t\t\t\t<h3 class=\"elementor-post__title\">\n\t\t\t<a href=\"https:\/\/zeynepmetin.com\/fr\/causes-courantes-de-la-chute-de-cheveux.html\/\" >\n\t\t\t\tCauses Courantes De La Chute De Cheveux\t\t\t<\/a>\n\t\t<\/h3>\n\t\t\n\t\t<a class=\"elementor-post__read-more\" href=\"https:\/\/zeynepmetin.com\/fr\/causes-courantes-de-la-chute-de-cheveux.html\/\" aria-label=\"Read more about Causes Courantes De La Chute De Cheveux\" tabindex=\"-1\" >\n\t\t\tL\u0131re la su\u0131te &gt;\t\t<\/a>\n\n\t\t\t\t<\/div>\n\t\t\t\t<div class=\"elementor-post__meta-data\">\n\t\t\t\t\t<span class=\"elementor-post-date\">\n\t\t\t24\/03\/2026\t\t<\/span>\n\t\t\t\t<\/div>\n\t\t\t\t\t<\/div>\n\t\t<\/article>\n\t\t\t\t<article class=\"elementor-post elementor-grid-item post-14625 post type-post status-publish format-standard has-post-thumbnail hentry category-greffe-de-cheveux\">\n\t\t\t<div class=\"elementor-post__card\">\n\t\t\t\t<a class=\"elementor-post__thumbnail__link\" href=\"https:\/\/zeynepmetin.com\/fr\/traitements-de-soutien-a-la-greffe-de-cheveux-prp-et-mesotherapie.html\/\" tabindex=\"-1\" ><div class=\"elementor-post__thumbnail\"><img loading=\"lazy\" decoding=\"async\" width=\"1024\" height=\"581\" src=\"https:\/\/zeynepmetin.com\/fr\/wp-content\/uploads\/2026\/03\/hair-transplant-result-2.jpg\" class=\"attachment-full size-full wp-image-14626\" alt=\"\" srcset=\"https:\/\/zeynepmetin.com\/fr\/wp-content\/uploads\/2026\/03\/hair-transplant-result-2.jpg 1024w,  https:\/\/zeynepmetin.com\/fr\/wp-content\/uploads\/2026\/03\/hair-transplant-result-2-300x170.jpg 300w\" sizes=\"(max-width: 1024px) 100vw, 1024px\" \/><\/div><\/a>\n\t\t\t\t<div class=\"elementor-post__badge\">Greffe de Cheveux<\/div>\n\t\t\t\t<div class=\"elementor-post__text\">\n\t\t\t\t<h3 class=\"elementor-post__title\">\n\t\t\t<a href=\"https:\/\/zeynepmetin.com\/fr\/traitements-de-soutien-a-la-greffe-de-cheveux-prp-et-mesotherapie.html\/\" >\n\t\t\t\tTraitements de Soutien \u00e0 la Greffe de Cheveux : PRP et M\u00e9soth\u00e9rapie\t\t\t<\/a>\n\t\t<\/h3>\n\t\t\n\t\t<a class=\"elementor-post__read-more\" href=\"https:\/\/zeynepmetin.com\/fr\/traitements-de-soutien-a-la-greffe-de-cheveux-prp-et-mesotherapie.html\/\" aria-label=\"Read more about Traitements de Soutien \u00e0 la Greffe de Cheveux : PRP et M\u00e9soth\u00e9rapie\" tabindex=\"-1\" >\n\t\t\tL\u0131re la su\u0131te &gt;\t\t<\/a>\n\n\t\t\t\t<\/div>\n\t\t\t\t<div class=\"elementor-post__meta-data\">\n\t\t\t\t\t<span class=\"elementor-post-date\">\n\t\t\t12\/03\/2026\t\t<\/span>\n\t\t\t\t<\/div>\n\t\t\t\t\t<\/div>\n\t\t<\/article>\n\t\t\t\t<article class=\"elementor-post elementor-grid-item post-14616 post type-post status-publish format-standard has-post-thumbnail hentry category-greffe-de-cheveux\">\n\t\t\t<div class=\"elementor-post__card\">\n\t\t\t\t<a class=\"elementor-post__thumbnail__link\" href=\"https:\/\/zeynepmetin.com\/fr\/causes-de-la-chute-des-cheveux-chez-les-hommes-explications.html\/\" tabindex=\"-1\" ><div class=\"elementor-post__thumbnail\"><img loading=\"lazy\" decoding=\"async\" width=\"1024\" height=\"581\" src=\"https:\/\/zeynepmetin.com\/fr\/wp-content\/uploads\/2026\/03\/erkeklerde-sac-dokumu-1.jpg\" class=\"attachment-full size-full wp-image-14617\" alt=\"\" srcset=\"https:\/\/zeynepmetin.com\/fr\/wp-content\/uploads\/2026\/03\/erkeklerde-sac-dokumu-1.jpg 1024w,  https:\/\/zeynepmetin.com\/fr\/wp-content\/uploads\/2026\/03\/erkeklerde-sac-dokumu-1-300x170.jpg 300w\" sizes=\"(max-width: 1024px) 100vw, 1024px\" \/><\/div><\/a>\n\t\t\t\t<div class=\"elementor-post__badge\">Greffe de Cheveux<\/div>\n\t\t\t\t<div class=\"elementor-post__text\">\n\t\t\t\t<h3 class=\"elementor-post__title\">\n\t\t\t<a href=\"https:\/\/zeynepmetin.com\/fr\/causes-de-la-chute-des-cheveux-chez-les-hommes-explications.html\/\" >\n\t\t\t\tCauses de la Chute des Cheveux Chez les Hommes : Explications\t\t\t<\/a>\n\t\t<\/h3>\n\t\t\n\t\t<a class=\"elementor-post__read-more\" href=\"https:\/\/zeynepmetin.com\/fr\/causes-de-la-chute-des-cheveux-chez-les-hommes-explications.html\/\" aria-label=\"Read more about Causes de la Chute des Cheveux Chez les Hommes : Explications\" tabindex=\"-1\" >\n\t\t\tL\u0131re la su\u0131te &gt;\t\t<\/a>\n\n\t\t\t\t<\/div>\n\t\t\t\t<div class=\"elementor-post__meta-data\">\n\t\t\t\t\t<span class=\"elementor-post-date\">\n\t\t\t06\/03\/2026\t\t<\/span>\n\t\t\t\t<\/div>\n\t\t\t\t\t<\/div>\n\t\t<\/article>\n\t\t\t\t<article class=\"elementor-post elementor-grid-item post-14585 post type-post status-publish format-standard has-post-thumbnail hentry category-greffe-de-cheveux\">\n\t\t\t<div class=\"elementor-post__card\">\n\t\t\t\t<a class=\"elementor-post__thumbnail__link\" href=\"https:\/\/zeynepmetin.com\/fr\/greffe-de-cheveux-et-genetique-que-faire-en-cas-de-perte-de-cheveux-familiale.html\/\" tabindex=\"-1\" ><div class=\"elementor-post__thumbnail\"><img loading=\"lazy\" decoding=\"async\" width=\"1024\" height=\"581\" src=\"https:\/\/zeynepmetin.com\/fr\/wp-content\/uploads\/2026\/02\/genetik-kellik-1.jpg\" class=\"attachment-full size-full wp-image-14586\" alt=\"\" srcset=\"https:\/\/zeynepmetin.com\/fr\/wp-content\/uploads\/2026\/02\/genetik-kellik-1.jpg 1024w,  https:\/\/zeynepmetin.com\/fr\/wp-content\/uploads\/2026\/02\/genetik-kellik-1-300x170.jpg 300w\" sizes=\"(max-width: 1024px) 100vw, 1024px\" \/><\/div><\/a>\n\t\t\t\t<div class=\"elementor-post__badge\">Greffe de Cheveux<\/div>\n\t\t\t\t<div class=\"elementor-post__text\">\n\t\t\t\t<h3 class=\"elementor-post__title\">\n\t\t\t<a href=\"https:\/\/zeynepmetin.com\/fr\/greffe-de-cheveux-et-genetique-que-faire-en-cas-de-perte-de-cheveux-familiale.html\/\" >\n\t\t\t\tGreffe de Cheveux et G\u00e9n\u00e9tique : Que Faire en Cas de Perte de Cheveux Familiale ?\t\t\t<\/a>\n\t\t<\/h3>\n\t\t\n\t\t<a class=\"elementor-post__read-more\" href=\"https:\/\/zeynepmetin.com\/fr\/greffe-de-cheveux-et-genetique-que-faire-en-cas-de-perte-de-cheveux-familiale.html\/\" aria-label=\"Read more about Greffe de Cheveux et G\u00e9n\u00e9tique : Que Faire en Cas de Perte de Cheveux Familiale ?\" tabindex=\"-1\" >\n\t\t\tL\u0131re la su\u0131te &gt;\t\t<\/a>\n\n\t\t\t\t<\/div>\n\t\t\t\t<div class=\"elementor-post__meta-data\">\n\t\t\t\t\t<span class=\"elementor-post-date\">\n\t\t\t26\/02\/2026\t\t<\/span>\n\t\t\t\t<\/div>\n\t\t\t\t\t<\/div>\n\t\t<\/article>\n\t\t\t\t<article class=\"elementor-post elementor-grid-item post-14552 post type-post status-publish format-standard has-post-thumbnail hentry category-greffe-de-cheveux\">\n\t\t\t<div class=\"elementor-post__card\">\n\t\t\t\t<a class=\"elementor-post__thumbnail__link\" href=\"https:\/\/zeynepmetin.com\/fr\/quelle-est-la-tranche-dage-ideale-pour-une-greffe-de-cheveux.html\/\" tabindex=\"-1\" ><div class=\"elementor-post__thumbnail\"><img loading=\"lazy\" decoding=\"async\" width=\"1024\" height=\"581\" src=\"https:\/\/zeynepmetin.com\/fr\/wp-content\/uploads\/2026\/02\/sac-ekimi-kac-yas-araliginda-yapilir-1.jpg\" class=\"attachment-full size-full wp-image-14553\" alt=\"\" srcset=\"https:\/\/zeynepmetin.com\/fr\/wp-content\/uploads\/2026\/02\/sac-ekimi-kac-yas-araliginda-yapilir-1.jpg 1024w,  https:\/\/zeynepmetin.com\/fr\/wp-content\/uploads\/2026\/02\/sac-ekimi-kac-yas-araliginda-yapilir-1-300x170.jpg 300w\" sizes=\"(max-width: 1024px) 100vw, 1024px\" \/><\/div><\/a>\n\t\t\t\t<div class=\"elementor-post__badge\">Greffe de Cheveux<\/div>\n\t\t\t\t<div class=\"elementor-post__text\">\n\t\t\t\t<h3 class=\"elementor-post__title\">\n\t\t\t<a href=\"https:\/\/zeynepmetin.com\/fr\/quelle-est-la-tranche-dage-ideale-pour-une-greffe-de-cheveux.html\/\" >\n\t\t\t\tQuelle est la tranche d\u2019\u00e2ge id\u00e9ale pour une greffe de cheveux ?\t\t\t<\/a>\n\t\t<\/h3>\n\t\t\n\t\t<a class=\"elementor-post__read-more\" href=\"https:\/\/zeynepmetin.com\/fr\/quelle-est-la-tranche-dage-ideale-pour-une-greffe-de-cheveux.html\/\" aria-label=\"Read more about Quelle est la tranche d\u2019\u00e2ge id\u00e9ale pour une greffe de cheveux ?\" tabindex=\"-1\" >\n\t\t\tL\u0131re la su\u0131te &gt;\t\t<\/a>\n\n\t\t\t\t<\/div>\n\t\t\t\t<div class=\"elementor-post__meta-data\">\n\t\t\t\t\t<span class=\"elementor-post-date\">\n\t\t\t14\/02\/2026\t\t<\/span>\n\t\t\t\t<\/div>\n\t\t\t\t\t<\/div>\n\t\t<\/article>\n\t\t\t\t<article class=\"elementor-post elementor-grid-item post-14546 post type-post status-publish format-standard has-post-thumbnail hentry category-greffe-de-cheveux\">\n\t\t\t<div class=\"elementor-post__card\">\n\t\t\t\t<a class=\"elementor-post__thumbnail__link\" href=\"https:\/\/zeynepmetin.com\/fr\/quest-ce-que-la-chute-de-choc-apres-une-greffe-de-cheveux.html\/\" tabindex=\"-1\" ><div class=\"elementor-post__thumbnail\"><img loading=\"lazy\" decoding=\"async\" width=\"1024\" height=\"581\" src=\"https:\/\/zeynepmetin.com\/fr\/wp-content\/uploads\/2026\/02\/shock-hair-loss-hair-transplant-1.jpg\" class=\"attachment-full size-full wp-image-14547\" alt=\"\" srcset=\"https:\/\/zeynepmetin.com\/fr\/wp-content\/uploads\/2026\/02\/shock-hair-loss-hair-transplant-1.jpg 1024w,  https:\/\/zeynepmetin.com\/fr\/wp-content\/uploads\/2026\/02\/shock-hair-loss-hair-transplant-1-300x170.jpg 300w\" sizes=\"(max-width: 1024px) 100vw, 1024px\" \/><\/div><\/a>\n\t\t\t\t<div class=\"elementor-post__badge\">Greffe de Cheveux<\/div>\n\t\t\t\t<div class=\"elementor-post__text\">\n\t\t\t\t<h3 class=\"elementor-post__title\">\n\t\t\t<a href=\"https:\/\/zeynepmetin.com\/fr\/quest-ce-que-la-chute-de-choc-apres-une-greffe-de-cheveux.html\/\" >\n\t\t\t\tQu\u2019est-ce que la Chute de Choc Apr\u00e8s une Greffe de Cheveux ?\t\t\t<\/a>\n\t\t<\/h3>\n\t\t\n\t\t<a class=\"elementor-post__read-more\" href=\"https:\/\/zeynepmetin.com\/fr\/quest-ce-que-la-chute-de-choc-apres-une-greffe-de-cheveux.html\/\" aria-label=\"Read more about Qu\u2019est-ce que la Chute de Choc Apr\u00e8s une Greffe de Cheveux ?\" tabindex=\"-1\" >\n\t\t\tL\u0131re la su\u0131te &gt;\t\t<\/a>\n\n\t\t\t\t<\/div>\n\t\t\t\t<div class=\"elementor-post__meta-data\">\n\t\t\t\t\t<span class=\"elementor-post-date\">\n\t\t\t09\/02\/2026\t\t<\/span>\n\t\t\t\t<\/div>\n\t\t\t\t\t<\/div>\n\t\t<\/article>\n\t\t\t\t<article class=\"elementor-post elementor-grid-item post-14535 post type-post status-publish format-standard has-post-thumbnail hentry category-greffe-de-cheveux\">\n\t\t\t<div class=\"elementor-post__card\">\n\t\t\t\t<a class=\"elementor-post__thumbnail__link\" href=\"https:\/\/zeynepmetin.com\/fr\/cout-de-la-greffe-de-cheveux-afro-en-2026.html\/\" tabindex=\"-1\" ><div class=\"elementor-post__thumbnail\"><img loading=\"lazy\" decoding=\"async\" width=\"1024\" height=\"581\" src=\"https:\/\/zeynepmetin.com\/fr\/wp-content\/uploads\/2026\/01\/afro-hair-transplant-cost-in-2026-1.jpg\" class=\"attachment-full size-full wp-image-14536\" alt=\"\" srcset=\"https:\/\/zeynepmetin.com\/fr\/wp-content\/uploads\/2026\/01\/afro-hair-transplant-cost-in-2026-1.jpg 1024w,  https:\/\/zeynepmetin.com\/fr\/wp-content\/uploads\/2026\/01\/afro-hair-transplant-cost-in-2026-1-300x170.jpg 300w\" sizes=\"(max-width: 1024px) 100vw, 1024px\" \/><\/div><\/a>\n\t\t\t\t<div class=\"elementor-post__badge\">Greffe de Cheveux<\/div>\n\t\t\t\t<div class=\"elementor-post__text\">\n\t\t\t\t<h3 class=\"elementor-post__title\">\n\t\t\t<a href=\"https:\/\/zeynepmetin.com\/fr\/cout-de-la-greffe-de-cheveux-afro-en-2026.html\/\" >\n\t\t\t\tCo\u00fbt de la Greffe de Cheveux Afro en 2026\t\t\t<\/a>\n\t\t<\/h3>\n\t\t\n\t\t<a class=\"elementor-post__read-more\" href=\"https:\/\/zeynepmetin.com\/fr\/cout-de-la-greffe-de-cheveux-afro-en-2026.html\/\" aria-label=\"Read more about Co\u00fbt de la Greffe de Cheveux Afro en 2026\" tabindex=\"-1\" >\n\t\t\tL\u0131re la su\u0131te &gt;\t\t<\/a>\n\n\t\t\t\t<\/div>\n\t\t\t\t<div class=\"elementor-post__meta-data\">\n\t\t\t\t\t<span class=\"elementor-post-date\">\n\t\t\t28\/01\/2026\t\t<\/span>\n\t\t\t\t<\/div>\n\t\t\t\t\t<\/div>\n\t\t<\/article>\n\t\t\t\t<article class=\"elementor-post elementor-grid-item post-14526 post type-post status-publish format-standard has-post-thumbnail hentry category-greffe-de-cheveux\">\n\t\t\t<div class=\"elementor-post__card\">\n\t\t\t\t<a class=\"elementor-post__thumbnail__link\" href=\"https:\/\/zeynepmetin.com\/fr\/combien-coute-une-greffe-de-cheveux-en-turquie.html\/\" tabindex=\"-1\" ><div class=\"elementor-post__thumbnail\"><img loading=\"lazy\" decoding=\"async\" width=\"1024\" height=\"581\" src=\"https:\/\/zeynepmetin.com\/fr\/wp-content\/uploads\/2026\/01\/how-much-is-a-hair-transplant-in-turkey-1.jpg\" class=\"attachment-full size-full wp-image-14527\" alt=\"\" srcset=\"https:\/\/zeynepmetin.com\/fr\/wp-content\/uploads\/2026\/01\/how-much-is-a-hair-transplant-in-turkey-1.jpg 1024w,  https:\/\/zeynepmetin.com\/fr\/wp-content\/uploads\/2026\/01\/how-much-is-a-hair-transplant-in-turkey-1-300x170.jpg 300w\" sizes=\"(max-width: 1024px) 100vw, 1024px\" \/><\/div><\/a>\n\t\t\t\t<div class=\"elementor-post__badge\">Greffe de Cheveux<\/div>\n\t\t\t\t<div class=\"elementor-post__text\">\n\t\t\t\t<h3 class=\"elementor-post__title\">\n\t\t\t<a href=\"https:\/\/zeynepmetin.com\/fr\/combien-coute-une-greffe-de-cheveux-en-turquie.html\/\" >\n\t\t\t\tCombien Co\u00fbte une Greffe de Cheveux en Turquie ?\t\t\t<\/a>\n\t\t<\/h3>\n\t\t\n\t\t<a class=\"elementor-post__read-more\" href=\"https:\/\/zeynepmetin.com\/fr\/combien-coute-une-greffe-de-cheveux-en-turquie.html\/\" aria-label=\"Read more about Combien Co\u00fbte une Greffe de Cheveux en Turquie ?\" tabindex=\"-1\" >\n\t\t\tL\u0131re la su\u0131te &gt;\t\t<\/a>\n\n\t\t\t\t<\/div>\n\t\t\t\t<div class=\"elementor-post__meta-data\">\n\t\t\t\t\t<span class=\"elementor-post-date\">\n\t\t\t05\/01\/2026\t\t<\/span>\n\t\t\t\t<\/div>\n\t\t\t\t\t<\/div>\n\t\t<\/article>\n\t\t\t\t<article class=\"elementor-post elementor-grid-item post-14519 post type-post status-publish format-standard has-post-thumbnail hentry category-greffe-de-cheveux\">\n\t\t\t<div class=\"elementor-post__card\">\n\t\t\t\t<a class=\"elementor-post__thumbnail__link\" href=\"https:\/\/zeynepmetin.com\/fr\/greffe-de-cheveux-pour-femmes-noires-en-turquie.html\/\" tabindex=\"-1\" ><div class=\"elementor-post__thumbnail\"><img loading=\"lazy\" decoding=\"async\" width=\"1024\" height=\"581\" src=\"https:\/\/zeynepmetin.com\/fr\/wp-content\/uploads\/2025\/12\/hair-transplant-for-black-women-in-turkey-1.jpg\" class=\"attachment-full size-full wp-image-14520\" alt=\"\" srcset=\"https:\/\/zeynepmetin.com\/fr\/wp-content\/uploads\/2025\/12\/hair-transplant-for-black-women-in-turkey-1.jpg 1024w,  https:\/\/zeynepmetin.com\/fr\/wp-content\/uploads\/2025\/12\/hair-transplant-for-black-women-in-turkey-1-300x170.jpg 300w\" sizes=\"(max-width: 1024px) 100vw, 1024px\" \/><\/div><\/a>\n\t\t\t\t<div class=\"elementor-post__badge\">Greffe de Cheveux<\/div>\n\t\t\t\t<div class=\"elementor-post__text\">\n\t\t\t\t<h3 class=\"elementor-post__title\">\n\t\t\t<a href=\"https:\/\/zeynepmetin.com\/fr\/greffe-de-cheveux-pour-femmes-noires-en-turquie.html\/\" >\n\t\t\t\tGreffe de Cheveux pour Femmes Noires en Turquie\t\t\t<\/a>\n\t\t<\/h3>\n\t\t\n\t\t<a class=\"elementor-post__read-more\" href=\"https:\/\/zeynepmetin.com\/fr\/greffe-de-cheveux-pour-femmes-noires-en-turquie.html\/\" aria-label=\"Read more about Greffe de Cheveux pour Femmes Noires en Turquie\" tabindex=\"-1\" >\n\t\t\tL\u0131re la su\u0131te &gt;\t\t<\/a>\n\n\t\t\t\t<\/div>\n\t\t\t\t<div class=\"elementor-post__meta-data\">\n\t\t\t\t\t<span class=\"elementor-post-date\">\n\t\t\t25\/12\/2025\t\t<\/span>\n\t\t\t\t<\/div>\n\t\t\t\t\t<\/div>\n\t\t<\/article>\n\t\t\t\t<article class=\"elementor-post elementor-grid-item post-14416 post type-post status-publish format-standard has-post-thumbnail hentry category-greffe-de-cheveux\">\n\t\t\t<div class=\"elementor-post__card\">\n\t\t\t\t<a class=\"elementor-post__thumbnail__link\" href=\"https:\/\/zeynepmetin.com\/fr\/comprendre-la-perte-de-cheveux-chez-les-femmes-causes-types-et-options-de-traitement.html\/\" tabindex=\"-1\" ><div class=\"elementor-post__thumbnail\"><img loading=\"lazy\" decoding=\"async\" width=\"1024\" height=\"581\" src=\"https:\/\/zeynepmetin.com\/fr\/wp-content\/uploads\/2025\/12\/understanding-female-hair-loss-causes-types-and-treatment-options-1.jpg\" class=\"attachment-full size-full wp-image-14419\" alt=\"\" srcset=\"https:\/\/zeynepmetin.com\/fr\/wp-content\/uploads\/2025\/12\/understanding-female-hair-loss-causes-types-and-treatment-options-1.jpg 1024w,  https:\/\/zeynepmetin.com\/fr\/wp-content\/uploads\/2025\/12\/understanding-female-hair-loss-causes-types-and-treatment-options-1-300x170.jpg 300w\" sizes=\"(max-width: 1024px) 100vw, 1024px\" \/><\/div><\/a>\n\t\t\t\t<div class=\"elementor-post__badge\">Greffe de Cheveux<\/div>\n\t\t\t\t<div class=\"elementor-post__text\">\n\t\t\t\t<h3 class=\"elementor-post__title\">\n\t\t\t<a href=\"https:\/\/zeynepmetin.com\/fr\/comprendre-la-perte-de-cheveux-chez-les-femmes-causes-types-et-options-de-traitement.html\/\" >\n\t\t\t\tComprendre la Perte de Cheveux chez les Femmes : Causes, Types et Options de Traitement\t\t\t<\/a>\n\t\t<\/h3>\n\t\t\n\t\t<a class=\"elementor-post__read-more\" href=\"https:\/\/zeynepmetin.com\/fr\/comprendre-la-perte-de-cheveux-chez-les-femmes-causes-types-et-options-de-traitement.html\/\" aria-label=\"Read more about Comprendre la Perte de Cheveux chez les Femmes : Causes, Types et Options de Traitement\" tabindex=\"-1\" >\n\t\t\tL\u0131re la su\u0131te &gt;\t\t<\/a>\n\n\t\t\t\t<\/div>\n\t\t\t\t<div class=\"elementor-post__meta-data\">\n\t\t\t\t\t<span class=\"elementor-post-date\">\n\t\t\t17\/12\/2025\t\t<\/span>\n\t\t\t\t<\/div>\n\t\t\t\t\t<\/div>\n\t\t<\/article>\n\t\t\t\t<article class=\"elementor-post elementor-grid-item post-14248 post type-post status-publish format-standard has-post-thumbnail hentry category-greffe-de-cheveux\">\n\t\t\t<div class=\"elementor-post__card\">\n\t\t\t\t<a class=\"elementor-post__thumbnail__link\" href=\"https:\/\/zeynepmetin.com\/fr\/longevite-de-la-greffe-de-cheveux-ce-qui-determine-des-resultats-durables.html\/\" tabindex=\"-1\" ><div class=\"elementor-post__thumbnail\"><img loading=\"lazy\" decoding=\"async\" width=\"1024\" height=\"581\" src=\"https:\/\/zeynepmetin.com\/fr\/wp-content\/uploads\/2025\/12\/hair-transplant-longevity-1.jpg\" class=\"attachment-full size-full wp-image-14249\" alt=\"\" srcset=\"https:\/\/zeynepmetin.com\/fr\/wp-content\/uploads\/2025\/12\/hair-transplant-longevity-1.jpg 1024w,  https:\/\/zeynepmetin.com\/fr\/wp-content\/uploads\/2025\/12\/hair-transplant-longevity-1-300x170.jpg 300w\" sizes=\"(max-width: 1024px) 100vw, 1024px\" \/><\/div><\/a>\n\t\t\t\t<div class=\"elementor-post__badge\">Greffe de Cheveux<\/div>\n\t\t\t\t<div class=\"elementor-post__text\">\n\t\t\t\t<h3 class=\"elementor-post__title\">\n\t\t\t<a href=\"https:\/\/zeynepmetin.com\/fr\/longevite-de-la-greffe-de-cheveux-ce-qui-determine-des-resultats-durables.html\/\" >\n\t\t\t\tLong\u00e9vit\u00e9 de la Greffe de Cheveux : Ce qui D\u00e9termine des R\u00e9sultats Durables\t\t\t<\/a>\n\t\t<\/h3>\n\t\t\n\t\t<a class=\"elementor-post__read-more\" href=\"https:\/\/zeynepmetin.com\/fr\/longevite-de-la-greffe-de-cheveux-ce-qui-determine-des-resultats-durables.html\/\" aria-label=\"Read more about Long\u00e9vit\u00e9 de la Greffe de Cheveux : Ce qui D\u00e9termine des R\u00e9sultats Durables\" tabindex=\"-1\" >\n\t\t\tL\u0131re la su\u0131te &gt;\t\t<\/a>\n\n\t\t\t\t<\/div>\n\t\t\t\t<div class=\"elementor-post__meta-data\">\n\t\t\t\t\t<span class=\"elementor-post-date\">\n\t\t\t12\/12\/2025\t\t<\/span>\n\t\t\t\t<\/div>\n\t\t\t\t\t<\/div>\n\t\t<\/article>\n\t\t\t\t<article class=\"elementor-post elementor-grid-item post-14239 post type-post status-publish format-standard has-post-thumbnail hentry category-greffe-de-cheveux\">\n\t\t\t<div class=\"elementor-post__card\">\n\t\t\t\t<a class=\"elementor-post__thumbnail__link\" href=\"https:\/\/zeynepmetin.com\/fr\/combien-de-greffons-avez-vous-reellement-besoin-pour-une-greffe-de-cheveux.html\/\" tabindex=\"-1\" ><div class=\"elementor-post__thumbnail\"><img loading=\"lazy\" decoding=\"async\" width=\"1024\" height=\"581\" src=\"https:\/\/zeynepmetin.com\/fr\/wp-content\/uploads\/2025\/12\/hair-transplant-graft-operation-1.jpg\" class=\"attachment-full size-full wp-image-14246\" alt=\"\" srcset=\"https:\/\/zeynepmetin.com\/fr\/wp-content\/uploads\/2025\/12\/hair-transplant-graft-operation-1.jpg 1024w,  https:\/\/zeynepmetin.com\/fr\/wp-content\/uploads\/2025\/12\/hair-transplant-graft-operation-1-300x170.jpg 300w\" sizes=\"(max-width: 1024px) 100vw, 1024px\" \/><\/div><\/a>\n\t\t\t\t<div class=\"elementor-post__badge\">Greffe de Cheveux<\/div>\n\t\t\t\t<div class=\"elementor-post__text\">\n\t\t\t\t<h3 class=\"elementor-post__title\">\n\t\t\t<a href=\"https:\/\/zeynepmetin.com\/fr\/combien-de-greffons-avez-vous-reellement-besoin-pour-une-greffe-de-cheveux.html\/\" >\n\t\t\t\tCombien de Greffons Avez-Vous R\u00e9ellement Besoin pour une Greffe de Cheveux ?\t\t\t<\/a>\n\t\t<\/h3>\n\t\t\n\t\t<a class=\"elementor-post__read-more\" href=\"https:\/\/zeynepmetin.com\/fr\/combien-de-greffons-avez-vous-reellement-besoin-pour-une-greffe-de-cheveux.html\/\" aria-label=\"Read more about Combien de Greffons Avez-Vous R\u00e9ellement Besoin pour une Greffe de Cheveux ?\" tabindex=\"-1\" >\n\t\t\tL\u0131re la su\u0131te &gt;\t\t<\/a>\n\n\t\t\t\t<\/div>\n\t\t\t\t<div class=\"elementor-post__meta-data\">\n\t\t\t\t\t<span class=\"elementor-post-date\">\n\t\t\t08\/12\/2025\t\t<\/span>\n\t\t\t\t<\/div>\n\t\t\t\t\t<\/div>\n\t\t<\/article>\n\t\t\t\t<article class=\"elementor-post elementor-grid-item post-14232 post type-post status-publish format-standard has-post-thumbnail hentry category-greffe-de-cheveux\">\n\t\t\t<div class=\"elementor-post__card\">\n\t\t\t\t<a class=\"elementor-post__thumbnail__link\" href=\"https:\/\/zeynepmetin.com\/fr\/gonflement-apres-une-greffe-de-cheveux-causes-et-comment-le-reduire.html\/\" tabindex=\"-1\" ><div class=\"elementor-post__thumbnail\"><img loading=\"lazy\" decoding=\"async\" width=\"1024\" height=\"581\" src=\"https:\/\/zeynepmetin.com\/fr\/wp-content\/uploads\/2025\/12\/hair-transplant-operation-2.jpg\" class=\"attachment-full size-full wp-image-14233\" alt=\"\" srcset=\"https:\/\/zeynepmetin.com\/fr\/wp-content\/uploads\/2025\/12\/hair-transplant-operation-2.jpg 1024w,  https:\/\/zeynepmetin.com\/fr\/wp-content\/uploads\/2025\/12\/hair-transplant-operation-2-300x170.jpg 300w\" sizes=\"(max-width: 1024px) 100vw, 1024px\" \/><\/div><\/a>\n\t\t\t\t<div class=\"elementor-post__badge\">Greffe de Cheveux<\/div>\n\t\t\t\t<div class=\"elementor-post__text\">\n\t\t\t\t<h3 class=\"elementor-post__title\">\n\t\t\t<a href=\"https:\/\/zeynepmetin.com\/fr\/gonflement-apres-une-greffe-de-cheveux-causes-et-comment-le-reduire.html\/\" >\n\t\t\t\tGonflement Apr\u00e8s une Greffe de Cheveux : Causes et Comment le R\u00e9duire\t\t\t<\/a>\n\t\t<\/h3>\n\t\t\n\t\t<a class=\"elementor-post__read-more\" href=\"https:\/\/zeynepmetin.com\/fr\/gonflement-apres-une-greffe-de-cheveux-causes-et-comment-le-reduire.html\/\" aria-label=\"Read more about Gonflement Apr\u00e8s une Greffe de Cheveux : Causes et Comment le R\u00e9duire\" tabindex=\"-1\" >\n\t\t\tL\u0131re la su\u0131te &gt;\t\t<\/a>\n\n\t\t\t\t<\/div>\n\t\t\t\t<div class=\"elementor-post__meta-data\">\n\t\t\t\t\t<span class=\"elementor-post-date\">\n\t\t\t03\/12\/2025\t\t<\/span>\n\t\t\t\t<\/div>\n\t\t\t\t\t<\/div>\n\t\t<\/article>\n\t\t\t\t<article class=\"elementor-post elementor-grid-item post-14222 post type-post status-publish format-standard has-post-thumbnail hentry category-greffe-de-cheveux\">\n\t\t\t<div class=\"elementor-post__card\">\n\t\t\t\t<a class=\"elementor-post__thumbnail__link\" href=\"https:\/\/zeynepmetin.com\/fr\/comment-controler-et-prevenir-la-propagation-de-lalopecie-areata.html\/\" tabindex=\"-1\" ><div class=\"elementor-post__thumbnail\"><img loading=\"lazy\" decoding=\"async\" width=\"1024\" height=\"581\" src=\"https:\/\/zeynepmetin.com\/fr\/wp-content\/uploads\/2025\/11\/how-to-control-and-prevent-alopecia-areata-from-spreading-1.jpg\" class=\"attachment-full size-full wp-image-14223\" alt=\"\" srcset=\"https:\/\/zeynepmetin.com\/fr\/wp-content\/uploads\/2025\/11\/how-to-control-and-prevent-alopecia-areata-from-spreading-1.jpg 1024w,  https:\/\/zeynepmetin.com\/fr\/wp-content\/uploads\/2025\/11\/how-to-control-and-prevent-alopecia-areata-from-spreading-1-300x170.jpg 300w\" sizes=\"(max-width: 1024px) 100vw, 1024px\" \/><\/div><\/a>\n\t\t\t\t<div class=\"elementor-post__badge\">Greffe de Cheveux<\/div>\n\t\t\t\t<div class=\"elementor-post__text\">\n\t\t\t\t<h3 class=\"elementor-post__title\">\n\t\t\t<a href=\"https:\/\/zeynepmetin.com\/fr\/comment-controler-et-prevenir-la-propagation-de-lalopecie-areata.html\/\" >\n\t\t\t\tComment Contr\u00f4ler et Pr\u00e9venir la Propagation de l\u2019Alop\u00e9cie Areata\t\t\t<\/a>\n\t\t<\/h3>\n\t\t\n\t\t<a class=\"elementor-post__read-more\" href=\"https:\/\/zeynepmetin.com\/fr\/comment-controler-et-prevenir-la-propagation-de-lalopecie-areata.html\/\" aria-label=\"Read more about Comment Contr\u00f4ler et Pr\u00e9venir la Propagation de l\u2019Alop\u00e9cie Areata\" tabindex=\"-1\" >\n\t\t\tL\u0131re la su\u0131te &gt;\t\t<\/a>\n\n\t\t\t\t<\/div>\n\t\t\t\t<div class=\"elementor-post__meta-data\">\n\t\t\t\t\t<span class=\"elementor-post-date\">\n\t\t\t10\/11\/2025\t\t<\/span>\n\t\t\t\t<\/div>\n\t\t\t\t\t<\/div>\n\t\t<\/article>\n\t\t\t\t<article class=\"elementor-post elementor-grid-item post-14215 post type-post status-publish format-standard has-post-thumbnail hentry category-greffe-de-cheveux\">\n\t\t\t<div class=\"elementor-post__card\">\n\t\t\t\t<a class=\"elementor-post__thumbnail__link\" href=\"https:\/\/zeynepmetin.com\/fr\/quelles-carences-en-vitamines-peuvent-provoquer-la-chute-des-cheveux.html\/\" tabindex=\"-1\" ><div class=\"elementor-post__thumbnail\"><img loading=\"lazy\" decoding=\"async\" width=\"1024\" height=\"581\" src=\"https:\/\/zeynepmetin.com\/fr\/wp-content\/uploads\/2025\/11\/which-vitamin-deficiencies-can-trigger-hair-loss-1.jpg\" class=\"attachment-full size-full wp-image-14216\" alt=\"\" srcset=\"https:\/\/zeynepmetin.com\/fr\/wp-content\/uploads\/2025\/11\/which-vitamin-deficiencies-can-trigger-hair-loss-1.jpg 1024w,  https:\/\/zeynepmetin.com\/fr\/wp-content\/uploads\/2025\/11\/which-vitamin-deficiencies-can-trigger-hair-loss-1-300x170.jpg 300w\" sizes=\"(max-width: 1024px) 100vw, 1024px\" \/><\/div><\/a>\n\t\t\t\t<div class=\"elementor-post__badge\">Greffe de Cheveux<\/div>\n\t\t\t\t<div class=\"elementor-post__text\">\n\t\t\t\t<h3 class=\"elementor-post__title\">\n\t\t\t<a href=\"https:\/\/zeynepmetin.com\/fr\/quelles-carences-en-vitamines-peuvent-provoquer-la-chute-des-cheveux.html\/\" >\n\t\t\t\tQuelles Carences en Vitamines Peuvent Provoquer la Chute des Cheveux ?\t\t\t<\/a>\n\t\t<\/h3>\n\t\t\n\t\t<a class=\"elementor-post__read-more\" href=\"https:\/\/zeynepmetin.com\/fr\/quelles-carences-en-vitamines-peuvent-provoquer-la-chute-des-cheveux.html\/\" aria-label=\"Read more about Quelles Carences en Vitamines Peuvent Provoquer la Chute des Cheveux ?\" tabindex=\"-1\" >\n\t\t\tL\u0131re la su\u0131te &gt;\t\t<\/a>\n\n\t\t\t\t<\/div>\n\t\t\t\t<div class=\"elementor-post__meta-data\">\n\t\t\t\t\t<span class=\"elementor-post-date\">\n\t\t\t07\/11\/2025\t\t<\/span>\n\t\t\t\t<\/div>\n\t\t\t\t\t<\/div>\n\t\t<\/article>\n\t\t\t\t<article class=\"elementor-post elementor-grid-item post-14208 post type-post status-publish format-standard has-post-thumbnail hentry category-greffe-de-cheveux\">\n\t\t\t<div class=\"elementor-post__card\">\n\t\t\t\t<a class=\"elementor-post__thumbnail__link\" href=\"https:\/\/zeynepmetin.com\/fr\/types-de-chute-de-cheveux-soins-experts-a-la-clinique-zeynep-metin-2.html\/\" tabindex=\"-1\" ><div class=\"elementor-post__thumbnail\"><img loading=\"lazy\" decoding=\"async\" width=\"1024\" height=\"581\" src=\"https:\/\/zeynepmetin.com\/fr\/wp-content\/uploads\/2025\/11\/best-hair-transplant-techniques-1.jpg\" class=\"attachment-full size-full wp-image-14209\" alt=\"\" srcset=\"https:\/\/zeynepmetin.com\/fr\/wp-content\/uploads\/2025\/11\/best-hair-transplant-techniques-1.jpg 1024w,  https:\/\/zeynepmetin.com\/fr\/wp-content\/uploads\/2025\/11\/best-hair-transplant-techniques-1-300x170.jpg 300w\" sizes=\"(max-width: 1024px) 100vw, 1024px\" \/><\/div><\/a>\n\t\t\t\t<div class=\"elementor-post__badge\">Greffe de Cheveux<\/div>\n\t\t\t\t<div class=\"elementor-post__text\">\n\t\t\t\t<h3 class=\"elementor-post__title\">\n\t\t\t<a href=\"https:\/\/zeynepmetin.com\/fr\/types-de-chute-de-cheveux-soins-experts-a-la-clinique-zeynep-metin-2.html\/\" >\n\t\t\t\tTypes de Chute de Cheveux \u2013 Soins Experts \u00e0 la Clinique Zeynep Metin\t\t\t<\/a>\n\t\t<\/h3>\n\t\t\n\t\t<a class=\"elementor-post__read-more\" href=\"https:\/\/zeynepmetin.com\/fr\/types-de-chute-de-cheveux-soins-experts-a-la-clinique-zeynep-metin-2.html\/\" aria-label=\"Read more about Types de Chute de Cheveux \u2013 Soins Experts \u00e0 la Clinique Zeynep Metin\" tabindex=\"-1\" >\n\t\t\tL\u0131re la su\u0131te &gt;\t\t<\/a>\n\n\t\t\t\t<\/div>\n\t\t\t\t<div class=\"elementor-post__meta-data\">\n\t\t\t\t\t<span class=\"elementor-post-date\">\n\t\t\t03\/11\/2025\t\t<\/span>\n\t\t\t\t<\/div>\n\t\t\t\t\t<\/div>\n\t\t<\/article>\n\t\t\t\t<article class=\"elementor-post elementor-grid-item post-14198 post type-post status-publish format-standard has-post-thumbnail hentry category-greffe-de-cheveux\">\n\t\t\t<div class=\"elementor-post__card\">\n\t\t\t\t<a class=\"elementor-post__thumbnail__link\" href=\"https:\/\/zeynepmetin.com\/fr\/types-de-chute-de-cheveux-soins-experts-a-la-clinique-zeynep-metin.html\/\" tabindex=\"-1\" ><div class=\"elementor-post__thumbnail\"><img loading=\"lazy\" decoding=\"async\" width=\"1024\" height=\"581\" src=\"https:\/\/zeynepmetin.com\/fr\/wp-content\/uploads\/2025\/10\/types-of-hair-loss-expert-care-at-zeynep-metin-clinic-1.jpg\" class=\"attachment-full size-full wp-image-14202\" alt=\"\" srcset=\"https:\/\/zeynepmetin.com\/fr\/wp-content\/uploads\/2025\/10\/types-of-hair-loss-expert-care-at-zeynep-metin-clinic-1.jpg 1024w,  https:\/\/zeynepmetin.com\/fr\/wp-content\/uploads\/2025\/10\/types-of-hair-loss-expert-care-at-zeynep-metin-clinic-1-300x170.jpg 300w\" sizes=\"(max-width: 1024px) 100vw, 1024px\" \/><\/div><\/a>\n\t\t\t\t<div class=\"elementor-post__badge\">Greffe de Cheveux<\/div>\n\t\t\t\t<div class=\"elementor-post__text\">\n\t\t\t\t<h3 class=\"elementor-post__title\">\n\t\t\t<a href=\"https:\/\/zeynepmetin.com\/fr\/types-de-chute-de-cheveux-soins-experts-a-la-clinique-zeynep-metin.html\/\" >\n\t\t\t\tTypes de Chute de Cheveux \u2013 Soins Experts \u00e0 la Clinique Zeynep Metin\t\t\t<\/a>\n\t\t<\/h3>\n\t\t\n\t\t<a class=\"elementor-post__read-more\" href=\"https:\/\/zeynepmetin.com\/fr\/types-de-chute-de-cheveux-soins-experts-a-la-clinique-zeynep-metin.html\/\" aria-label=\"Read more about Types de Chute de Cheveux \u2013 Soins Experts \u00e0 la Clinique Zeynep Metin\" tabindex=\"-1\" >\n\t\t\tL\u0131re la su\u0131te &gt;\t\t<\/a>\n\n\t\t\t\t<\/div>\n\t\t\t\t<div class=\"elementor-post__meta-data\">\n\t\t\t\t\t<span class=\"elementor-post-date\">\n\t\t\t30\/10\/2025\t\t<\/span>\n\t\t\t\t<\/div>\n\t\t\t\t\t<\/div>\n\t\t<\/article>\n\t\t\t\t<article class=\"elementor-post elementor-grid-item post-14188 post type-post status-publish format-standard has-post-thumbnail hentry category-greffe-de-cheveux\">\n\t\t\t<div class=\"elementor-post__card\">\n\t\t\t\t<a class=\"elementor-post__thumbnail__link\" href=\"https:\/\/zeynepmetin.com\/fr\/greffe-de-cheveux-afro-approche-specialisee-pour-boucles-naturelles.html\/\" tabindex=\"-1\" ><div class=\"elementor-post__thumbnail\"><img loading=\"lazy\" decoding=\"async\" width=\"1024\" height=\"581\" src=\"https:\/\/zeynepmetin.com\/fr\/wp-content\/uploads\/2025\/10\/afro-hair-transplant-specialized-approach-for-natural-curl-patterns-1.jpg\" class=\"attachment-full size-full wp-image-14189\" alt=\"\" srcset=\"https:\/\/zeynepmetin.com\/fr\/wp-content\/uploads\/2025\/10\/afro-hair-transplant-specialized-approach-for-natural-curl-patterns-1.jpg 1024w,  https:\/\/zeynepmetin.com\/fr\/wp-content\/uploads\/2025\/10\/afro-hair-transplant-specialized-approach-for-natural-curl-patterns-1-300x170.jpg 300w\" sizes=\"(max-width: 1024px) 100vw, 1024px\" \/><\/div><\/a>\n\t\t\t\t<div class=\"elementor-post__badge\">Greffe de Cheveux<\/div>\n\t\t\t\t<div class=\"elementor-post__text\">\n\t\t\t\t<h3 class=\"elementor-post__title\">\n\t\t\t<a href=\"https:\/\/zeynepmetin.com\/fr\/greffe-de-cheveux-afro-approche-specialisee-pour-boucles-naturelles.html\/\" >\n\t\t\t\tGreffe de Cheveux Afro : Approche Sp\u00e9cialis\u00e9e pour Boucles Naturelles\t\t\t<\/a>\n\t\t<\/h3>\n\t\t\n\t\t<a class=\"elementor-post__read-more\" href=\"https:\/\/zeynepmetin.com\/fr\/greffe-de-cheveux-afro-approche-specialisee-pour-boucles-naturelles.html\/\" aria-label=\"Read more about Greffe de Cheveux Afro : Approche Sp\u00e9cialis\u00e9e pour Boucles Naturelles\" tabindex=\"-1\" >\n\t\t\tL\u0131re la su\u0131te &gt;\t\t<\/a>\n\n\t\t\t\t<\/div>\n\t\t\t\t<div class=\"elementor-post__meta-data\">\n\t\t\t\t\t<span class=\"elementor-post-date\">\n\t\t\t27\/10\/2025\t\t<\/span>\n\t\t\t\t<\/div>\n\t\t\t\t\t<\/div>\n\t\t<\/article>\n\t\t\t\t<article class=\"elementor-post elementor-grid-item post-14181 post type-post status-publish format-standard has-post-thumbnail hentry category-greffe-de-cheveux\">\n\t\t\t<div class=\"elementor-post__card\">\n\t\t\t\t<a class=\"elementor-post__thumbnail__link\" href=\"https:\/\/zeynepmetin.com\/fr\/greffe-de-cheveux-en-turquie-resultats-naturels-et-soins-experts-a-la-zeynep-metin-clinic.html\/\" tabindex=\"-1\" ><div class=\"elementor-post__thumbnail\"><img loading=\"lazy\" decoding=\"async\" width=\"1024\" height=\"581\" src=\"https:\/\/zeynepmetin.com\/fr\/wp-content\/uploads\/2025\/10\/hair-transplant-in-turkey-natural-results-expert-care-with-zeynep-metin-clinic-1.jpg\" class=\"attachment-full size-full wp-image-14182\" alt=\"\" srcset=\"https:\/\/zeynepmetin.com\/fr\/wp-content\/uploads\/2025\/10\/hair-transplant-in-turkey-natural-results-expert-care-with-zeynep-metin-clinic-1.jpg 1024w,  https:\/\/zeynepmetin.com\/fr\/wp-content\/uploads\/2025\/10\/hair-transplant-in-turkey-natural-results-expert-care-with-zeynep-metin-clinic-1-300x170.jpg 300w\" sizes=\"(max-width: 1024px) 100vw, 1024px\" \/><\/div><\/a>\n\t\t\t\t<div class=\"elementor-post__badge\">Greffe de Cheveux<\/div>\n\t\t\t\t<div class=\"elementor-post__text\">\n\t\t\t\t<h3 class=\"elementor-post__title\">\n\t\t\t<a href=\"https:\/\/zeynepmetin.com\/fr\/greffe-de-cheveux-en-turquie-resultats-naturels-et-soins-experts-a-la-zeynep-metin-clinic.html\/\" >\n\t\t\t\tGreffe de Cheveux en Turquie : R\u00e9sultats Naturels et Soins Experts \u00e0 la Zeynep Metin Clinic\t\t\t<\/a>\n\t\t<\/h3>\n\t\t\n\t\t<a class=\"elementor-post__read-more\" href=\"https:\/\/zeynepmetin.com\/fr\/greffe-de-cheveux-en-turquie-resultats-naturels-et-soins-experts-a-la-zeynep-metin-clinic.html\/\" aria-label=\"Read more about Greffe de Cheveux en Turquie : R\u00e9sultats Naturels et Soins Experts \u00e0 la Zeynep Metin Clinic\" tabindex=\"-1\" >\n\t\t\tL\u0131re la su\u0131te &gt;\t\t<\/a>\n\n\t\t\t\t<\/div>\n\t\t\t\t<div class=\"elementor-post__meta-data\">\n\t\t\t\t\t<span class=\"elementor-post-date\">\n\t\t\t25\/10\/2025\t\t<\/span>\n\t\t\t\t<\/div>\n\t\t\t\t\t<\/div>\n\t\t<\/article>\n\t\t\t\t<article class=\"elementor-post elementor-grid-item post-14157 post type-post status-publish format-standard has-post-thumbnail hentry category-greffe-de-cheveux\">\n\t\t\t<div class=\"elementor-post__card\">\n\t\t\t\t<a class=\"elementor-post__thumbnail__link\" href=\"https:\/\/zeynepmetin.com\/fr\/quand-puis-je-recommencer-a-fumer-apres-une-greffe-de-cheveux.html\/\" tabindex=\"-1\" ><div class=\"elementor-post__thumbnail\"><img loading=\"lazy\" decoding=\"async\" width=\"1024\" height=\"581\" src=\"https:\/\/zeynepmetin.com\/fr\/wp-content\/uploads\/2025\/10\/when-can-i-smoke-again-after-a-hair-transplant-1.jpg\" class=\"attachment-full size-full wp-image-14158\" alt=\"\" srcset=\"https:\/\/zeynepmetin.com\/fr\/wp-content\/uploads\/2025\/10\/when-can-i-smoke-again-after-a-hair-transplant-1.jpg 1024w,  https:\/\/zeynepmetin.com\/fr\/wp-content\/uploads\/2025\/10\/when-can-i-smoke-again-after-a-hair-transplant-1-300x170.jpg 300w\" sizes=\"(max-width: 1024px) 100vw, 1024px\" \/><\/div><\/a>\n\t\t\t\t<div class=\"elementor-post__badge\">Greffe de Cheveux<\/div>\n\t\t\t\t<div class=\"elementor-post__text\">\n\t\t\t\t<h3 class=\"elementor-post__title\">\n\t\t\t<a href=\"https:\/\/zeynepmetin.com\/fr\/quand-puis-je-recommencer-a-fumer-apres-une-greffe-de-cheveux.html\/\" >\n\t\t\t\tQuand Puis-Je Recommencer \u00e0 Fumer Apr\u00e8s une Greffe de Cheveux ?\t\t\t<\/a>\n\t\t<\/h3>\n\t\t\n\t\t<a class=\"elementor-post__read-more\" href=\"https:\/\/zeynepmetin.com\/fr\/quand-puis-je-recommencer-a-fumer-apres-une-greffe-de-cheveux.html\/\" aria-label=\"Read more about Quand Puis-Je Recommencer \u00e0 Fumer Apr\u00e8s une Greffe de Cheveux ?\" tabindex=\"-1\" >\n\t\t\tL\u0131re la su\u0131te &gt;\t\t<\/a>\n\n\t\t\t\t<\/div>\n\t\t\t\t<div class=\"elementor-post__meta-data\">\n\t\t\t\t\t<span class=\"elementor-post-date\">\n\t\t\t20\/10\/2025\t\t<\/span>\n\t\t\t\t<\/div>\n\t\t\t\t\t<\/div>\n\t\t<\/article>\n\t\t\t\t<article class=\"elementor-post elementor-grid-item post-14151 post type-post status-publish format-standard has-post-thumbnail hentry category-greffe-de-cheveux\">\n\t\t\t<div class=\"elementor-post__card\">\n\t\t\t\t<a class=\"elementor-post__thumbnail__link\" href=\"https:\/\/zeynepmetin.com\/fr\/greffe-de-cheveux-a-la-zeynep-metin-clinic-quand-confiance-et-naturel-se-rencontrent.html\/\" tabindex=\"-1\" ><div class=\"elementor-post__thumbnail\"><img loading=\"lazy\" decoding=\"async\" width=\"1024\" height=\"581\" src=\"https:\/\/zeynepmetin.com\/fr\/wp-content\/uploads\/2025\/10\/hair-transplant-zeynep-metin-1.jpg\" class=\"attachment-full size-full wp-image-14152\" alt=\"\" srcset=\"https:\/\/zeynepmetin.com\/fr\/wp-content\/uploads\/2025\/10\/hair-transplant-zeynep-metin-1.jpg 1024w,  https:\/\/zeynepmetin.com\/fr\/wp-content\/uploads\/2025\/10\/hair-transplant-zeynep-metin-1-300x170.jpg 300w\" sizes=\"(max-width: 1024px) 100vw, 1024px\" \/><\/div><\/a>\n\t\t\t\t<div class=\"elementor-post__badge\">Greffe de Cheveux<\/div>\n\t\t\t\t<div class=\"elementor-post__text\">\n\t\t\t\t<h3 class=\"elementor-post__title\">\n\t\t\t<a href=\"https:\/\/zeynepmetin.com\/fr\/greffe-de-cheveux-a-la-zeynep-metin-clinic-quand-confiance-et-naturel-se-rencontrent.html\/\" >\n\t\t\t\tGreffe de Cheveux \u00e0 la Zeynep Metin Clinic : Quand Confiance et Naturel se Rencontrent\t\t\t<\/a>\n\t\t<\/h3>\n\t\t\n\t\t<a class=\"elementor-post__read-more\" href=\"https:\/\/zeynepmetin.com\/fr\/greffe-de-cheveux-a-la-zeynep-metin-clinic-quand-confiance-et-naturel-se-rencontrent.html\/\" aria-label=\"Read more about Greffe de Cheveux \u00e0 la Zeynep Metin Clinic : Quand Confiance et Naturel se Rencontrent\" tabindex=\"-1\" >\n\t\t\tL\u0131re la su\u0131te &gt;\t\t<\/a>\n\n\t\t\t\t<\/div>\n\t\t\t\t<div class=\"elementor-post__meta-data\">\n\t\t\t\t\t<span class=\"elementor-post-date\">\n\t\t\t13\/10\/2025\t\t<\/span>\n\t\t\t\t<\/div>\n\t\t\t\t\t<\/div>\n\t\t<\/article>\n\t\t\t\t<article class=\"elementor-post elementor-grid-item post-14144 post type-post status-publish format-standard has-post-thumbnail hentry category-greffe-de-cheveux\">\n\t\t\t<div class=\"elementor-post__card\">\n\t\t\t\t<a class=\"elementor-post__thumbnail__link\" href=\"https:\/\/zeynepmetin.com\/fr\/greffe-de-cheveux-en-turquie-resultats-naturels-equipe-experte.html\/\" tabindex=\"-1\" ><div class=\"elementor-post__thumbnail\"><img loading=\"lazy\" decoding=\"async\" width=\"1024\" height=\"581\" src=\"https:\/\/zeynepmetin.com\/fr\/wp-content\/uploads\/2025\/10\/hair-transplant-in-turkey-natural-results-expert-team-1.jpg\" class=\"attachment-full size-full wp-image-14145\" alt=\"\" srcset=\"https:\/\/zeynepmetin.com\/fr\/wp-content\/uploads\/2025\/10\/hair-transplant-in-turkey-natural-results-expert-team-1.jpg 1024w,  https:\/\/zeynepmetin.com\/fr\/wp-content\/uploads\/2025\/10\/hair-transplant-in-turkey-natural-results-expert-team-1-300x170.jpg 300w\" sizes=\"(max-width: 1024px) 100vw, 1024px\" \/><\/div><\/a>\n\t\t\t\t<div class=\"elementor-post__badge\">Greffe de Cheveux<\/div>\n\t\t\t\t<div class=\"elementor-post__text\">\n\t\t\t\t<h3 class=\"elementor-post__title\">\n\t\t\t<a href=\"https:\/\/zeynepmetin.com\/fr\/greffe-de-cheveux-en-turquie-resultats-naturels-equipe-experte.html\/\" >\n\t\t\t\tGreffe de Cheveux en Turquie \u2013 R\u00e9sultats Naturels, \u00c9quipe Experte\t\t\t<\/a>\n\t\t<\/h3>\n\t\t\n\t\t<a class=\"elementor-post__read-more\" href=\"https:\/\/zeynepmetin.com\/fr\/greffe-de-cheveux-en-turquie-resultats-naturels-equipe-experte.html\/\" aria-label=\"Read more about Greffe de Cheveux en Turquie \u2013 R\u00e9sultats Naturels, \u00c9quipe Experte\" tabindex=\"-1\" >\n\t\t\tL\u0131re la su\u0131te &gt;\t\t<\/a>\n\n\t\t\t\t<\/div>\n\t\t\t\t<div class=\"elementor-post__meta-data\">\n\t\t\t\t\t<span class=\"elementor-post-date\">\n\t\t\t09\/10\/2025\t\t<\/span>\n\t\t\t\t<\/div>\n\t\t\t\t\t<\/div>\n\t\t<\/article>\n\t\t\t\t<article class=\"elementor-post elementor-grid-item post-14138 post type-post status-publish format-standard has-post-thumbnail hentry category-greffe-de-cheveux\">\n\t\t\t<div class=\"elementor-post__card\">\n\t\t\t\t<a class=\"elementor-post__thumbnail__link\" href=\"https:\/\/zeynepmetin.com\/fr\/traitement-de-la-perte-de-cheveux-chez-les-femmes-techniques-de-greffe-de-nouvelle-generation.html\/\" tabindex=\"-1\" ><div class=\"elementor-post__thumbnail\"><img loading=\"lazy\" decoding=\"async\" width=\"1024\" height=\"581\" src=\"https:\/\/zeynepmetin.com\/fr\/wp-content\/uploads\/2025\/10\/womens-hair-loss-treatment-next-gen-transplant-techniques-1.jpg\" class=\"attachment-full size-full wp-image-14139\" alt=\"\" srcset=\"https:\/\/zeynepmetin.com\/fr\/wp-content\/uploads\/2025\/10\/womens-hair-loss-treatment-next-gen-transplant-techniques-1.jpg 1024w,  https:\/\/zeynepmetin.com\/fr\/wp-content\/uploads\/2025\/10\/womens-hair-loss-treatment-next-gen-transplant-techniques-1-300x170.jpg 300w\" sizes=\"(max-width: 1024px) 100vw, 1024px\" \/><\/div><\/a>\n\t\t\t\t<div class=\"elementor-post__badge\">Greffe de Cheveux<\/div>\n\t\t\t\t<div class=\"elementor-post__text\">\n\t\t\t\t<h3 class=\"elementor-post__title\">\n\t\t\t<a href=\"https:\/\/zeynepmetin.com\/fr\/traitement-de-la-perte-de-cheveux-chez-les-femmes-techniques-de-greffe-de-nouvelle-generation.html\/\" >\n\t\t\t\tTraitement de la Perte de Cheveux chez les Femmes \u2013 Techniques de Greffe de Nouvelle G\u00e9n\u00e9ration\t\t\t<\/a>\n\t\t<\/h3>\n\t\t\n\t\t<a class=\"elementor-post__read-more\" href=\"https:\/\/zeynepmetin.com\/fr\/traitement-de-la-perte-de-cheveux-chez-les-femmes-techniques-de-greffe-de-nouvelle-generation.html\/\" aria-label=\"Read more about Traitement de la Perte de Cheveux chez les Femmes \u2013 Techniques de Greffe de Nouvelle G\u00e9n\u00e9ration\" tabindex=\"-1\" >\n\t\t\tL\u0131re la su\u0131te &gt;\t\t<\/a>\n\n\t\t\t\t<\/div>\n\t\t\t\t<div class=\"elementor-post__meta-data\">\n\t\t\t\t\t<span class=\"elementor-post-date\">\n\t\t\t06\/10\/2025\t\t<\/span>\n\t\t\t\t<\/div>\n\t\t\t\t\t<\/div>\n\t\t<\/article>\n\t\t\t\t<article class=\"elementor-post elementor-grid-item post-14123 post type-post status-publish format-standard has-post-thumbnail hentry category-greffe-de-cheveux\">\n\t\t\t<div class=\"elementor-post__card\">\n\t\t\t\t<a class=\"elementor-post__thumbnail__link\" href=\"https:\/\/zeynepmetin.com\/fr\/signes-precoces-de-calvitie-reconnaitre-la-perte-de-cheveux-a-temps.html\/\" tabindex=\"-1\" ><div class=\"elementor-post__thumbnail\"><img loading=\"lazy\" decoding=\"async\" width=\"1024\" height=\"581\" src=\"https:\/\/zeynepmetin.com\/fr\/wp-content\/uploads\/2025\/09\/early-signs-of-baldness-detect-hair-loss-early-1.jpg\" class=\"attachment-full size-full wp-image-14124\" alt=\"\" srcset=\"https:\/\/zeynepmetin.com\/fr\/wp-content\/uploads\/2025\/09\/early-signs-of-baldness-detect-hair-loss-early-1.jpg 1024w,  https:\/\/zeynepmetin.com\/fr\/wp-content\/uploads\/2025\/09\/early-signs-of-baldness-detect-hair-loss-early-1-300x170.jpg 300w\" sizes=\"(max-width: 1024px) 100vw, 1024px\" \/><\/div><\/a>\n\t\t\t\t<div class=\"elementor-post__badge\">Greffe de Cheveux<\/div>\n\t\t\t\t<div class=\"elementor-post__text\">\n\t\t\t\t<h3 class=\"elementor-post__title\">\n\t\t\t<a href=\"https:\/\/zeynepmetin.com\/fr\/signes-precoces-de-calvitie-reconnaitre-la-perte-de-cheveux-a-temps.html\/\" >\n\t\t\t\tSignes Pr\u00e9coces de Calvitie \u2013 Reconna\u00eetre la Perte de Cheveux \u00e0 Temps\t\t\t<\/a>\n\t\t<\/h3>\n\t\t\n\t\t<a class=\"elementor-post__read-more\" href=\"https:\/\/zeynepmetin.com\/fr\/signes-precoces-de-calvitie-reconnaitre-la-perte-de-cheveux-a-temps.html\/\" aria-label=\"Read more about Signes Pr\u00e9coces de Calvitie \u2013 Reconna\u00eetre la Perte de Cheveux \u00e0 Temps\" tabindex=\"-1\" >\n\t\t\tL\u0131re la su\u0131te &gt;\t\t<\/a>\n\n\t\t\t\t<\/div>\n\t\t\t\t<div class=\"elementor-post__meta-data\">\n\t\t\t\t\t<span class=\"elementor-post-date\">\n\t\t\t27\/09\/2025\t\t<\/span>\n\t\t\t\t<\/div>\n\t\t\t\t\t<\/div>\n\t\t<\/article>\n\t\t\t\t<article class=\"elementor-post elementor-grid-item post-14105 post type-post status-publish format-standard has-post-thumbnail hentry category-greffe-de-cheveux\">\n\t\t\t<div class=\"elementor-post__card\">\n\t\t\t\t<a class=\"elementor-post__thumbnail__link\" href=\"https:\/\/zeynepmetin.com\/fr\/greffe-de-cheveux-afro-en-turquie-2025-zeynep-metin-clinic.html\/\" tabindex=\"-1\" ><div class=\"elementor-post__thumbnail\"><img loading=\"lazy\" decoding=\"async\" width=\"1024\" height=\"581\" src=\"https:\/\/zeynepmetin.com\/fr\/wp-content\/uploads\/2025\/09\/afro-hair-transplant-in-turkey-2025-zeynep-metin-clinic-1.jpg\" class=\"attachment-full size-full wp-image-14106\" alt=\"\" srcset=\"https:\/\/zeynepmetin.com\/fr\/wp-content\/uploads\/2025\/09\/afro-hair-transplant-in-turkey-2025-zeynep-metin-clinic-1.jpg 1024w,  https:\/\/zeynepmetin.com\/fr\/wp-content\/uploads\/2025\/09\/afro-hair-transplant-in-turkey-2025-zeynep-metin-clinic-1-300x170.jpg 300w\" sizes=\"(max-width: 1024px) 100vw, 1024px\" \/><\/div><\/a>\n\t\t\t\t<div class=\"elementor-post__badge\">Greffe de Cheveux<\/div>\n\t\t\t\t<div class=\"elementor-post__text\">\n\t\t\t\t<h3 class=\"elementor-post__title\">\n\t\t\t<a href=\"https:\/\/zeynepmetin.com\/fr\/greffe-de-cheveux-afro-en-turquie-2025-zeynep-metin-clinic.html\/\" >\n\t\t\t\tGreffe de Cheveux Afro en Turquie 2025 \u2013 Zeynep Metin Clinic\t\t\t<\/a>\n\t\t<\/h3>\n\t\t\n\t\t<a class=\"elementor-post__read-more\" href=\"https:\/\/zeynepmetin.com\/fr\/greffe-de-cheveux-afro-en-turquie-2025-zeynep-metin-clinic.html\/\" aria-label=\"Read more about Greffe de Cheveux Afro en Turquie 2025 \u2013 Zeynep Metin Clinic\" tabindex=\"-1\" >\n\t\t\tL\u0131re la su\u0131te &gt;\t\t<\/a>\n\n\t\t\t\t<\/div>\n\t\t\t\t<div class=\"elementor-post__meta-data\">\n\t\t\t\t\t<span class=\"elementor-post-date\">\n\t\t\t22\/09\/2025\t\t<\/span>\n\t\t\t\t<\/div>\n\t\t\t\t\t<\/div>\n\t\t<\/article>\n\t\t\t\t<article class=\"elementor-post elementor-grid-item post-14085 post type-post status-publish format-standard has-post-thumbnail hentry category-greffe-de-cheveux\">\n\t\t\t<div class=\"elementor-post__card\">\n\t\t\t\t<a class=\"elementor-post__thumbnail__link\" href=\"https:\/\/zeynepmetin.com\/fr\/processus-apres-une-greffe-de-cheveux-que-se-passe-t-il-du-1er-jour-a-la-1ere-annee.html\/\" tabindex=\"-1\" ><div class=\"elementor-post__thumbnail\"><img loading=\"lazy\" decoding=\"async\" width=\"1480\" height=\"840\" src=\"https:\/\/zeynepmetin.com\/fr\/wp-content\/uploads\/2025\/06\/hair-transplant-result-1.jpg\" class=\"attachment-full size-full wp-image-14086\" alt=\"\" srcset=\"https:\/\/zeynepmetin.com\/fr\/wp-content\/uploads\/2025\/06\/hair-transplant-result-1.jpg 1480w,  https:\/\/zeynepmetin.com\/fr\/wp-content\/uploads\/2025\/06\/hair-transplant-result-1-300x170.jpg 300w,  https:\/\/zeynepmetin.com\/fr\/wp-content\/uploads\/2025\/06\/hair-transplant-result-1-1024x581.jpg 1024w\" sizes=\"(max-width: 1480px) 100vw, 1480px\" \/><\/div><\/a>\n\t\t\t\t<div class=\"elementor-post__badge\">Greffe de Cheveux<\/div>\n\t\t\t\t<div class=\"elementor-post__text\">\n\t\t\t\t<h3 class=\"elementor-post__title\">\n\t\t\t<a href=\"https:\/\/zeynepmetin.com\/fr\/processus-apres-une-greffe-de-cheveux-que-se-passe-t-il-du-1er-jour-a-la-1ere-annee.html\/\" >\n\t\t\t\tProcessus apr\u00e8s une greffe de cheveux : Que se passe-t-il du 1er jour \u00e0 la 1\u00e8re ann\u00e9e ?\t\t\t<\/a>\n\t\t<\/h3>\n\t\t\n\t\t<a class=\"elementor-post__read-more\" href=\"https:\/\/zeynepmetin.com\/fr\/processus-apres-une-greffe-de-cheveux-que-se-passe-t-il-du-1er-jour-a-la-1ere-annee.html\/\" aria-label=\"Read more about Processus apr\u00e8s une greffe de cheveux : Que se passe-t-il du 1er jour \u00e0 la 1\u00e8re ann\u00e9e ?\" tabindex=\"-1\" >\n\t\t\tL\u0131re la su\u0131te &gt;\t\t<\/a>\n\n\t\t\t\t<\/div>\n\t\t\t\t<div class=\"elementor-post__meta-data\">\n\t\t\t\t\t<span class=\"elementor-post-date\">\n\t\t\t19\/06\/2025\t\t<\/span>\n\t\t\t\t<\/div>\n\t\t\t\t\t<\/div>\n\t\t<\/article>\n\t\t\t\t<\/div>\n\t\t\n\t\t\t\t<\/div>\n\t\t\t\t<\/div>\n\t\t\t\t\t<\/div>\n\t\t<\/div>\n\t\t\t\t\t<\/div>\n\t\t<\/section>\n\t\t\t\t<\/div>","protected":false},"excerpt":{"rendered":"<p>ARTICLES DE BLOG Home<\/p>","protected":false},"author":1,"featured_media":0,"parent":0,"menu_order":0,"comment_status":"closed","ping_status":"closed","template":"","meta":{"footnotes":""},"class_list":["post-11926","page","type-page","status-publish","hentry"],"aioseo_notices":[],"_links":{"self":[{"href":"https:\/\/zeynepmetin.com\/fr\/wp-json\/wp\/v2\/pages\/11926","targetHints":{"allow":["GET"]}}],"collection":[{"href":"https:\/\/zeynepmetin.com\/fr\/wp-json\/wp\/v2\/pages"}],"about":[{"href":"https:\/\/zeynepmetin.com\/fr\/wp-json\/wp\/v2\/types\/page"}],"author":[{"embeddable":true,"href":"https:\/\/zeynepmetin.com\/fr\/wp-json\/wp\/v2\/users\/1"}],"replies":[{"embeddable":true,"href":"https:\/\/zeynepmetin.com\/fr\/wp-json\/wp\/v2\/comments?post=11926"}],"version-history":[{"count":6,"href":"https:\/\/zeynepmetin.com\/fr\/wp-json\/wp\/v2\/pages\/11926\/revisions"}],"predecessor-version":[{"id":14201,"href":"https:\/\/zeynepmetin.com\/fr\/wp-json\/wp\/v2\/pages\/11926\/revisions\/14201"}],"wp:attachment":[{"href":"https:\/\/zeynepmetin.com\/fr\/wp-json\/wp\/v2\/media?parent=11926"}],"curies":[{"name":"wp","href":"https:\/\/api.w.org\/{rel}","templated":true}]}}